{"id":48701,"date":"2024-03-27T17:00:00","date_gmt":"2024-03-27T16:00:00","guid":{"rendered":"https:\/\/campax.org\/test-success-stories-als-normale-posts\/"},"modified":"2024-04-03T16:43:44","modified_gmt":"2024-04-03T15:43:44","slug":"test-success-stories-als-normale-posts","status":"publish","type":"page","link":"https:\/\/campax.org\/it\/test-success-stories-als-normale-posts\/","title":{"rendered":"TEST DEV: Success Stories als Normale Posts"},"content":{"rendered":"\t\t<div data-elementor-type=\"wp-page\" data-elementor-id=\"48701\" class=\"elementor elementor-48701 elementor-48476\" data-elementor-post-type=\"page\">\n\t\t\t\t\t\t<section class=\"elementor-section elementor-top-section elementor-element elementor-element-795b2f9 sucess-story-section elementor-section-boxed elementor-section-height-default elementor-section-height-default\" data-id=\"795b2f9\" data-element_type=\"section\">\n\t\t\t\t\t\t\t<div class=\"elementor-background-overlay\"><\/div>\n\t\t\t\t\t\t\t<div class=\"elementor-container elementor-column-gap-no\">\n\t\t\t\t\t<div class=\"elementor-column elementor-col-100 elementor-top-column elementor-element elementor-element-d4fdec9\" data-id=\"d4fdec9\" data-element_type=\"column\">\n\t\t\t<div class=\"elementor-widget-wrap elementor-element-populated\">\n\t\t\t\t\t\t<div class=\"elementor-element elementor-element-4d19f9c elementor-widget elementor-widget-spacer\" data-id=\"4d19f9c\" data-element_type=\"widget\" data-widget_type=\"spacer.default\">\n\t\t\t\t<div class=\"elementor-widget-container\">\n\t\t\t\t\t\t\t<div class=\"elementor-spacer\">\n\t\t\t<div class=\"elementor-spacer-inner\"><\/div>\n\t\t<\/div>\n\t\t\t\t\t\t<\/div>\n\t\t\t\t<\/div>\n\t\t\t\t<div class=\"elementor-element elementor-element-0a8bdf2 elementor-widget elementor-widget-heading\" data-id=\"0a8bdf2\" data-element_type=\"widget\" data-widget_type=\"heading.default\">\n\t\t\t\t<div class=\"elementor-widget-container\">\n\t\t\t\t\t<h2 class=\"elementor-heading-title elementor-size-default\">Unsere Erfolge <br>(Neu: normale Beitr\u00e4ge Kat. Erfolgsmeldung)<\/h2>\t\t\t\t<\/div>\n\t\t\t\t<\/div>\n\t\t\t\t<div class=\"elementor-element elementor-element-fbb75f7 elementor-widget__width-inherit e-transform elementor-widget elementor-widget-wb-post-slider\" data-id=\"fbb75f7\" data-element_type=\"widget\" data-settings=\"{&quot;_transform_scale_effect&quot;:{&quot;unit&quot;:&quot;px&quot;,&quot;size&quot;:&quot;&quot;,&quot;sizes&quot;:[]},&quot;_transform_scale_effect_tablet&quot;:{&quot;unit&quot;:&quot;px&quot;,&quot;size&quot;:&quot;&quot;,&quot;sizes&quot;:[]},&quot;_transform_scale_effect_mobile&quot;:{&quot;unit&quot;:&quot;px&quot;,&quot;size&quot;:&quot;&quot;,&quot;sizes&quot;:[]}}\" data-widget_type=\"wb-post-slider.default\">\n\t\t\t\t<div class=\"elementor-widget-container\">\n\t\t\t\t\t<div\n\t        \t\tclass=\"wbel_post_slider_wrapper wbel_post_slider_template-2\"\n\t        \t\tid=\"wbel_post_slider_wb_post_sliderfbb75f7\"\n\t        \t\tdata-slide-to-show=\"3\"\n\t        \t\tdata-slides-to-scroll=\"2\"\n\t        \t><div class=\"wb_ps_item\">\n\t<div class=\"wb_ps_single_item\">\n\t\t\t\t\t<div class=\"wb_ps_thumbnail\">\n\t\t\t\t<a href=\"https:\/\/campax.org\/it\/il-nostro-impegno-coinvolge-il-consiglio-federale-che-rivede-la-sua-decisione-sulle-organizzazioni-per-i-diritti-umani\/\">\n\t\t\t\t\t<img decoding=\"async\" data-src=\"https:\/\/campax.org\/wp-content\/uploads\/2023\/11\/Unbenannte-Zeichnung-1.jpg\" title=\"Unbenannte Zeichnung (1)\" alt=\"Israel\/Pal\u00e4stina: Menschenrechte sch\u00fctzen, Schweizer Gelder f\u00fcr NGO nicht blockieren!\" src=\"data:image\/svg+xml;base64,PHN2ZyB3aWR0aD0iMSIgaGVpZ2h0PSIxIiB4bWxucz0iaHR0cDovL3d3dy53My5vcmcvMjAwMC9zdmciPjwvc3ZnPg==\" class=\"lazyload\" style=\"--smush-placeholder-width: 960px; --smush-placeholder-aspect-ratio: 960\/720;\" \/>\t\t\t\t<\/a>\n\t\n\t\t\t<div class=\"wb_ps_description\">\n               <a class=\"wb_ps_readmore_link\" href=\"https:\/\/campax.org\/it\/il-nostro-impegno-coinvolge-il-consiglio-federale-che-rivede-la-sua-decisione-sulle-organizzazioni-per-i-diritti-umani\/\">\n\t\t\t\t<div class=\"wb_ps_text\"><p>Buone notizie: Il Consiglio Federale ha rivisto la sua decisione di finanziare le organizzazioni per i diritti umani in Israele\/Palestina! Otto organizzazioni su undici continueranno a ricevere finanziamenti. Abbiamo raggiunto questo risultato insieme: grazie per il tuo sostegno! Alla fine&hellip;<\/p>\n<\/div>\n\n\t\t\t\t\t\t\t<div class=\"wb_ps_readmore\">\n\t\t\t\t\tmehr\t\t\t\t<\/div>\n\t\t\t              <\/a>\n\t\t\t<\/div>\t\t\t\n\t\t\t<\/div>\n\t\t\t\t<!--<div class=\"wb_ps_content\">\n\n\t\t<div class=\"wb_ps_title\">\n\t\t\t\t<h2 ><a href=\"https:\/\/campax.org\/it\/il-nostro-impegno-coinvolge-il-consiglio-federale-che-rivede-la-sua-decisione-sulle-organizzazioni-per-i-diritti-umani\/\">Il nostro impegno ha effetto: Il Consiglio federale ha rivisto la decisione sulle organizzazioni in Israele\/Palestina<\/a><\/h2>\n\t\t\t<\/div> \n\n\t\t\t<div class=\"wb_ps_description\">\n\n\t\t\t\t<div class=\"wb_ps_text\"><p>Buone notizie: Il Consiglio Federale ha rivisto la sua decisione di finanziare le organizzazioni per i diritti umani in Israele\/Palestina! Otto organizzazioni su undici continueranno a ricevere finanziamenti. Abbiamo raggiunto questo risultato insieme: grazie per il tuo sostegno! Alla fine&hellip;<\/p>\n<\/div>\n\n\t\t\t\t\t\t\t<div class=\"wb_ps_readmore\">\n\t\t\t\t\t<a class=\"wb_ps_readmore_link\" href=\"https:\/\/campax.org\/it\/il-nostro-impegno-coinvolge-il-consiglio-federale-che-rivede-la-sua-decisione-sulle-organizzazioni-per-i-diritti-umani\/\">mehr<\/a>\n\t\t\t\t<\/div>\n\t\t\t\n\t\t\t<\/div>\n\t\t\n\t\t<\/div> -->\n\t<\/div>\n<\/div><div class=\"wb_ps_item\">\n\t<div class=\"wb_ps_single_item\">\n\t\t\t\t\t<div class=\"wb_ps_thumbnail\">\n\t\t\t\t<a href=\"https:\/\/campax.org\/it\/kantonalwahlen-tessin-ein-weinendes-ein-lachendes-auge\/\">\n\t\t\t\t\t<img decoding=\"async\" data-src=\"https:\/\/campax.org\/wp-content\/uploads\/2023\/04\/Nara-Giulia-Kantonsraetinnen-Tessin-800x600-mobile-1.jpg\" title=\"Giulia e Nara, le candidate che Campax ha sostenuto alle elezioni per il Gran Consiglio ticinese sono state (ri)elette!\" alt=\"Giulia e Nara, le candidate che Campax ha sostenuto alle elezioni per il Gran Consiglio ticinese sono state (ri)elette!\" src=\"data:image\/svg+xml;base64,PHN2ZyB3aWR0aD0iMSIgaGVpZ2h0PSIxIiB4bWxucz0iaHR0cDovL3d3dy53My5vcmcvMjAwMC9zdmciPjwvc3ZnPg==\" class=\"lazyload\" style=\"--smush-placeholder-width: 800px; --smush-placeholder-aspect-ratio: 800\/600;\" \/>\t\t\t\t<\/a>\n\t\n\t\t\t<div class=\"wb_ps_description\">\n               <a class=\"wb_ps_readmore_link\" href=\"https:\/\/campax.org\/it\/kantonalwahlen-tessin-ein-weinendes-ein-lachendes-auge\/\">\n\t\t\t\t<div class=\"wb_ps_text\"><p>Elezioni cantonali: un occhio che piange e uno che ride Giulia e Nara, le due candidate che abbiamo sostenuto alle elezioni per il Gran Consiglio ticinese\u00a0sono state (ri)elette! Insieme le abbiamo fatte ulteriormente conoscere sui social media e nel nostro&hellip;<\/p>\n<\/div>\n\n\t\t\t\t\t\t\t<div class=\"wb_ps_readmore\">\n\t\t\t\t\tmehr\t\t\t\t<\/div>\n\t\t\t              <\/a>\n\t\t\t<\/div>\t\t\t\n\t\t\t<\/div>\n\t\t\t\t<!--<div class=\"wb_ps_content\">\n\n\t\t<div class=\"wb_ps_title\">\n\t\t\t\t<h2 ><a href=\"https:\/\/campax.org\/it\/kantonalwahlen-tessin-ein-weinendes-ein-lachendes-auge\/\">Elezioni cantonali: un occhio che piange e uno che ride<\/a><\/h2>\n\t\t\t<\/div> \n\n\t\t\t<div class=\"wb_ps_description\">\n\n\t\t\t\t<div class=\"wb_ps_text\"><p>Elezioni cantonali: un occhio che piange e uno che ride Giulia e Nara, le due candidate che abbiamo sostenuto alle elezioni per il Gran Consiglio ticinese\u00a0sono state (ri)elette! Insieme le abbiamo fatte ulteriormente conoscere sui social media e nel nostro&hellip;<\/p>\n<\/div>\n\n\t\t\t\t\t\t\t<div class=\"wb_ps_readmore\">\n\t\t\t\t\t<a class=\"wb_ps_readmore_link\" href=\"https:\/\/campax.org\/it\/kantonalwahlen-tessin-ein-weinendes-ein-lachendes-auge\/\">mehr<\/a>\n\t\t\t\t<\/div>\n\t\t\t\n\t\t\t<\/div>\n\t\t\n\t\t<\/div> -->\n\t<\/div>\n<\/div><div class=\"wb_ps_item\">\n\t<div class=\"wb_ps_single_item\">\n\t\t\t\t\t<div class=\"wb_ps_thumbnail\">\n\t\t\t\t<a href=\"https:\/\/campax.org\/it\/vinto-i-playoff-sono-fuori-discussione\/\">\n\t\t\t\t\t<img decoding=\"async\" data-src=\"https:\/\/campax.org\/wp-content\/uploads\/2023\/05\/Playoff-Nein-ACT-2023-05-31-145142-Preview.jpg\" title=\"Playoff-Nein-ACT-2023-05-31-145142-Preview\" alt=\"Petitions\u00fcbergabe \u00abNein zu den Playoffs\u00bb 10.11.2022 in Bern\" src=\"data:image\/svg+xml;base64,PHN2ZyB3aWR0aD0iMSIgaGVpZ2h0PSIxIiB4bWxucz0iaHR0cDovL3d3dy53My5vcmcvMjAwMC9zdmciPjwvc3ZnPg==\" class=\"lazyload\" style=\"--smush-placeholder-width: 600px; --smush-placeholder-aspect-ratio: 600\/450;\" \/>\t\t\t\t<\/a>\n\t\n\t\t\t<div class=\"wb_ps_description\">\n               <a class=\"wb_ps_readmore_link\" href=\"https:\/\/campax.org\/it\/vinto-i-playoff-sono-fuori-discussione\/\">\n\t\t\t\t<div class=\"wb_ps_text\"><p>Una delle campagne di maggior successo mai realizzate da Campax per ACT. Coordinamento tra i diversi gruppi di tifosi, presenza dei media, volantini e striscioni negli stadi durante le partite di campionato. I playoff sono fuori discussione (per ora) e&hellip;<\/p>\n<\/div>\n\n\t\t\t\t\t\t\t<div class=\"wb_ps_readmore\">\n\t\t\t\t\tmehr\t\t\t\t<\/div>\n\t\t\t              <\/a>\n\t\t\t<\/div>\t\t\t\n\t\t\t<\/div>\n\t\t\t\t<!--<div class=\"wb_ps_content\">\n\n\t\t<div class=\"wb_ps_title\">\n\t\t\t\t<h2 ><a href=\"https:\/\/campax.org\/it\/vinto-i-playoff-sono-fuori-discussione\/\">Vinto! I playoff sono fuori discussione!<\/a><\/h2>\n\t\t\t<\/div> \n\n\t\t\t<div class=\"wb_ps_description\">\n\n\t\t\t\t<div class=\"wb_ps_text\"><p>Una delle campagne di maggior successo mai realizzate da Campax per ACT. Coordinamento tra i diversi gruppi di tifosi, presenza dei media, volantini e striscioni negli stadi durante le partite di campionato. I playoff sono fuori discussione (per ora) e&hellip;<\/p>\n<\/div>\n\n\t\t\t\t\t\t\t<div class=\"wb_ps_readmore\">\n\t\t\t\t\t<a class=\"wb_ps_readmore_link\" href=\"https:\/\/campax.org\/it\/vinto-i-playoff-sono-fuori-discussione\/\">mehr<\/a>\n\t\t\t\t<\/div>\n\t\t\t\n\t\t\t<\/div>\n\t\t\n\t\t<\/div> -->\n\t<\/div>\n<\/div><div class=\"wb_ps_item\">\n\t<div class=\"wb_ps_single_item\">\n\t\t\t\t\t<div class=\"wb_ps_thumbnail\">\n\t\t\t\t<a href=\"https:\/\/campax.org\/it\/unterstuetzung-schutzsuchender-aus-der-ukraine\/\">\n\t\t\t\t\t<img decoding=\"async\" data-src=\"https:\/\/campax.org\/wp-content\/uploads\/2023\/05\/Fluechtende-Ukrainer-2022-07-21-110301-Preview.jpg\" title=\"Fluechtende-Ukrainer-2022-07-21-110301-Preview\" alt=\"Schutzsuchende, fl\u00fcchtende Ukrainer an einer Kundgebung in Bern (22.7.2023)\" src=\"data:image\/svg+xml;base64,PHN2ZyB3aWR0aD0iMSIgaGVpZ2h0PSIxIiB4bWxucz0iaHR0cDovL3d3dy53My5vcmcvMjAwMC9zdmciPjwvc3ZnPg==\" class=\"lazyload\" style=\"--smush-placeholder-width: 600px; --smush-placeholder-aspect-ratio: 600\/450;\" \/>\t\t\t\t<\/a>\n\t\n\t\t\t<div class=\"wb_ps_description\">\n               <a class=\"wb_ps_readmore_link\" href=\"https:\/\/campax.org\/it\/unterstuetzung-schutzsuchender-aus-der-ukraine\/\">\n\t\t\t\t<div class=\"wb_ps_text\"><p>Allo scoppio della guerra, il 24 febbraio 2022, Campax decise di agire. Come si pu\u00f2 offrire una sistemazione sicura alle persone provenienti dall'Ucraina in modo rapido e non burocratico? \u00c8 nato il progetto Famiglie ospitanti per rifugiati ucraini. La solidariet\u00e0&hellip;<\/p>\n<\/div>\n\n\t\t\t\t\t\t\t<div class=\"wb_ps_readmore\">\n\t\t\t\t\tmehr\t\t\t\t<\/div>\n\t\t\t              <\/a>\n\t\t\t<\/div>\t\t\t\n\t\t\t<\/div>\n\t\t\t\t<!--<div class=\"wb_ps_content\">\n\n\t\t<div class=\"wb_ps_title\">\n\t\t\t\t<h2 ><a href=\"https:\/\/campax.org\/it\/unterstuetzung-schutzsuchender-aus-der-ukraine\/\">Sostegno alle persone in cerca di protezione dall&#8217;Ucraina<\/a><\/h2>\n\t\t\t<\/div> \n\n\t\t\t<div class=\"wb_ps_description\">\n\n\t\t\t\t<div class=\"wb_ps_text\"><p>Allo scoppio della guerra, il 24 febbraio 2022, Campax decise di agire. Come si pu\u00f2 offrire una sistemazione sicura alle persone provenienti dall'Ucraina in modo rapido e non burocratico? \u00c8 nato il progetto Famiglie ospitanti per rifugiati ucraini. La solidariet\u00e0&hellip;<\/p>\n<\/div>\n\n\t\t\t\t\t\t\t<div class=\"wb_ps_readmore\">\n\t\t\t\t\t<a class=\"wb_ps_readmore_link\" href=\"https:\/\/campax.org\/it\/unterstuetzung-schutzsuchender-aus-der-ukraine\/\">mehr<\/a>\n\t\t\t\t<\/div>\n\t\t\t\n\t\t\t<\/div>\n\t\t\n\t\t<\/div> -->\n\t<\/div>\n<\/div><div class=\"wb_ps_item\">\n\t<div class=\"wb_ps_single_item\">\n\t\t\t\t\t<div class=\"wb_ps_thumbnail\">\n\t\t\t\t<a href=\"https:\/\/campax.org\/it\/runter-mit-der-tamposteuer\/\">\n\t\t\t\t\t<img decoding=\"async\" data-src=\"https:\/\/campax.org\/wp-content\/uploads\/2023\/05\/bloodyunfair-2023-05-31-145937-Preview.jpg\" title=\"bloodyunfair-2023-05-31-145937-Preview\" alt=\"Kundgebung \u00abRunter mit der Tamponsteuer\u00bb in Bern\" src=\"data:image\/svg+xml;base64,PHN2ZyB3aWR0aD0iMSIgaGVpZ2h0PSIxIiB4bWxucz0iaHR0cDovL3d3dy53My5vcmcvMjAwMC9zdmciPjwvc3ZnPg==\" class=\"lazyload\" style=\"--smush-placeholder-width: 600px; --smush-placeholder-aspect-ratio: 600\/450;\" \/>\t\t\t\t<\/a>\n\t\n\t\t\t<div class=\"wb_ps_description\">\n               <a class=\"wb_ps_readmore_link\" href=\"https:\/\/campax.org\/it\/runter-mit-der-tamposteuer\/\">\n\t\t\t\t<div class=\"wb_ps_text\"><p>Vinto! Il Consiglio nazionale vota la riduzione dell'IVA sui prodotti per l'igiene mensile nell'ambito della revisione dell'IVA. Luned\u00ec 9 maggio 2022, gli attivisti di Campax hanno ricordato l'ingiustizia dell'aliquota IVA troppo alta sui prodotti per l'igiene mensile durante la sessione&hellip;<\/p>\n<\/div>\n\n\t\t\t\t\t\t\t<div class=\"wb_ps_readmore\">\n\t\t\t\t\tmehr\t\t\t\t<\/div>\n\t\t\t              <\/a>\n\t\t\t<\/div>\t\t\t\n\t\t\t<\/div>\n\t\t\t\t<!--<div class=\"wb_ps_content\">\n\n\t\t<div class=\"wb_ps_title\">\n\t\t\t\t<h2 ><a href=\"https:\/\/campax.org\/it\/runter-mit-der-tamposteuer\/\">Abbasso la tampo tax<\/a><\/h2>\n\t\t\t<\/div> \n\n\t\t\t<div class=\"wb_ps_description\">\n\n\t\t\t\t<div class=\"wb_ps_text\"><p>Vinto! Il Consiglio nazionale vota la riduzione dell'IVA sui prodotti per l'igiene mensile nell'ambito della revisione dell'IVA. Luned\u00ec 9 maggio 2022, gli attivisti di Campax hanno ricordato l'ingiustizia dell'aliquota IVA troppo alta sui prodotti per l'igiene mensile durante la sessione&hellip;<\/p>\n<\/div>\n\n\t\t\t\t\t\t\t<div class=\"wb_ps_readmore\">\n\t\t\t\t\t<a class=\"wb_ps_readmore_link\" href=\"https:\/\/campax.org\/it\/runter-mit-der-tamposteuer\/\">mehr<\/a>\n\t\t\t\t<\/div>\n\t\t\t\n\t\t\t<\/div>\n\t\t\n\t\t<\/div> -->\n\t<\/div>\n<\/div><div class=\"wb_ps_item\">\n\t<div class=\"wb_ps_single_item\">\n\t\t\t\t\t<div class=\"wb_ps_thumbnail\">\n\t\t\t\t<a href=\"https:\/\/campax.org\/it\/tour-de-climat\/\">\n\t\t\t\t\t<img decoding=\"async\" data-src=\"https:\/\/campax.org\/wp-content\/uploads\/2023\/05\/Tour-de-Clima-2020-07-31-150747-Preview.jpg\" title=\"Tour-de-Clima-2020-07-31-150747-Preview\" alt=\"Tour de Climat-Zwischenstopp in Glarus\" src=\"data:image\/svg+xml;base64,PHN2ZyB3aWR0aD0iMSIgaGVpZ2h0PSIxIiB4bWxucz0iaHR0cDovL3d3dy53My5vcmcvMjAwMC9zdmciPjwvc3ZnPg==\" class=\"lazyload\" style=\"--smush-placeholder-width: 600px; --smush-placeholder-aspect-ratio: 600\/450;\" \/>\t\t\t\t<\/a>\n\t\n\t\t\t<div class=\"wb_ps_description\">\n               <a class=\"wb_ps_readmore_link\" href=\"https:\/\/campax.org\/it\/tour-de-climat\/\">\n\t\t\t\t<div class=\"wb_ps_text\"><p>La Banca nazionale svizzera (BNS) sta alimentando la crisi climatica. Investendo miliardi nelle compagnie petrolifere, del gas e del carbone, raddoppia l'impronta di carbonio della Svizzera. I principali azionisti della BNS sono i 26 cantoni svizzeri. Con il \"Tour de&hellip;<\/p>\n<\/div>\n\n\t\t\t\t\t\t\t<div class=\"wb_ps_readmore\">\n\t\t\t\t\tmehr\t\t\t\t<\/div>\n\t\t\t              <\/a>\n\t\t\t<\/div>\t\t\t\n\t\t\t<\/div>\n\t\t\t\t<!--<div class=\"wb_ps_content\">\n\n\t\t<div class=\"wb_ps_title\">\n\t\t\t\t<h2 ><a href=\"https:\/\/campax.org\/it\/tour-de-climat\/\">Giro del climat<\/a><\/h2>\n\t\t\t<\/div> \n\n\t\t\t<div class=\"wb_ps_description\">\n\n\t\t\t\t<div class=\"wb_ps_text\"><p>La Banca nazionale svizzera (BNS) sta alimentando la crisi climatica. Investendo miliardi nelle compagnie petrolifere, del gas e del carbone, raddoppia l'impronta di carbonio della Svizzera. I principali azionisti della BNS sono i 26 cantoni svizzeri. Con il \"Tour de&hellip;<\/p>\n<\/div>\n\n\t\t\t\t\t\t\t<div class=\"wb_ps_readmore\">\n\t\t\t\t\t<a class=\"wb_ps_readmore_link\" href=\"https:\/\/campax.org\/it\/tour-de-climat\/\">mehr<\/a>\n\t\t\t\t<\/div>\n\t\t\t\n\t\t\t<\/div>\n\t\t\n\t\t<\/div> -->\n\t<\/div>\n<\/div><div class=\"wb_ps_item\">\n\t<div class=\"wb_ps_single_item\">\n\t\t\t\t\t<div class=\"wb_ps_thumbnail\">\n\t\t\t\t<a href=\"https:\/\/campax.org\/it\/erfolg-kurzarbeitszeitentschaedigung\/\">\n\t\t\t\t\t<img decoding=\"async\" data-src=\"https:\/\/campax.org\/wp-content\/uploads\/2024\/03\/Kurzarbeitsentschaedigung-fuer-Familienbetriebe-Selbstaendige-und-Kleinstbetriebe.jpg\" title=\"Kurzarbeitsentscha\u0308digung-fu\u0308r-Familienbetriebe-Selbsta\u0308ndige-und-Kleinstbetriebe\" alt=\"Kurzarbeitsentscha\u0308digung fu\u0308r Familienbetriebe, Selbsta\u0308ndige und Kleinstbetriebe (Photo: Social Cut on unsplash.com)\" src=\"data:image\/svg+xml;base64,PHN2ZyB3aWR0aD0iMSIgaGVpZ2h0PSIxIiB4bWxucz0iaHR0cDovL3d3dy53My5vcmcvMjAwMC9zdmciPjwvc3ZnPg==\" class=\"lazyload\" style=\"--smush-placeholder-width: 755px; --smush-placeholder-aspect-ratio: 755\/566;\" \/>\t\t\t\t<\/a>\n\t\n\t\t\t<div class=\"wb_ps_description\">\n               <a class=\"wb_ps_readmore_link\" href=\"https:\/\/campax.org\/it\/erfolg-kurzarbeitszeitentschaedigung\/\">\n\t\t\t\t<div class=\"wb_ps_text\"><p>In 3 giorni, pi\u00f9 di 90.000 persone si sono espresse a nome di centinaia di migliaia di lavoratori autonomi, imprese familiari e microimprese. Questi non avevano diritto all'indennit\u00e0 per lavoro ridotto, sebbene versassero anch'essi i contributi all'ALV. Markus Hohl ha&hellip;<\/p>\n<\/div>\n\n\t\t\t\t\t\t\t<div class=\"wb_ps_readmore\">\n\t\t\t\t\tmehr\t\t\t\t<\/div>\n\t\t\t              <\/a>\n\t\t\t<\/div>\t\t\t\n\t\t\t<\/div>\n\t\t\t\t<!--<div class=\"wb_ps_content\">\n\n\t\t<div class=\"wb_ps_title\">\n\t\t\t\t<h2 ><a href=\"https:\/\/campax.org\/it\/erfolg-kurzarbeitszeitentschaedigung\/\">Aiuto d&#8217;emergenza Corona per le PMI<\/a><\/h2>\n\t\t\t<\/div> \n\n\t\t\t<div class=\"wb_ps_description\">\n\n\t\t\t\t<div class=\"wb_ps_text\"><p>In 3 giorni, pi\u00f9 di 90.000 persone si sono espresse a nome di centinaia di migliaia di lavoratori autonomi, imprese familiari e microimprese. Questi non avevano diritto all'indennit\u00e0 per lavoro ridotto, sebbene versassero anch'essi i contributi all'ALV. Markus Hohl ha&hellip;<\/p>\n<\/div>\n\n\t\t\t\t\t\t\t<div class=\"wb_ps_readmore\">\n\t\t\t\t\t<a class=\"wb_ps_readmore_link\" href=\"https:\/\/campax.org\/it\/erfolg-kurzarbeitszeitentschaedigung\/\">mehr<\/a>\n\t\t\t\t<\/div>\n\t\t\t\n\t\t\t<\/div>\n\t\t\n\t\t<\/div> -->\n\t<\/div>\n<\/div><div class=\"wb_ps_item\">\n\t<div class=\"wb_ps_single_item\">\n\t\t\t\t\t<div class=\"wb_ps_thumbnail\">\n\t\t\t\t<a href=\"https:\/\/campax.org\/it\/keine-waffenexporte-in-buergerkriegslaender\/\">\n\t\t\t\t\t<img decoding=\"async\" data-src=\"https:\/\/campax.org\/wp-content\/uploads\/2024\/04\/Keine-Waffenexporte-in-Buergerkriegslaender-2019.jpg\" title=\"Consegna della petizione &#8220;No alle esportazioni di armi nei Paesi in guerra civile&#8221; (Storia di successo 2019)\" alt=\"Consegna della petizione \"No alle esportazioni di armi nei Paesi in guerra civile\" (Storia di successo 2019)\" src=\"data:image\/svg+xml;base64,PHN2ZyB3aWR0aD0iMSIgaGVpZ2h0PSIxIiB4bWxucz0iaHR0cDovL3d3dy53My5vcmcvMjAwMC9zdmciPjwvc3ZnPg==\" class=\"lazyload\" style=\"--smush-placeholder-width: 1200px; --smush-placeholder-aspect-ratio: 1200\/899;\" \/>\t\t\t\t<\/a>\n\t\n\t\t\t<div class=\"wb_ps_description\">\n               <a class=\"wb_ps_readmore_link\" href=\"https:\/\/campax.org\/it\/keine-waffenexporte-in-buergerkriegslaender\/\">\n\t\t\t\t<div class=\"wb_ps_text\"><p>A causa di un'efficace azione di lobbying da parte dell'industria degli armamenti presso le commissioni competenti, il Consiglio federale ha voluto facilitare l'esportazione di armi verso i Paesi in guerra civile. Campax ha lanciato una campagna contro questo fenomeno con&hellip;<\/p>\n<\/div>\n\n\t\t\t\t\t\t\t<div class=\"wb_ps_readmore\">\n\t\t\t\t\tmehr\t\t\t\t<\/div>\n\t\t\t              <\/a>\n\t\t\t<\/div>\t\t\t\n\t\t\t<\/div>\n\t\t\t\t<!--<div class=\"wb_ps_content\">\n\n\t\t<div class=\"wb_ps_title\">\n\t\t\t\t<h2 ><a href=\"https:\/\/campax.org\/it\/keine-waffenexporte-in-buergerkriegslaender\/\">Nessuna esportazione di armi in paesi in guerra civile!<\/a><\/h2>\n\t\t\t<\/div> \n\n\t\t\t<div class=\"wb_ps_description\">\n\n\t\t\t\t<div class=\"wb_ps_text\"><p>A causa di un'efficace azione di lobbying da parte dell'industria degli armamenti presso le commissioni competenti, il Consiglio federale ha voluto facilitare l'esportazione di armi verso i Paesi in guerra civile. Campax ha lanciato una campagna contro questo fenomeno con&hellip;<\/p>\n<\/div>\n\n\t\t\t\t\t\t\t<div class=\"wb_ps_readmore\">\n\t\t\t\t\t<a class=\"wb_ps_readmore_link\" href=\"https:\/\/campax.org\/it\/keine-waffenexporte-in-buergerkriegslaender\/\">mehr<\/a>\n\t\t\t\t<\/div>\n\t\t\t\n\t\t\t<\/div>\n\t\t\n\t\t<\/div> -->\n\t<\/div>\n<\/div><div class=\"wb_ps_item\">\n\t<div class=\"wb_ps_single_item\">\n\t\t\t\t\t<div class=\"wb_ps_thumbnail\">\n\t\t\t\t<a href=\"https:\/\/campax.org\/it\/trump-not-welcome\/\">\n\t\t\t\t\t<img decoding=\"async\" data-src=\"https:\/\/campax.org\/wp-content\/uploads\/2023\/05\/Trump-not-welcome-2018-01-25-Preview.jpg\" title=\"Trump-not-welcome-2018-01-25-Preview\" alt=\"Aktion zum Besuch von Donald Trump in der Schweiz 2018\" src=\"data:image\/svg+xml;base64,PHN2ZyB3aWR0aD0iMSIgaGVpZ2h0PSIxIiB4bWxucz0iaHR0cDovL3d3dy53My5vcmcvMjAwMC9zdmciPjwvc3ZnPg==\" class=\"lazyload\" style=\"--smush-placeholder-width: 600px; --smush-placeholder-aspect-ratio: 600\/450;\" \/>\t\t\t\t<\/a>\n\t\n\t\t\t<div class=\"wb_ps_description\">\n               <a class=\"wb_ps_readmore_link\" href=\"https:\/\/campax.org\/it\/trump-not-welcome\/\">\n\t\t\t\t<div class=\"wb_ps_text\"><p>Campax si \u00e8 fatta notare per la prima volta nel gennaio 2017 con la campagna \u201cTrump not welcome\u201d. Il Presidente degli Stati Uniti Donald Trump si \u00e8 schierato a favore del razzismo, dell\u2019islamofobia, dell\u2019antisemitismo, del sessismo, della misoginia, del guerrafondaio,&hellip;<\/p>\n<\/div>\n\n\t\t\t\t\t\t\t<div class=\"wb_ps_readmore\">\n\t\t\t\t\tmehr\t\t\t\t<\/div>\n\t\t\t              <\/a>\n\t\t\t<\/div>\t\t\t\n\t\t\t<\/div>\n\t\t\t\t<!--<div class=\"wb_ps_content\">\n\n\t\t<div class=\"wb_ps_title\">\n\t\t\t\t<h2 ><a href=\"https:\/\/campax.org\/it\/trump-not-welcome\/\">Trump not welcome<\/a><\/h2>\n\t\t\t<\/div> \n\n\t\t\t<div class=\"wb_ps_description\">\n\n\t\t\t\t<div class=\"wb_ps_text\"><p>Campax si \u00e8 fatta notare per la prima volta nel gennaio 2017 con la campagna \u201cTrump not welcome\u201d. Il Presidente degli Stati Uniti Donald Trump si \u00e8 schierato a favore del razzismo, dell\u2019islamofobia, dell\u2019antisemitismo, del sessismo, della misoginia, del guerrafondaio,&hellip;<\/p>\n<\/div>\n\n\t\t\t\t\t\t\t<div class=\"wb_ps_readmore\">\n\t\t\t\t\t<a class=\"wb_ps_readmore_link\" href=\"https:\/\/campax.org\/it\/trump-not-welcome\/\">mehr<\/a>\n\t\t\t\t<\/div>\n\t\t\t\n\t\t\t<\/div>\n\t\t\n\t\t<\/div> -->\n\t<\/div>\n<\/div><\/div>\t\t\t\t<div class=\"wbel-arrow wb-arrow-prev\">\n\t\t\t\t\t<i class=\"fa fa-angle-left\"><\/i>\n\t\t\t\t<\/div>\n\t\t\t\t<div class=\"wbel-arrow wb-arrow-next\">\n\t\t\t\t\t<i class=\"fa fa-angle-right\"><\/i>\n\t\t\t\t<\/div>\n\t\t\t\t\t\t\t<\/div>\n\t\t\t\t<\/div>\n\t\t\t\t\t<\/div>\n\t\t<\/div>\n\t\t\t\t\t<\/div>\n\t\t<\/section>\n\t\t\t\t<section class=\"elementor-section elementor-top-section elementor-element elementor-element-ad17f5d sucess-story-section elementor-section-boxed elementor-section-height-default elementor-section-height-default\" data-id=\"ad17f5d\" data-element_type=\"section\">\n\t\t\t\t\t\t\t<div class=\"elementor-background-overlay\"><\/div>\n\t\t\t\t\t\t\t<div class=\"elementor-container elementor-column-gap-no\">\n\t\t\t\t\t<div class=\"elementor-column elementor-col-100 elementor-top-column elementor-element elementor-element-de3fb69\" data-id=\"de3fb69\" data-element_type=\"column\">\n\t\t\t<div class=\"elementor-widget-wrap elementor-element-populated\">\n\t\t\t\t\t\t<div class=\"elementor-element elementor-element-dc16015 elementor-widget elementor-widget-spacer\" data-id=\"dc16015\" data-element_type=\"widget\" data-widget_type=\"spacer.default\">\n\t\t\t\t<div class=\"elementor-widget-container\">\n\t\t\t\t\t\t\t<div class=\"elementor-spacer\">\n\t\t\t<div class=\"elementor-spacer-inner\"><\/div>\n\t\t<\/div>\n\t\t\t\t\t\t<\/div>\n\t\t\t\t<\/div>\n\t\t\t\t<div class=\"elementor-element elementor-element-6439ccc elementor-widget elementor-widget-heading\" data-id=\"6439ccc\" data-element_type=\"widget\" data-widget_type=\"heading.default\">\n\t\t\t\t<div class=\"elementor-widget-container\">\n\t\t\t\t\t<h2 class=\"elementor-heading-title elementor-size-default\">Unsere Erfolge (Alt: Content Type Success Story)<\/h2>\t\t\t\t<\/div>\n\t\t\t\t<\/div>\n\t\t\t\t<div class=\"elementor-element elementor-element-e2b08eb elementor-widget__width-inherit e-transform elementor-widget elementor-widget-wb-post-slider\" data-id=\"e2b08eb\" data-element_type=\"widget\" data-settings=\"{&quot;_transform_scale_effect&quot;:{&quot;unit&quot;:&quot;px&quot;,&quot;size&quot;:&quot;&quot;,&quot;sizes&quot;:[]},&quot;_transform_scale_effect_tablet&quot;:{&quot;unit&quot;:&quot;px&quot;,&quot;size&quot;:&quot;&quot;,&quot;sizes&quot;:[]},&quot;_transform_scale_effect_mobile&quot;:{&quot;unit&quot;:&quot;px&quot;,&quot;size&quot;:&quot;&quot;,&quot;sizes&quot;:[]}}\" data-widget_type=\"wb-post-slider.default\">\n\t\t\t\t<div class=\"elementor-widget-container\">\n\t\t\t\t\t<div\n\t        \t\tclass=\"wbel_post_slider_wrapper wbel_post_slider_template-2\"\n\t        \t\tid=\"wbel_post_slider_wb_post_slidere2b08eb\"\n\t        \t\tdata-slide-to-show=\"3\"\n\t        \t\tdata-slides-to-scroll=\"1\"\n\t        \t><div class=\"wb_ps_item\">\n\t<div class=\"wb_ps_single_item\">\n\t\t\t\t\t<div class=\"wb_ps_thumbnail\">\n\t\t\t\t<a href=\"https:\/\/campax.org\/it\/success_stories\/keine-waffenexporte-in-buergerkriegslaender\/\">\n\t\t\t\t\t<img decoding=\"async\" data-src=\"https:\/\/campax.org\/wp-content\/uploads\/2022\/10\/Keine-Waffenexporte-in-Bu\u0308rgerkriegsla\u0308nder.png\" title=\"Keine Waffenexporte in Bu\u0308rgerkriegsla\u0308nder\" alt=\"Keine Waffenexporte in Bu\u0308rgerkriegsla\u0308nder\" src=\"data:image\/svg+xml;base64,PHN2ZyB3aWR0aD0iMSIgaGVpZ2h0PSIxIiB4bWxucz0iaHR0cDovL3d3dy53My5vcmcvMjAwMC9zdmciPjwvc3ZnPg==\" class=\"lazyload\" style=\"--smush-placeholder-width: 1700px; --smush-placeholder-aspect-ratio: 1700\/1700;\" \/>\t\t\t\t<\/a>\n\t\n\t\t\t<div class=\"wb_ps_description\">\n               <a class=\"wb_ps_readmore_link\" href=\"https:\/\/campax.org\/it\/success_stories\/keine-waffenexporte-in-buergerkriegslaender\/\">\n\t\t\t\t<div class=\"wb_ps_text\"><p>A causa di un'efficace azione di lobbying da parte dell'industria degli armamenti presso le commissioni competenti, il Consiglio federale ha voluto facilitare l'esportazione di armi verso i Paesi in guerra civile. Campax ha lanciato una campagna contro questo fenomeno con&hellip;<\/p>\n<\/div>\n\n\t\t\t\t\t\t\t<div class=\"wb_ps_readmore\">\n\t\t\t\t\tmehr\t\t\t\t<\/div>\n\t\t\t              <\/a>\n\t\t\t<\/div>\t\t\t\n\t\t\t<\/div>\n\t\t\t\t<!--<div class=\"wb_ps_content\">\n\n\t\t<div class=\"wb_ps_title\">\n\t\t\t\t<h2 ><a href=\"https:\/\/campax.org\/it\/success_stories\/keine-waffenexporte-in-buergerkriegslaender\/\">Nessuna esportazione di armi in paesi in guerra civile!<\/a><\/h2>\n\t\t\t<\/div> \n\n\t\t\t<div class=\"wb_ps_description\">\n\n\t\t\t\t<div class=\"wb_ps_text\"><p>A causa di un'efficace azione di lobbying da parte dell'industria degli armamenti presso le commissioni competenti, il Consiglio federale ha voluto facilitare l'esportazione di armi verso i Paesi in guerra civile. Campax ha lanciato una campagna contro questo fenomeno con&hellip;<\/p>\n<\/div>\n\n\t\t\t\t\t\t\t<div class=\"wb_ps_readmore\">\n\t\t\t\t\t<a class=\"wb_ps_readmore_link\" href=\"https:\/\/campax.org\/it\/success_stories\/keine-waffenexporte-in-buergerkriegslaender\/\">mehr<\/a>\n\t\t\t\t<\/div>\n\t\t\t\n\t\t\t<\/div>\n\t\t\n\t\t<\/div> -->\n\t<\/div>\n<\/div><\/div>\t\t\t\t<div class=\"wbel-arrow wb-arrow-prev\">\n\t\t\t\t\t<i class=\"fa fa-angle-left\"><\/i>\n\t\t\t\t<\/div>\n\t\t\t\t<div class=\"wbel-arrow wb-arrow-next\">\n\t\t\t\t\t<i class=\"fa fa-angle-right\"><\/i>\n\t\t\t\t<\/div>\n\t\t\t\t\t\t\t<\/div>\n\t\t\t\t<\/div>\n\t\t\t\t\t<\/div>\n\t\t<\/div>\n\t\t\t\t\t<\/div>\n\t\t<\/section>\n\t\t\t\t<\/div>\n\t\t","protected":false},"excerpt":{"rendered":"<p>Unsere Erfolge (Neu: normale Beitr\u00e4ge Kat. Erfolgsmeldung) Gute Nachrichten: Der Bundesrat hat seinen Entscheid zur Finanzierung von Menschenrechtsorganisationen in Israel\/Pal\u00e4stina revidiert! Acht von elf Organisationen werden weiter finanziert. Das haben wir zusammen erreicht \u2013 vielen Dank f\u00fcr Deine Unterst\u00fctzung! Ende Oktober gab der Bundesrat bekannt, die Finanzierung&hellip; mehr Giulia und Nara, die beiden Kandidatinnen, die [&hellip;]<\/p>\n","protected":false},"author":20,"featured_media":0,"parent":0,"menu_order":0,"comment_status":"closed","ping_status":"closed","template":"","meta":{"_acf_changed":false,"footnotes":""},"categories":[189],"tags":[],"class_list":["post-48701","page","type-page","status-publish","hentry","category-formazione-e-test"],"acf":[],"publishpress_future_action":{"enabled":false,"date":"2026-08-06 18:50:17","action":"change-status","newStatus":"draft","terms":[],"taxonomy":"category","extraData":[]},"publishpress_future_workflow_manual_trigger":{"enabledWorkflows":[]},"_links":{"self":[{"href":"https:\/\/campax.org\/it\/wp-json\/wp\/v2\/pages\/48701","targetHints":{"allow":["GET"]}}],"collection":[{"href":"https:\/\/campax.org\/it\/wp-json\/wp\/v2\/pages"}],"about":[{"href":"https:\/\/campax.org\/it\/wp-json\/wp\/v2\/types\/page"}],"author":[{"embeddable":true,"href":"https:\/\/campax.org\/it\/wp-json\/wp\/v2\/users\/20"}],"replies":[{"embeddable":true,"href":"https:\/\/campax.org\/it\/wp-json\/wp\/v2\/comments?post=48701"}],"version-history":[{"count":0,"href":"https:\/\/campax.org\/it\/wp-json\/wp\/v2\/pages\/48701\/revisions"}],"wp:attachment":[{"href":"https:\/\/campax.org\/it\/wp-json\/wp\/v2\/media?parent=48701"}],"wp:term":[{"taxonomy":"category","embeddable":true,"href":"https:\/\/campax.org\/it\/wp-json\/wp\/v2\/categories?post=48701"},{"taxonomy":"post_tag","embeddable":true,"href":"https:\/\/campax.org\/it\/wp-json\/wp\/v2\/tags?post=48701"}],"curies":[{"name":"wp","href":"https:\/\/api.w.org\/{rel}","templated":true}]}}