{"id":28348,"date":"2022-09-23T06:16:09","date_gmt":"2022-09-23T05:16:09","guid":{"rendered":"https:\/\/campax.org\/uber-campax\/"},"modified":"2026-03-30T11:44:59","modified_gmt":"2026-03-30T10:44:59","slug":"uber-campax","status":"publish","type":"page","link":"https:\/\/campax.org\/fr\/uber-campax\/","title":{"rendered":"\u00c0 propos de campax"},"content":{"rendered":"\t\t<div data-elementor-type=\"wp-page\" data-elementor-id=\"28348\" class=\"elementor elementor-28348 elementor-132\" data-elementor-post-type=\"page\">\n\t\t\t\t\t\t<section class=\"elementor-section elementor-top-section elementor-element elementor-element-707e751 elementor-section-boxed elementor-section-height-default elementor-section-height-default\" data-id=\"707e751\" data-element_type=\"section\" id=\"top\">\n\t\t\t\t\t\t<div class=\"elementor-container elementor-column-gap-default\">\n\t\t\t\t\t<div class=\"elementor-column elementor-col-100 elementor-top-column elementor-element elementor-element-9c52e7b\" data-id=\"9c52e7b\" data-element_type=\"column\">\n\t\t\t<div class=\"elementor-widget-wrap elementor-element-populated\">\n\t\t\t\t\t\t<div class=\"elementor-element elementor-element-eaea377 elementor-widget elementor-widget-spacer\" data-id=\"eaea377\" data-element_type=\"widget\" data-widget_type=\"spacer.default\">\n\t\t\t\t<div class=\"elementor-widget-container\">\n\t\t\t\t\t\t\t<div class=\"elementor-spacer\">\n\t\t\t<div class=\"elementor-spacer-inner\"><\/div>\n\t\t<\/div>\n\t\t\t\t\t\t<\/div>\n\t\t\t\t<\/div>\n\t\t\t\t<div class=\"elementor-element elementor-element-1851d7c elementor-widget elementor-widget-heading\" data-id=\"1851d7c\" data-element_type=\"widget\" data-widget_type=\"heading.default\">\n\t\t\t\t<div class=\"elementor-widget-container\">\n\t\t\t\t\t<h2 class=\"elementor-heading-title elementor-size-default\">\u00c0 propos de Campax<\/h2>\t\t\t\t<\/div>\n\t\t\t\t<\/div>\n\t\t\t\t\t<\/div>\n\t\t<\/div>\n\t\t\t\t\t<\/div>\n\t\t<\/section>\n\t\t\t\t<section class=\"elementor-section elementor-top-section elementor-element elementor-element-27d993e elementor-section-boxed elementor-section-height-default elementor-section-height-default\" data-id=\"27d993e\" data-element_type=\"section\">\n\t\t\t\t\t\t<div class=\"elementor-container elementor-column-gap-default\">\n\t\t\t\t\t<div class=\"elementor-column elementor-col-100 elementor-top-column elementor-element elementor-element-8cdc746\" data-id=\"8cdc746\" data-element_type=\"column\">\n\t\t\t<div class=\"elementor-widget-wrap elementor-element-populated\">\n\t\t\t\t\t\t<div class=\"elementor-element elementor-element-6f04c47 elementor-widget elementor-widget-text-editor\" data-id=\"6f04c47\" data-element_type=\"widget\" data-widget_type=\"text-editor.default\">\n\t\t\t\t<div class=\"elementor-widget-container\">\n\t\t\t\t\t\t\t\t\t<p>Campax est une organisation progressiste qui mobilise rapidement des milliers de personnes en faveur d&rsquo;une Suisse \u00e9quitable et \u00e9cologique.\u00a0Depuis 2017, nous menons des campagnes sur les questions importantes de notre \u00e9poque et donnons aux gens le pouvoir de <a href=\"https:\/\/act.campax.org\/\" target=\"_blank\" rel=\"noopener\">lancer leurs propres campagnes<\/a> et de les mener \u00e0 bien.<\/p>\t\t\t\t\t\t\t\t<\/div>\n\t\t\t\t<\/div>\n\t\t\t\t\t<\/div>\n\t\t<\/div>\n\t\t\t\t\t<\/div>\n\t\t<\/section>\n\t\t\t\t<section class=\"elementor-section elementor-top-section elementor-element elementor-element-dfed333 elementor-section-boxed elementor-section-height-default elementor-section-height-default\" data-id=\"dfed333\" data-element_type=\"section\">\n\t\t\t\t\t\t<div class=\"elementor-container elementor-column-gap-default\">\n\t\t\t\t\t<div class=\"elementor-column elementor-col-100 elementor-top-column elementor-element elementor-element-dba8a26\" data-id=\"dba8a26\" data-element_type=\"column\">\n\t\t\t<div class=\"elementor-widget-wrap elementor-element-populated\">\n\t\t\t\t\t\t<div class=\"elementor-element elementor-element-c12985c elementor-widget elementor-widget-text-editor\" data-id=\"c12985c\" data-element_type=\"widget\" data-widget_type=\"text-editor.default\">\n\t\t\t\t<div class=\"elementor-widget-container\">\n\t\t\t\t\t\t\t\t\t<p>Nous voulons une soci\u00e9t\u00e9 dans laquelle tous les \u00eatres humains vivent dans la dignit\u00e9 et la libert\u00e9. Les piliers de cette d\u00e9marche sont<\/p>\n<\/p>\n<ul>\n<li>Protection contre la violence, la discrimination et la pers\u00e9cution.<\/li>\n<li>Un environnement intact &#8211; pour nous et pour les g\u00e9n\u00e9rations futures.<\/li>\n<li>Une \u00e9conomie au service des personnes &#8211; et non l&rsquo;inverse.<\/li>\n<li>Une \u00e9galit\u00e9 des chances cons\u00e9quente et des projets de vie libres pour tous &#8211; ind\u00e9pendamment du sexe, de l&rsquo;\u00e2ge et de l&rsquo;origine.<\/li>\n<li>Participation \u00e0 la soci\u00e9t\u00e9 et \u00e0 ses processus d\u00e9mocratiques.<\/li>\n<li>Solidarit\u00e9 avec les plus faibles, dans toute la Suisse et au-del\u00e0.<\/li>\n<\/ul>\n\t\t\t\t\t\t\t\t<\/div>\n\t\t\t\t<\/div>\n\t\t\t\t\t<\/div>\n\t\t<\/div>\n\t\t\t\t\t<\/div>\n\t\t<\/section>\n\t\t\t\t<section class=\"elementor-section elementor-top-section elementor-element elementor-element-33433cc elementor-section-boxed elementor-section-height-default elementor-section-height-default\" data-id=\"33433cc\" data-element_type=\"section\">\n\t\t\t\t\t\t<div class=\"elementor-container elementor-column-gap-default\">\n\t\t\t\t\t<div class=\"elementor-column elementor-col-50 elementor-top-column elementor-element elementor-element-98641f5\" data-id=\"98641f5\" data-element_type=\"column\">\n\t\t\t<div class=\"elementor-widget-wrap elementor-element-populated\">\n\t\t\t\t\t\t<div class=\"elementor-element elementor-element-8b2d70d elementor-widget elementor-widget-heading\" data-id=\"8b2d70d\" data-element_type=\"widget\" data-widget_type=\"heading.default\">\n\t\t\t\t<div class=\"elementor-widget-container\">\n\t\t\t\t\t<h2 class=\"elementor-heading-title elementor-size-default\">People Powered<\/h2>\t\t\t\t<\/div>\n\t\t\t\t<\/div>\n\t\t\t\t<div class=\"elementor-element elementor-element-294961f elementor-widget elementor-widget-text-editor\" data-id=\"294961f\" data-element_type=\"widget\" data-widget_type=\"text-editor.default\">\n\t\t\t\t<div class=\"elementor-widget-container\">\n\t\t\t\t\t\t\t\t\tNous combinons la force de notre communaut\u00e9 de plus de 845&rsquo;000 personnes avec les possibilit\u00e9s les plus modernes de la technologie num\u00e9rique.\t\t\t\t\t\t\t\t<\/div>\n\t\t\t\t<\/div>\n\t\t\t\t<div class=\"elementor-element elementor-element-1dd087f elementor-widget elementor-widget-text-editor\" data-id=\"1dd087f\" data-element_type=\"widget\" data-widget_type=\"text-editor.default\">\n\t\t\t\t<div class=\"elementor-widget-container\">\n\t\t\t\t\t\t\t\t\t<p>Campax est membre de The OPEN Network, l&rsquo;organisation mondiale des organisations nationales de grassroot campaigning. L&rsquo;association Campax est principalement financ\u00e9e par de petits dons ainsi que par des fondations.<\/p>\t\t\t\t\t\t\t\t<\/div>\n\t\t\t\t<\/div>\n\t\t\t\t\t<\/div>\n\t\t<\/div>\n\t\t\t\t<div class=\"elementor-column elementor-col-50 elementor-top-column elementor-element elementor-element-f14babc\" data-id=\"f14babc\" data-element_type=\"column\">\n\t\t\t<div class=\"elementor-widget-wrap elementor-element-populated\">\n\t\t\t\t\t\t<div class=\"elementor-element elementor-element-c64dc07 elementor-widget elementor-widget-image\" data-id=\"c64dc07\" data-element_type=\"widget\" data-widget_type=\"image.default\">\n\t\t\t\t<div class=\"elementor-widget-container\">\n\t\t\t\t\t\t\t\t\t\t\t\t\t\t\t<img decoding=\"async\" width=\"768\" height=\"512\" data-src=\"https:\/\/campax.org\/wp-content\/uploads\/2022\/09\/Campax_Erdkugel-1-768x512.webp\" class=\"attachment-medium_large size-medium_large wp-image-1786 lazyload\" alt=\"Campax_Erdkugel-1\" data-srcset=\"https:\/\/campax.org\/wp-content\/uploads\/2022\/09\/Campax_Erdkugel-1-768x512.webp 768w, https:\/\/campax.org\/wp-content\/uploads\/2022\/09\/Campax_Erdkugel-1-300x200.webp 300w, https:\/\/campax.org\/wp-content\/uploads\/2022\/09\/Campax_Erdkugel-1-1024x683.webp 1024w, https:\/\/campax.org\/wp-content\/uploads\/2022\/09\/Campax_Erdkugel-1.webp 1400w\" data-sizes=\"(max-width: 768px) 100vw, 768px\" src=\"data:image\/svg+xml;base64,PHN2ZyB3aWR0aD0iMSIgaGVpZ2h0PSIxIiB4bWxucz0iaHR0cDovL3d3dy53My5vcmcvMjAwMC9zdmciPjwvc3ZnPg==\" style=\"--smush-placeholder-width: 768px; --smush-placeholder-aspect-ratio: 768\/512;\" \/>\t\t\t\t\t\t\t\t\t\t\t\t\t\t\t<\/div>\n\t\t\t\t<\/div>\n\t\t\t\t\t<\/div>\n\t\t<\/div>\n\t\t\t\t\t<\/div>\n\t\t<\/section>\n\t\t\t\t<section class=\"elementor-section elementor-top-section elementor-element elementor-element-65186ce elementor-section-boxed elementor-section-height-default elementor-section-height-default\" data-id=\"65186ce\" data-element_type=\"section\" id=\"team\">\n\t\t\t\t\t\t<div class=\"elementor-container elementor-column-gap-default\">\n\t\t\t\t\t<div class=\"elementor-column elementor-col-100 elementor-top-column elementor-element elementor-element-9e0d824\" data-id=\"9e0d824\" data-element_type=\"column\">\n\t\t\t<div class=\"elementor-widget-wrap elementor-element-populated\">\n\t\t\t\t\t\t<div class=\"elementor-element elementor-element-60f1e47 elementor-widget elementor-widget-spacer\" data-id=\"60f1e47\" data-element_type=\"widget\" data-widget_type=\"spacer.default\">\n\t\t\t\t<div class=\"elementor-widget-container\">\n\t\t\t\t\t\t\t<div class=\"elementor-spacer\">\n\t\t\t<div class=\"elementor-spacer-inner\"><\/div>\n\t\t<\/div>\n\t\t\t\t\t\t<\/div>\n\t\t\t\t<\/div>\n\t\t\t\t<div class=\"elementor-element elementor-element-c2b4017 elementor-widget elementor-widget-heading\" data-id=\"c2b4017\" data-element_type=\"widget\" data-widget_type=\"heading.default\">\n\t\t\t\t<div class=\"elementor-widget-container\">\n\t\t\t\t\t<h2 class=\"elementor-heading-title elementor-size-default\">Bureau<\/h2>\t\t\t\t<\/div>\n\t\t\t\t<\/div>\n\t\t\t\t<div class=\"elementor-element elementor-element-42569c6 elementor-widget elementor-widget-gallery\" data-id=\"42569c6\" data-element_type=\"widget\" data-settings=\"{&quot;columns&quot;:3,&quot;gap&quot;:{&quot;unit&quot;:&quot;px&quot;,&quot;size&quot;:39,&quot;sizes&quot;:[]},&quot;aspect_ratio&quot;:&quot;1:1&quot;,&quot;overlay_title&quot;:&quot;title&quot;,&quot;overlay_description&quot;:&quot;caption&quot;,&quot;lazyload&quot;:&quot;yes&quot;,&quot;gallery_layout&quot;:&quot;grid&quot;,&quot;columns_tablet&quot;:2,&quot;columns_mobile&quot;:1,&quot;gap_tablet&quot;:{&quot;unit&quot;:&quot;px&quot;,&quot;size&quot;:10,&quot;sizes&quot;:[]},&quot;gap_mobile&quot;:{&quot;unit&quot;:&quot;px&quot;,&quot;size&quot;:10,&quot;sizes&quot;:[]},&quot;overlay_background&quot;:&quot;yes&quot;,&quot;content_hover_animation&quot;:&quot;fade-in&quot;}\" min-height=\"1384px\" data-widget_type=\"gallery.default\">\n\t\t\t\t<div class=\"elementor-widget-container\">\n\t\t\t\t\t\t\t<div class=\"elementor-gallery__container\">\n\t\t\t\t\t\t\t<div class=\"e-gallery-item elementor-gallery-item elementor-animated-content\" tabindex=\"0\">\n\t\t\t\t\t<div class=\"e-gallery-image elementor-gallery-item__image\" data-thumbnail=\"https:\/\/campax.org\/wp-content\/uploads\/2022\/10\/ITZIAR.MARANON_0115-1024x1024.png\" data-width=\"800\" data-height=\"800\" aria-label=\"Itziar Mara\u00f1\u00f3n (Team)\" role=\"img\" ><\/div>\n\t\t\t\t\t\t\t\t\t\t\t<div class=\"elementor-gallery-item__overlay\"><\/div>\n\t\t\t\t\t\t\t\t\t\t\t\t\t\t\t<div class=\"elementor-gallery-item__content\">\n\t\t\t\t\t\t\t\t\t\t\t\t\t\t<div class=\"elementor-gallery-item__title\">\n\t\t\t\t\t\t\t\t\t\t\t\t\t\t\t\t\t\tItziar Mara\u00f1\u00f3n, directeur g\u00e9n\u00e9ral\t\t\t\t\t\t\t\t<\/div>\n\t\t\t\t\t\t\t\t\t\t\t\t\t\t\t<div class=\"elementor-gallery-item__description\">\n\t\t\t\t\t\t\t\t\t\t\t\t\t\t\t\t\t\tCommuniquer, convaincre, rendre les sujets accessibles : Cela a toujours \u00e9t\u00e9 la passion d'Itziar ; comme journaliste en Argentine ou comme jeune \u00e9ditrice d'un magazine en Espagne. Elle ne cesse de croire en un v\u00e9ritable changement de ce monde. C'est pourquoi elle s'est engag\u00e9e dans le mouvement f\u00e9ministe suisse et travaille depuis avril 2022 comme co-directrice de Campax.\t\t\t\t\t\t\t\t<\/div>\n\t\t\t\t\t\t\t\t\t\t\t\t<\/div>\n\t\t\t\t\t\t\t\t\t<\/div>\n\t\t\t\t\t\t\t<div class=\"e-gallery-item elementor-gallery-item elementor-animated-content\" tabindex=\"0\">\n\t\t\t\t\t<div class=\"e-gallery-image elementor-gallery-item__image\" data-thumbnail=\"https:\/\/campax.org\/wp-content\/uploads\/2022\/09\/Team-Urs-Arnold.webp\" data-width=\"800\" data-height=\"800\" aria-label=\"Urs Arnold (Team)\" role=\"img\" ><\/div>\n\t\t\t\t\t\t\t\t\t\t\t<div class=\"elementor-gallery-item__overlay\"><\/div>\n\t\t\t\t\t\t\t\t\t\t\t\t\t\t\t<div class=\"elementor-gallery-item__content\">\n\t\t\t\t\t\t\t\t\t\t\t\t\t\t<div class=\"elementor-gallery-item__title\">\n\t\t\t\t\t\t\t\t\t\t\t\t\t\t\t\t\t\tUrs Arnold, Tech Director, Head of Platforms & Head of Quality Management\t\t\t\t\t\t\t\t<\/div>\n\t\t\t\t\t\t\t\t\t\t\t\t\t\t\t<div class=\"elementor-gallery-item__description\">\n\t\t\t\t\t\t\t\t\t\t\t\t\t\t\t\t\t\tUrs adore d'aborder les derniers d\u00e9veloppements dans le monde (en ligne). Mais il s'int\u00e9resse aussi passionn\u00e9ment \u00e0 l'histoire. \u00c0 l'universit\u00e9, il s'est beaucoup impliqu\u00e9 dans le changement social, le public et la d\u00e9mocratie... et au passage, il a aussi organis\u00e9 plusieurs concerts et f\u00eates. Au-del\u00e0 de Campax, la musique est encore aujourd'hui sa deuxi\u00e8me passion.\t\t\t\t\t\t\t\t<\/div>\n\t\t\t\t\t\t\t\t\t\t\t\t<\/div>\n\t\t\t\t\t\t\t\t\t<\/div>\n\t\t\t\t\t\t\t<div class=\"e-gallery-item elementor-gallery-item elementor-animated-content\" tabindex=\"0\">\n\t\t\t\t\t<div class=\"e-gallery-image elementor-gallery-item__image\" data-thumbnail=\"https:\/\/campax.org\/wp-content\/uploads\/2022\/09\/Team-Matthias-Meier-1024x958.webp\" data-width=\"800\" data-height=\"748\" aria-label=\"Matthias Meier, Fundraiser (Team)\" role=\"img\" ><\/div>\n\t\t\t\t\t\t\t\t\t\t\t<div class=\"elementor-gallery-item__overlay\"><\/div>\n\t\t\t\t\t\t\t\t\t\t\t\t\t\t\t<div class=\"elementor-gallery-item__content\">\n\t\t\t\t\t\t\t\t\t\t\t\t\t\t<div class=\"elementor-gallery-item__title\">\n\t\t\t\t\t\t\t\t\t\t\t\t\t\t\t\t\t\tMatthias Meier, Directeur de la collecte de fonds et des campagnes\t\t\t\t\t\t\t\t<\/div>\n\t\t\t\t\t\t\t\t\t\t\t\t\t\t\t<div class=\"elementor-gallery-item__description\">\n\t\t\t\t\t\t\t\t\t\t\t\t\t\t\t\t\t\tMatthias est historien et a \u00e9tudi\u00e9 les \u00e9tudes scandinaves en tant que mati\u00e8re secondaire. Il s'int\u00e9resse autant aux cultures et soci\u00e9t\u00e9s actuelles que pass\u00e9es. En outre, il est activement engag\u00e9 dans la d\u00e9fense des droits des animaux et dans le sport pour les jeunes. Il passe son temps libre \u00e0 jouer au ping-pong, \u00e0 faire du DJing et, quand il en a le temps, \u00e0 cuisiner avec enthousiasme.\t\t\t\t\t\t\t\t<\/div>\n\t\t\t\t\t\t\t\t\t\t\t\t<\/div>\n\t\t\t\t\t\t\t\t\t<\/div>\n\t\t\t\t\t\t\t<div class=\"e-gallery-item elementor-gallery-item elementor-animated-content\" tabindex=\"0\">\n\t\t\t\t\t<div class=\"e-gallery-image elementor-gallery-item__image\" data-thumbnail=\"https:\/\/campax.org\/wp-content\/uploads\/2022\/09\/Team-Iared-Camponovo.webp\" data-width=\"800\" data-height=\"800\" aria-label=\"Iared Camponovo (Team)\" role=\"img\" ><\/div>\n\t\t\t\t\t\t\t\t\t\t\t<div class=\"elementor-gallery-item__overlay\"><\/div>\n\t\t\t\t\t\t\t\t\t\t\t\t\t\t\t<div class=\"elementor-gallery-item__content\">\n\t\t\t\t\t\t\t\t\t\t\t\t\t\t<div class=\"elementor-gallery-item__title\">\n\t\t\t\t\t\t\t\t\t\t\t\t\t\t\t\t\t\tIared Camponovo, Member-Support, Act\t\t\t\t\t\t\t\t<\/div>\n\t\t\t\t\t\t\t\t\t\t\t\t\t\t\t<div class=\"elementor-gallery-item__description\">\n\t\t\t\t\t\t\t\t\t\t\t\t\t\t\t\t\t\tIared est un talent linguistique avec une mission politique. Il fait ainsi avancer la mission de Campax - entre autres pour que Campax puisse mieux s'implanter en Suisse romande et au Tessin. Engag\u00e9 depuis longtemps en politique, il a \u00e9t\u00e9 actif au sein de diff\u00e9rentes organisations dans toute la Suisse. Pendant son temps libre, il fait de la musique et s'occupe de la traduction de textes politiques.\t\t\t\t\t\t\t\t<\/div>\n\t\t\t\t\t\t\t\t\t\t\t\t<\/div>\n\t\t\t\t\t\t\t\t\t<\/div>\n\t\t\t\t\t\t\t<div class=\"e-gallery-item elementor-gallery-item elementor-animated-content\" tabindex=\"0\">\n\t\t\t\t\t<div class=\"e-gallery-image elementor-gallery-item__image\" data-thumbnail=\"https:\/\/campax.org\/wp-content\/uploads\/2022\/09\/Team-Nora-Scheel-1024x1024.webp\" data-width=\"800\" data-height=\"800\" aria-label=\"Nora Scheel, Leitung Klima-Kampagne (Team)\" role=\"img\" ><\/div>\n\t\t\t\t\t\t\t\t\t\t\t<div class=\"elementor-gallery-item__overlay\"><\/div>\n\t\t\t\t\t\t\t\t\t\t\t\t\t\t\t<div class=\"elementor-gallery-item__content\">\n\t\t\t\t\t\t\t\t\t\t\t\t\t\t<div class=\"elementor-gallery-item__title\">\n\t\t\t\t\t\t\t\t\t\t\t\t\t\t\t\t\t\tNora Scheel, responsable de la campagne sur le climat\t\t\t\t\t\t\t\t<\/div>\n\t\t\t\t\t\t\t\t\t\t\t\t\t\t\t<div class=\"elementor-gallery-item__description\">\n\t\t\t\t\t\t\t\t\t\t\t\t\t\t\t\t\t\tNora a \u00e9tudi\u00e9 l'histoire et le droit et a travaill\u00e9 dans le domaine du marketing et de la communication. Elle est engag\u00e9e en politique depuis longtemps, au d\u00e9but surtout dans sa commune natale de Coire. Elle s'est concentr\u00e9e sur les mod\u00e8les \u00e9conomiques durables et la justice internationale. Pendant son temps libre, Nora aime se promener en montagne, en faisans du bloc, du ski de randonn\u00e9e ou du v\u00e9lo.\t\t\t\t\t\t\t\t<\/div>\n\t\t\t\t\t\t\t\t\t\t\t\t<\/div>\n\t\t\t\t\t\t\t\t\t<\/div>\n\t\t\t\t\t\t\t<div class=\"e-gallery-item elementor-gallery-item elementor-animated-content\" tabindex=\"0\">\n\t\t\t\t\t<div class=\"e-gallery-image elementor-gallery-item__image\" data-thumbnail=\"https:\/\/campax.org\/wp-content\/uploads\/2022\/09\/Ivan-Buelvas-Arrieta-1024x1024.png\" data-width=\"800\" data-height=\"800\" aria-label=\"Ivan Buelvas Arrieta, Fundraising (Team)\" role=\"img\" ><\/div>\n\t\t\t\t\t\t\t\t\t\t\t<div class=\"elementor-gallery-item__overlay\"><\/div>\n\t\t\t\t\t\t\t\t\t\t\t\t\t\t\t<div class=\"elementor-gallery-item__content\">\n\t\t\t\t\t\t\t\t\t\t\t\t\t\t<div class=\"elementor-gallery-item__title\">\n\t\t\t\t\t\t\t\t\t\t\t\t\t\t\t\t\t\tIvan Buelvas Arrieta, collecteur de fonds\t\t\t\t\t\t\t\t<\/div>\n\t\t\t\t\t\t\t\t\t\t\t\t\t\t\t<div class=\"elementor-gallery-item__description\">\n\t\t\t\t\t\t\t\t\t\t\t\t\t\t\t\t\t\tScientifique en communication colombien, master en \u00e9tudes latino-am\u00e9ricaines et d\u00e9veloppement durable \u00e0 UniBern. Il s'int\u00e9resse aux questions environnementales, \u00e0 la durabilit\u00e9, \u00e0 la justice sociale, \u00e0 la migration et antiracisme. Il aime les bonnes discussions, la diversit\u00e9 culturelle, le cin\u00e9ma, la photographie et la musique.\t\t\t\t\t\t\t\t<\/div>\n\t\t\t\t\t\t\t\t\t\t\t\t<\/div>\n\t\t\t\t\t\t\t\t\t<\/div>\n\t\t\t\t\t\t\t<div class=\"e-gallery-item elementor-gallery-item elementor-animated-content\" tabindex=\"0\">\n\t\t\t\t\t<div class=\"e-gallery-image elementor-gallery-item__image\" data-thumbnail=\"https:\/\/campax.org\/wp-content\/uploads\/2024\/01\/Jennifer-Buchli.jpg\" data-width=\"600\" data-height=\"600\" aria-label=\"Jennifer Buchli, militante pour le climat (Team)\" role=\"img\" ><\/div>\n\t\t\t\t\t\t\t\t\t\t\t<div class=\"elementor-gallery-item__overlay\"><\/div>\n\t\t\t\t\t\t\t\t\t\t\t\t\t\t\t<div class=\"elementor-gallery-item__content\">\n\t\t\t\t\t\t\t\t\t\t\t\t\t\t<div class=\"elementor-gallery-item__title\">\n\t\t\t\t\t\t\t\t\t\t\t\t\t\t\t\t\t\tJennifer Buchli, militante pour le climat\t\t\t\t\t\t\t\t<\/div>\n\t\t\t\t\t\t\t\t\t\t\t\t\t\t\t<div class=\"elementor-gallery-item__description\">\n\t\t\t\t\t\t\t\t\t\t\t\t\t\t\t\t\t\tJen a \u00e9tudi\u00e9 les sciences sociales comme mati\u00e8re principale et le d\u00e9veloppement durable et l'anthropologie sociale comme mati\u00e8res secondaires. Sur le plan politique, elle s'int\u00e9resse particuli\u00e8rement aux questions f\u00e9ministes telles que l'\u00e9galit\u00e9 des sexes, la justice climatique et l'intersectionnalit\u00e9. Elle aime passer son temps libre avec ses ami\u00b7es dans des brocantes ou des conventions de cosplay.\t\t\t\t\t\t\t\t<\/div>\n\t\t\t\t\t\t\t\t\t\t\t\t<\/div>\n\t\t\t\t\t\t\t\t\t<\/div>\n\t\t\t\t\t\t\t<div class=\"e-gallery-item elementor-gallery-item elementor-animated-content\" tabindex=\"0\">\n\t\t\t\t\t<div class=\"e-gallery-image elementor-gallery-item__image\" data-thumbnail=\"https:\/\/campax.org\/wp-content\/uploads\/2025\/03\/Rebecca_re_178-1-1024x1024.jpg\" data-width=\"800\" data-height=\"800\" aria-label=\"\" role=\"img\" ><\/div>\n\t\t\t\t\t\t\t\t\t\t\t<div class=\"elementor-gallery-item__overlay\"><\/div>\n\t\t\t\t\t\t\t\t\t\t\t\t\t\t\t<div class=\"elementor-gallery-item__content\">\n\t\t\t\t\t\t\t\t\t\t\t\t\t\t<div class=\"elementor-gallery-item__title\">\n\t\t\t\t\t\t\t\t\t\t\t\t\t\t\t\t\t\tRebecca Signer, militante pour le climat\t\t\t\t\t\t\t\t<\/div>\n\t\t\t\t\t\t\t\t\t\t\t\t\t\t\t<div class=\"elementor-gallery-item__description\">\n\t\t\t\t\t\t\t\t\t\t\t\t\t\t\t\t\t\tRebecca a fait un Bachelor en Lettres et un Master en Sciences de l\u2019environnement. Elle s\u2019occupe principalement des campagnes de Suisse Romande, avec le climat comme focus principal. En dehors de Campax, elle est engag\u00e9e dans l\u2019\u00e9ducation \u00e0 l\u2019environnement chez les enfants et adore apprendre le nom des plantes en latin, m\u00eame si ce serait franchement plus utile de les conna\u00eetre dans une langue vivante. \t\t\t\t\t\t\t\t<\/div>\n\t\t\t\t\t\t\t\t\t\t\t\t<\/div>\n\t\t\t\t\t\t\t\t\t<\/div>\n\t\t\t\t\t\t\t<div class=\"e-gallery-item elementor-gallery-item elementor-animated-content\" tabindex=\"0\">\n\t\t\t\t\t<div class=\"e-gallery-image elementor-gallery-item__image\" data-thumbnail=\"https:\/\/campax.org\/wp-content\/uploads\/2024\/01\/Martina-Hegetschwiler.jpg\" data-width=\"600\" data-height=\"600\" aria-label=\"Martina Hegetschweiler, Office Manager (Team)\" role=\"img\" ><\/div>\n\t\t\t\t\t\t\t\t\t\t\t<div class=\"elementor-gallery-item__overlay\"><\/div>\n\t\t\t\t\t\t\t\t\t\t\t\t\t\t\t<div class=\"elementor-gallery-item__content\">\n\t\t\t\t\t\t\t\t\t\t\t\t\t\t<div class=\"elementor-gallery-item__title\">\n\t\t\t\t\t\t\t\t\t\t\t\t\t\t\t\t\t\tMartina Hegetschweiler, Office Manager\t\t\t\t\t\t\t\t<\/div>\n\t\t\t\t\t\t\t\t\t\t\t\t\t\t\t<div class=\"elementor-gallery-item__description\">\n\t\t\t\t\t\t\t\t\t\t\t\t\t\t\t\t\t\tMartina, n\u00e9e aux Seychelles, a grandi en Suisse. En tant que jeune m\u00e8re, le bien-\u00eatre des enfants et des jeunes lui tient \u00e0 c\u0153ur. Ainsi que l'\u00e9galit\u00e9 des droits au sein de la population. Cuisiner et faire de la p\u00e2tisserie est aussi une de ses passions. Tout comme les voyages et la d\u00e9couverte de nouvelles cultures. Depuis juin 2022, elle travaille au support administratif de Campax.\t\t\t\t\t\t\t\t<\/div>\n\t\t\t\t\t\t\t\t\t\t\t\t<\/div>\n\t\t\t\t\t\t\t\t\t<\/div>\n\t\t\t\t\t\t\t<div class=\"e-gallery-item elementor-gallery-item elementor-animated-content\" tabindex=\"0\">\n\t\t\t\t\t<div class=\"e-gallery-image elementor-gallery-item__image\" data-thumbnail=\"https:\/\/campax.org\/wp-content\/uploads\/2025\/03\/Maureen_re_157-1-1024x1024.jpg\" data-width=\"800\" data-height=\"800\" aria-label=\"\" role=\"img\" ><\/div>\n\t\t\t\t\t\t\t\t\t\t\t<div class=\"elementor-gallery-item__overlay\"><\/div>\n\t\t\t\t\t\t\t\t\t\t\t\t\t\t\t<div class=\"elementor-gallery-item__content\">\n\t\t\t\t\t\t\t\t\t\t\t\t\t\t<div class=\"elementor-gallery-item__title\">\n\t\t\t\t\t\t\t\t\t\t\t\t\t\t\t\t\t\tMaureen Wehrli, Social Media Manager\t\t\t\t\t\t\t\t<\/div>\n\t\t\t\t\t\t\t\t\t\t\t\t\t\t\t<div class=\"elementor-gallery-item__description\">\n\t\t\t\t\t\t\t\t\t\t\t\t\t\t\t\t\t\tMaureen am\u00e8ne l'activisme politique de Campax sur les r\u00e9seaux sociaux. Apr\u00e8s avoir \u00e9tudi\u00e9 l'ing\u00e9nierie environnementale, elle a d\u00e9couvert sa v\u00e9ritable passion : les memes sur Albert R\u00f6sti. Et hors ligne ? Elle se baigne toute l'ann\u00e9e dans le lac de Zurich, d\u00e9vale les pistes de ski de sa r\u00e9gion natale des Grisons ou se tr\u00e9mousse \u00e0 une rave \u2013 parfois m\u00eame tout cela en une seule journ\u00e9e.\t\t\t\t\t\t\t\t<\/div>\n\t\t\t\t\t\t\t\t\t\t\t\t<\/div>\n\t\t\t\t\t\t\t\t\t<\/div>\n\t\t\t\t\t\t\t<div class=\"e-gallery-item elementor-gallery-item elementor-animated-content\" tabindex=\"0\">\n\t\t\t\t\t<div class=\"e-gallery-image elementor-gallery-item__image\" data-thumbnail=\"https:\/\/campax.org\/wp-content\/uploads\/2025\/09\/Caro_0123\u00a9alderphoto.ch_usm_2025-1024x1024.jpg\" data-width=\"800\" data-height=\"800\" aria-label=\"Caroline Scholl-Poensgen, responsable des campagnes\" role=\"img\" ><\/div>\n\t\t\t\t\t\t\t\t\t\t\t<div class=\"elementor-gallery-item__overlay\"><\/div>\n\t\t\t\t\t\t\t\t\t\t\t\t\t\t\t<div class=\"elementor-gallery-item__content\">\n\t\t\t\t\t\t\t\t\t\t\t\t\t\t<div class=\"elementor-gallery-item__title\">\n\t\t\t\t\t\t\t\t\t\t\t\t\t\t\t\t\t\tCaroline Scholl-Poensgen, responsable des campagnes\t\t\t\t\t\t\t\t<\/div>\n\t\t\t\t\t\t\t\t\t\t\t\t\t\t\t<div class=\"elementor-gallery-item__description\">\n\t\t\t\t\t\t\t\t\t\t\t\t\t\t\t\t\t\tCaro a un Bachelor en sciences de la Terre et un master en g\u00e9ographie. En tant que militante chez Campax, elle s'int\u00e9resse surtout au climat, toujours avec une approche f\u00e9ministe et intersectionnelle. Elle adore les collages instantan\u00e9s, les banderoles et le militantisme de rue. Mais Caro est aussi fan de p\u00e2tes, de pesto et des lacs de montagne.\t\t\t\t\t\t\t\t<\/div>\n\t\t\t\t\t\t\t\t\t\t\t\t<\/div>\n\t\t\t\t\t\t\t\t\t<\/div>\n\t\t\t\t\t\t\t<div class=\"e-gallery-item elementor-gallery-item elementor-animated-content\" tabindex=\"0\">\n\t\t\t\t\t<div class=\"e-gallery-image elementor-gallery-item__image\" data-thumbnail=\"https:\/\/campax.org\/wp-content\/uploads\/2023\/12\/Team-Portrait-Hans-Peter-Campax-ITWeb.jpeg\" data-width=\"800\" data-height=\"800\" aria-label=\"Hans Peter Schl\u00e4pfer, IT\/Web (Team)\" role=\"img\" ><\/div>\n\t\t\t\t\t\t\t\t\t\t\t<div class=\"elementor-gallery-item__overlay\"><\/div>\n\t\t\t\t\t\t\t\t\t\t\t\t\t\t\t<div class=\"elementor-gallery-item__content\">\n\t\t\t\t\t\t\t\t\t\t\t\t\t\t<div class=\"elementor-gallery-item__title\">\n\t\t\t\t\t\t\t\t\t\t\t\t\t\t\t\t\t\tHans Peter Schl\u00e4pfer, IT\/Web\t\t\t\t\t\t\t\t<\/div>\n\t\t\t\t\t\t\t\t\t\t\t\t\t\t\t<div class=\"elementor-gallery-item__description\">\n\t\t\t\t\t\t\t\t\t\t\t\t\t\t\t\t\t\tHans Peter ne s'occupe pas seulement du site web et des questions informatiques, mais aussi des nombreuses plantes et de l'\u00e9limination des d\u00e9chets dans nos bureaux. Comme il prend des photos depuis plus de 40 ans, il lui arrive aussi de prendre des clich\u00e9s de nos actions. Il s'int\u00e9resse \u00e0 l'actualit\u00e9, \u00e0 l'histoire et \u00e0 l'art et lit beaucoup.\t\t\t\t\t\t\t\t<\/div>\n\t\t\t\t\t\t\t\t\t\t\t\t<\/div>\n\t\t\t\t\t\t\t\t\t<\/div>\n\t\t\t\t\t<\/div>\n\t\t\t\t\t<\/div>\n\t\t\t\t<\/div>\n\t\t\t\t\t<\/div>\n\t\t<\/div>\n\t\t\t\t\t<\/div>\n\t\t<\/section>\n\t\t\t\t<section class=\"elementor-section elementor-top-section elementor-element elementor-element-2857034 elementor-section-boxed elementor-section-height-default elementor-section-height-default\" data-id=\"2857034\" data-element_type=\"section\" id=\"board\">\n\t\t\t\t\t\t<div class=\"elementor-container elementor-column-gap-default\">\n\t\t\t\t\t<div class=\"elementor-column elementor-col-100 elementor-top-column elementor-element elementor-element-35770ae\" data-id=\"35770ae\" data-element_type=\"column\">\n\t\t\t<div class=\"elementor-widget-wrap elementor-element-populated\">\n\t\t\t\t\t\t<div class=\"elementor-element elementor-element-6435ed3 elementor-widget elementor-widget-spacer\" data-id=\"6435ed3\" data-element_type=\"widget\" data-widget_type=\"spacer.default\">\n\t\t\t\t<div class=\"elementor-widget-container\">\n\t\t\t\t\t\t\t<div class=\"elementor-spacer\">\n\t\t\t<div class=\"elementor-spacer-inner\"><\/div>\n\t\t<\/div>\n\t\t\t\t\t\t<\/div>\n\t\t\t\t<\/div>\n\t\t\t\t<div class=\"elementor-element elementor-element-e23c0be elementor-widget elementor-widget-heading\" data-id=\"e23c0be\" data-element_type=\"widget\" data-widget_type=\"heading.default\">\n\t\t\t\t<div class=\"elementor-widget-container\">\n\t\t\t\t\t<h2 class=\"elementor-heading-title elementor-size-default\">Conseil d'administration<\/h2>\t\t\t\t<\/div>\n\t\t\t\t<\/div>\n\t\t\t\t<div class=\"elementor-element elementor-element-fabe9ba elementor-widget elementor-widget-gallery\" data-id=\"fabe9ba\" data-element_type=\"widget\" data-settings=\"{&quot;columns&quot;:3,&quot;gap&quot;:{&quot;unit&quot;:&quot;px&quot;,&quot;size&quot;:39,&quot;sizes&quot;:[]},&quot;aspect_ratio&quot;:&quot;1:1&quot;,&quot;overlay_title&quot;:&quot;title&quot;,&quot;overlay_description&quot;:&quot;caption&quot;,&quot;lazyload&quot;:&quot;yes&quot;,&quot;gallery_layout&quot;:&quot;grid&quot;,&quot;columns_tablet&quot;:2,&quot;columns_mobile&quot;:1,&quot;gap_tablet&quot;:{&quot;unit&quot;:&quot;px&quot;,&quot;size&quot;:10,&quot;sizes&quot;:[]},&quot;gap_mobile&quot;:{&quot;unit&quot;:&quot;px&quot;,&quot;size&quot;:10,&quot;sizes&quot;:[]},&quot;overlay_background&quot;:&quot;yes&quot;,&quot;content_hover_animation&quot;:&quot;fade-in&quot;}\" min-height=\"1038px\" data-widget_type=\"gallery.default\">\n\t\t\t\t<div class=\"elementor-widget-container\">\n\t\t\t\t\t\t\t<div class=\"elementor-gallery__container\">\n\t\t\t\t\t\t\t<div class=\"e-gallery-item elementor-gallery-item elementor-animated-content\" tabindex=\"0\">\n\t\t\t\t\t<div class=\"e-gallery-image elementor-gallery-item__image\" data-thumbnail=\"https:\/\/campax.org\/wp-content\/uploads\/2022\/09\/Vorstand-Baltasar-Glaettli-1024x1024.webp\" data-width=\"800\" data-height=\"800\" aria-label=\"Balthasar Glaettli (Vorstand)\" role=\"img\" ><\/div>\n\t\t\t\t\t\t\t\t\t\t\t<div class=\"elementor-gallery-item__overlay\"><\/div>\n\t\t\t\t\t\t\t\t\t\t\t\t\t\t\t<div class=\"elementor-gallery-item__content\">\n\t\t\t\t\t\t\t\t\t\t\t\t\t\t<div class=\"elementor-gallery-item__title\">\n\t\t\t\t\t\t\t\t\t\t\t\t\t\t\t\t\t\tBalthasar Glaettli\t\t\t\t\t\t\t\t<\/div>\n\t\t\t\t\t\t\t\t\t\t\t\t\t\t\t<div class=\"elementor-gallery-item__description\">\n\t\t\t\t\t\t\t\t\t\t\t\t\t\t\t\t\t\tBalthasar est conseiller national. Il est \u00e9galement propri\u00e9taire de Politb\u00fcro Kampagnen&Webdesign. Il apporte b\u00e9n\u00e9volement au conseil sa connaissance des rouages de la Berne f\u00e9d\u00e9rale et son savoir-faire en mati\u00e8re de campagne num\u00e9rique, car il lui tient \u00e0 c\u0153ur que Campax, en tant que mouvement progressiste en ligne (et hors ligne), fasse pression en Suisse pour une politique plus \u00e9cologique et plus solidaire.\t\t\t\t\t\t\t\t<\/div>\n\t\t\t\t\t\t\t\t\t\t\t\t<\/div>\n\t\t\t\t\t\t\t\t\t<\/div>\n\t\t\t\t\t\t\t<div class=\"e-gallery-item elementor-gallery-item elementor-animated-content\" tabindex=\"0\">\n\t\t\t\t\t<div class=\"e-gallery-image elementor-gallery-item__image\" data-thumbnail=\"https:\/\/campax.org\/wp-content\/uploads\/2022\/09\/Vorstand-Benjamin-Zumbuehl-1024x1024.webp\" data-width=\"800\" data-height=\"800\" aria-label=\"Benjamin Zumbuehl (Vorstand)\" role=\"img\" ><\/div>\n\t\t\t\t\t\t\t\t\t\t\t<div class=\"elementor-gallery-item__overlay\"><\/div>\n\t\t\t\t\t\t\t\t\t\t\t\t\t\t\t<div class=\"elementor-gallery-item__content\">\n\t\t\t\t\t\t\t\t\t\t\t\t\t\t<div class=\"elementor-gallery-item__title\">\n\t\t\t\t\t\t\t\t\t\t\t\t\t\t\t\t\t\tBenjamin Zumbuehl\t\t\t\t\t\t\t\t<\/div>\n\t\t\t\t\t\t\t\t\t\t\t\t\t\t\t<div class=\"elementor-gallery-item__description\">\n\t\t\t\t\t\t\t\t\t\t\t\t\t\t\t\t\t\tBenjamin est un activiste passionn\u00e9, en ligne et hors ligne, qui s'engage dans des campagnes sur des questions sociales et environnementales. En parcourant la moiti\u00e9 du globe \u00e0 v\u00e9lo, il a r\u00e9alis\u00e9 que les droits de l'homme, la d\u00e9mocratie, l'\u00e9galit\u00e9 des chances et un environnement intact sont des biens tr\u00e8s pr\u00e9cieux et fragiles qui doivent \u00eatre d\u00e9fendus en permanence.\t\t\t\t\t\t\t\t<\/div>\n\t\t\t\t\t\t\t\t\t\t\t\t<\/div>\n\t\t\t\t\t\t\t\t\t<\/div>\n\t\t\t\t\t\t\t<div class=\"e-gallery-item elementor-gallery-item elementor-animated-content\" tabindex=\"0\">\n\t\t\t\t\t<div class=\"e-gallery-image elementor-gallery-item__image\" data-thumbnail=\"https:\/\/campax.org\/wp-content\/uploads\/2024\/07\/Vorstand-Christina-Marchant.jpg\" data-width=\"325\" data-height=\"325\" aria-label=\"Campax-Vorstand Christina Marchand\" role=\"img\" ><\/div>\n\t\t\t\t\t\t\t\t\t\t\t<div class=\"elementor-gallery-item__overlay\"><\/div>\n\t\t\t\t\t\t\t\t\t\t\t\t\t\t\t<div class=\"elementor-gallery-item__content\">\n\t\t\t\t\t\t\t\t\t\t\t\t\t\t<div class=\"elementor-gallery-item__title\">\n\t\t\t\t\t\t\t\t\t\t\t\t\t\t\t\t\t\tChristina Marchand\t\t\t\t\t\t\t\t<\/div>\n\t\t\t\t\t\t\t\t\t\t\t\t\t\t\t<div class=\"elementor-gallery-item__description\">\n\t\t\t\t\t\t\t\t\t\t\t\t\t\t\t\t\t\tChristina est titulaire d'un doctorat en chimie et, apr\u00e8s avoir longtemps travaill\u00e9 dans l'\u00e9conomie, elle fait de la recherche et enseigne d\u00e9sormais \u00e0 la ZHAW dans le domaine de l'innovation et de l'entrepreneuriat, en mettant l'accent sur l'\u00e9nergie. Elle est co-fondatrice du festival films for future et d'autres associations visant \u00e0 encourager les gens \u00e0 prot\u00e9ger l'environnement.\t\t\t\t\t\t\t\t<\/div>\n\t\t\t\t\t\t\t\t\t\t\t\t<\/div>\n\t\t\t\t\t\t\t\t\t<\/div>\n\t\t\t\t\t\t\t<div class=\"e-gallery-item elementor-gallery-item elementor-animated-content\" tabindex=\"0\">\n\t\t\t\t\t<div class=\"e-gallery-image elementor-gallery-item__image\" data-thumbnail=\"https:\/\/campax.org\/wp-content\/uploads\/2024\/07\/Vorstand-Gina-Vega.jpg\" data-width=\"325\" data-height=\"325\" aria-label=\"Campax-Vorstand Gina Vega\" role=\"img\" ><\/div>\n\t\t\t\t\t\t\t\t\t\t\t<div class=\"elementor-gallery-item__overlay\"><\/div>\n\t\t\t\t\t\t\t\t\t\t\t\t\t\t\t<div class=\"elementor-gallery-item__content\">\n\t\t\t\t\t\t\t\t\t\t\t\t\t\t<div class=\"elementor-gallery-item__title\">\n\t\t\t\t\t\t\t\t\t\t\t\t\t\t\t\t\t\tGina Vega\t\t\t\t\t\t\t\t<\/div>\n\t\t\t\t\t\t\t\t\t\t\t\t\t\t\t<div class=\"elementor-gallery-item__description\">\n\t\t\t\t\t\t\t\t\t\t\t\t\t\t\t\t\t\tGina est ethnologue et sp\u00e9cialiste des questions de soci\u00e9t\u00e9 li\u00e9es \u00e0 la diversit\u00e9, \u00e0 la migration et \u00e0 la protection contre les discriminations. Elle est passionn\u00e9e par la justice et une soci\u00e9t\u00e9 sans discrimination ! C'est pourquoi elle s'engage depuis plus de 10 ans pour le d\u00e9veloppement du travail contre le racisme en Suisse et la lutte contre toutes les formes de discrimination dans la politique et la soci\u00e9t\u00e9.\t\t\t\t\t\t\t\t<\/div>\n\t\t\t\t\t\t\t\t\t\t\t\t<\/div>\n\t\t\t\t\t\t\t\t\t<\/div>\n\t\t\t\t\t\t\t<div class=\"e-gallery-item elementor-gallery-item elementor-animated-content\" tabindex=\"0\">\n\t\t\t\t\t<div class=\"e-gallery-image elementor-gallery-item__image\" data-thumbnail=\"https:\/\/campax.org\/wp-content\/uploads\/2024\/07\/Vorstand-Ondine-Riesen.jpg\" data-width=\"325\" data-height=\"325\" aria-label=\"Campax-Vorstand Ondine Riesen\" role=\"img\" ><\/div>\n\t\t\t\t\t\t\t\t\t\t\t<div class=\"elementor-gallery-item__overlay\"><\/div>\n\t\t\t\t\t\t\t\t\t\t\t\t\t\t\t<div class=\"elementor-gallery-item__content\">\n\t\t\t\t\t\t\t\t\t\t\t\t\t\t<div class=\"elementor-gallery-item__title\">\n\t\t\t\t\t\t\t\t\t\t\t\t\t\t\t\t\t\tOndine Riesen\t\t\t\t\t\t\t\t<\/div>\n\t\t\t\t\t\t\t\t\t\t\t\t\t\t\t<div class=\"elementor-gallery-item__description\">\n\t\t\t\t\t\t\t\t\t\t\t\t\t\t\t\t\t\tOndine rend les gens capables de trouver et de mettre en \u0153uvre des solutions. Depuis ses \u00e9tudes de sciences politiques, d'histoire et de droits de l'homme, elle s'int\u00e9resse \u00e0 la d\u00e9mocratie et \u00e0 la participation. Elle est aujourd'hui cofondatrice de Ting et mentor en entreprise.\t\t\t\t\t\t\t\t<\/div>\n\t\t\t\t\t\t\t\t\t\t\t\t<\/div>\n\t\t\t\t\t\t\t\t\t<\/div>\n\t\t\t\t\t\t\t<div class=\"e-gallery-item elementor-gallery-item elementor-animated-content\" tabindex=\"0\">\n\t\t\t\t\t<div class=\"e-gallery-image elementor-gallery-item__image\" data-thumbnail=\"https:\/\/campax.org\/wp-content\/uploads\/2024\/07\/Vorstand-Peter-Bosshard.jpg\" data-width=\"325\" data-height=\"325\" aria-label=\"Campax-Vorstand Peter Bosshard\" role=\"img\" ><\/div>\n\t\t\t\t\t\t\t\t\t\t\t<div class=\"elementor-gallery-item__overlay\"><\/div>\n\t\t\t\t\t\t\t\t\t\t\t\t\t\t\t<div class=\"elementor-gallery-item__content\">\n\t\t\t\t\t\t\t\t\t\t\t\t\t\t<div class=\"elementor-gallery-item__title\">\n\t\t\t\t\t\t\t\t\t\t\t\t\t\t\t\t\t\tPeter Bosshard\t\t\t\t\t\t\t\t<\/div>\n\t\t\t\t\t\t\t\t\t\t\t\t\t\t\t<div class=\"elementor-gallery-item__description\">\n\t\t\t\t\t\t\t\t\t\t\t\t\t\t\t\t\t\tAvec 30 ans d'exp\u00e9rience dans le domaine des campagnes pour l'environnement, les droits de l'homme et le climat aupr\u00e8s de Public Eye (anciennement D\u00e9claration de Berne), Sunrise Project et international Rivers, Peter vient de rejoindre le conseil de Campax. Il est particuli\u00e8rement soucieux efficacement d'obliger les banques, les compagnies d'assurance et autres entreprises \u00e0 respecter des normes sociales et environnementales.\t\t\t\t\t\t\t\t<\/div>\n\t\t\t\t\t\t\t\t\t\t\t\t<\/div>\n\t\t\t\t\t\t\t\t\t<\/div>\n\t\t\t\t\t\t\t<div class=\"e-gallery-item elementor-gallery-item elementor-animated-content\" tabindex=\"0\">\n\t\t\t\t\t<div class=\"e-gallery-image elementor-gallery-item__image\" data-thumbnail=\"https:\/\/campax.org\/wp-content\/uploads\/2023\/11\/Stefan-Bamberger-Campax-Vorstand-800x800-1.jpg\" data-width=\"800\" data-height=\"792\" aria-label=\"Stefan Bamberger (Vorstand)\" role=\"img\" ><\/div>\n\t\t\t\t\t\t\t\t\t\t\t<div class=\"elementor-gallery-item__overlay\"><\/div>\n\t\t\t\t\t\t\t\t\t\t\t\t\t\t\t<div class=\"elementor-gallery-item__content\">\n\t\t\t\t\t\t\t\t\t\t\t\t\t\t<div class=\"elementor-gallery-item__title\">\n\t\t\t\t\t\t\t\t\t\t\t\t\t\t\t\t\t\tStefan Bamberger\t\t\t\t\t\t\t\t<\/div>\n\t\t\t\t\t\t\t\t\t\t\t\t\t\t\t<div class=\"elementor-gallery-item__description\">\n\t\t\t\t\t\t\t\t\t\t\t\t\t\t\t\t\t\tStefan  a acquis de nombreuses exp\u00e9riences dans un groupe financier, o\u00f9 il a notamment form\u00e9 et accompagn\u00e9 des personnes dans le domaine du d\u00e9veloppement des talents. En tant que militant, il s'engage pour la protection du climat et de l'environnement, la lutte contre la pauvret\u00e9, pour l\u2019\u00e9galit\u00e9 et les droits des animaux. Sa principale pr\u00e9occupation : la justice ! La vision de la vie de Stefan : nous cr\u00e9ons ensemble une Terre propre, saine, juste et pacifique - pour tous les \u00eatres vivants !\t\t\t\t\t\t\t\t<\/div>\n\t\t\t\t\t\t\t\t\t\t\t\t<\/div>\n\t\t\t\t\t\t\t\t\t<\/div>\n\t\t\t\t\t\t\t<div class=\"e-gallery-item elementor-gallery-item elementor-animated-content\" tabindex=\"0\">\n\t\t\t\t\t<div class=\"e-gallery-image elementor-gallery-item__image\" data-thumbnail=\"https:\/\/campax.org\/wp-content\/uploads\/2023\/12\/Tina-Musil-Board-Member-BW-Cropped-800x800-1.jpg\" data-width=\"800\" data-height=\"800\" aria-label=\"Tina Musil (Vorstand)\" role=\"img\" ><\/div>\n\t\t\t\t\t\t\t\t\t\t\t<div class=\"elementor-gallery-item__overlay\"><\/div>\n\t\t\t\t\t\t\t\t\t\t\t\t\t\t\t<div class=\"elementor-gallery-item__content\">\n\t\t\t\t\t\t\t\t\t\t\t\t\t\t<div class=\"elementor-gallery-item__title\">\n\t\t\t\t\t\t\t\t\t\t\t\t\t\t\t\t\t\tTina Musil\t\t\t\t\t\t\t\t<\/div>\n\t\t\t\t\t\t\t\t\t\t\t\t\t\t\t<div class=\"elementor-gallery-item__description\">\n\t\t\t\t\t\t\t\t\t\t\t\t\t\t\t\t\t\tTina est engag\u00e9e depuis des ann\u00e9es dans la politique anti-discrimination, la d\u00e9mocratie de base et la politique environnementale. Elle a con\u00e7u et mis en \u0153uvre des strat\u00e9gies de collecte de fonds et de marketing direct pour des ONG nationales et internationales \u00e0 Vienne, Londres et Berlin - notamment pour le National Children's Bureau, M\u00e9decins sans fronti\u00e8res, Save the Children et la Croix-Rouge allemande. Depuis 2015, elle est responsable de la collecte de fonds pour notre organisation s\u0153ur Campact.\t\t\t\t\t\t\t\t<\/div>\n\t\t\t\t\t\t\t\t\t\t\t\t<\/div>\n\t\t\t\t\t\t\t\t\t<\/div>\n\t\t\t\t\t\t\t<div class=\"e-gallery-item elementor-gallery-item elementor-animated-content\" tabindex=\"0\">\n\t\t\t\t\t<div class=\"e-gallery-image elementor-gallery-item__image\" data-thumbnail=\"https:\/\/campax.org\/wp-content\/uploads\/2025\/05\/Nora-Wilhelm_800x800-1.png\" data-width=\"800\" data-height=\"800\" aria-label=\"\" role=\"img\" ><\/div>\n\t\t\t\t\t\t\t\t\t\t\t<div class=\"elementor-gallery-item__overlay\"><\/div>\n\t\t\t\t\t\t\t\t\t\t\t\t\t\t\t<div class=\"elementor-gallery-item__content\">\n\t\t\t\t\t\t\t\t\t\t\t\t\t\t<div class=\"elementor-gallery-item__title\">\n\t\t\t\t\t\t\t\t\t\t\t\t\t\t\t\t\t\tNora Wilhelm\t\t\t\t\t\t\t\t<\/div>\n\t\t\t\t\t\t\t\t\t\t\t\t\t\t\t<div class=\"elementor-gallery-item__description\">\n\t\t\t\t\t\t\t\t\t\t\t\t\t\t\t\t\t\tNora est une entrepreneuse sociale et militante pour le changement syst\u00e9mique. Depuis son enfance, elle s'engage pour un avenir juste et r\u00e9g\u00e9n\u00e9rateur. De 2017 \u00e0 2023, elle a mis en place la plateforme suisse pour le travail sur le changement syst\u00e9mique collaboratio helvetica. Avec Parayma, elle soutient d\u00e9sormais les personnes qui souhaitent contribuer \u00e0 un changement de paradigme \u00e0 l'\u00e9chelle mondiale. Au sein de Campax, elle apporte son approche collaborative et son exp\u00e9rience des d\u00e9fis sociaux et \u00e9cologiques complexes.\t\t\t\t\t\t\t\t<\/div>\n\t\t\t\t\t\t\t\t\t\t\t\t<\/div>\n\t\t\t\t\t\t\t\t\t<\/div>\n\t\t\t\t\t<\/div>\n\t\t\t\t\t<\/div>\n\t\t\t\t<\/div>\n\t\t\t\t\t<\/div>\n\t\t<\/div>\n\t\t\t\t\t<\/div>\n\t\t<\/section>\n\t\t\t\t<section class=\"elementor-section elementor-top-section elementor-element elementor-element-64612a1 elementor-section-boxed elementor-section-height-default elementor-section-height-default\" data-id=\"64612a1\" data-element_type=\"section\" id=\"reports\">\n\t\t\t\t\t\t<div class=\"elementor-container elementor-column-gap-default\">\n\t\t\t\t\t<div class=\"elementor-column elementor-col-100 elementor-top-column elementor-element elementor-element-2f42373\" data-id=\"2f42373\" data-element_type=\"column\">\n\t\t\t<div class=\"elementor-widget-wrap elementor-element-populated\">\n\t\t\t\t\t\t<div class=\"elementor-element elementor-element-684685a elementor-widget elementor-widget-spacer\" data-id=\"684685a\" data-element_type=\"widget\" data-widget_type=\"spacer.default\">\n\t\t\t\t<div class=\"elementor-widget-container\">\n\t\t\t\t\t\t\t<div class=\"elementor-spacer\">\n\t\t\t<div class=\"elementor-spacer-inner\"><\/div>\n\t\t<\/div>\n\t\t\t\t\t\t<\/div>\n\t\t\t\t<\/div>\n\t\t\t\t<div class=\"elementor-element elementor-element-10b365d elementor-widget elementor-widget-heading\" data-id=\"10b365d\" data-element_type=\"widget\" data-widget_type=\"heading.default\">\n\t\t\t\t<div class=\"elementor-widget-container\">\n\t\t\t\t\t<h2 class=\"elementor-heading-title elementor-size-default\">Rapports annuels<\/h2>\t\t\t\t<\/div>\n\t\t\t\t<\/div>\n\t\t\t\t<div class=\"elementor-element elementor-element-14cf5c2 elementor-widget elementor-widget-text-editor\" data-id=\"14cf5c2\" data-element_type=\"widget\" data-widget_type=\"text-editor.default\">\n\t\t\t\t<div class=\"elementor-widget-container\">\n\t\t\t\t\t\t\t\t\t<p><a id=\"Jahresberichte\"><\/a>  Tu peux lire dans notre rapport annuel ce que Campax a r\u00e9alis\u00e9 au cours des derni\u00e8res ann\u00e9es :<\/p>\n\t\t\t\t\t\t\t\t<\/div>\n\t\t\t\t<\/div>\n\t\t\t\t<section class=\"elementor-section elementor-inner-section elementor-element elementor-element-459819d elementor-section-boxed elementor-section-height-default elementor-section-height-default\" data-id=\"459819d\" data-element_type=\"section\">\n\t\t\t\t\t\t<div class=\"elementor-container elementor-column-gap-default\">\n\t\t\t\t\t<div class=\"elementor-column elementor-col-33 elementor-inner-column elementor-element elementor-element-7c0f07d\" data-id=\"7c0f07d\" data-element_type=\"column\">\n\t\t\t<div class=\"elementor-widget-wrap elementor-element-populated\">\n\t\t\t\t\t\t<div class=\"elementor-element elementor-element-f0085f9 elementor-align-left elementor-widget__width-inherit elementor-hidden-desktop elementor-hidden-tablet elementor-hidden-mobile elementor-widget elementor-widget-button\" data-id=\"f0085f9\" data-element_type=\"widget\" data-widget_type=\"button.default\">\n\t\t\t\t<div class=\"elementor-widget-container\">\n\t\t\t\t\t\t\t\t\t<div class=\"elementor-button-wrapper\">\n\t\t\t\t\t<a class=\"elementor-button elementor-button-link elementor-size-md\" href=\"https:\/\/new.express.adobe.com\/webpage\/DW5IkpXS8MaLw\" target=\"_blank\" rel=\"noopener\">\n\t\t\t\t\t\t<span class=\"elementor-button-content-wrapper\">\n\t\t\t\t\t\t\t\t\t<span class=\"elementor-button-text\">Rapport annuel 2023<\/span>\n\t\t\t\t\t<\/span>\n\t\t\t\t\t<\/a>\n\t\t\t\t<\/div>\n\t\t\t\t\t\t\t\t<\/div>\n\t\t\t\t<\/div>\n\t\t\t\t\t<\/div>\n\t\t<\/div>\n\t\t\t\t<div class=\"elementor-column elementor-col-33 elementor-inner-column elementor-element elementor-element-1591053\" data-id=\"1591053\" data-element_type=\"column\">\n\t\t\t<div class=\"elementor-widget-wrap elementor-element-populated\">\n\t\t\t\t\t\t<div class=\"elementor-element elementor-element-bd7854b elementor-align-left elementor-widget__width-inherit elementor-widget elementor-widget-button\" data-id=\"bd7854b\" data-element_type=\"widget\" data-widget_type=\"button.default\">\n\t\t\t\t<div class=\"elementor-widget-container\">\n\t\t\t\t\t\t\t\t\t<div class=\"elementor-button-wrapper\">\n\t\t\t\t\t<a class=\"elementor-button elementor-button-link elementor-size-md\" href=\"https:\/\/new.express.adobe.com\/webpage\/fNiOqTb3dtjkW\" target=\"_blank\" rel=\"noopener\">\n\t\t\t\t\t\t<span class=\"elementor-button-content-wrapper\">\n\t\t\t\t\t\t\t\t\t<span class=\"elementor-button-text\">Rapport annuel 2024<\/span>\n\t\t\t\t\t<\/span>\n\t\t\t\t\t<\/a>\n\t\t\t\t<\/div>\n\t\t\t\t\t\t\t\t<\/div>\n\t\t\t\t<\/div>\n\t\t\t\t\t<\/div>\n\t\t<\/div>\n\t\t\t\t<div class=\"elementor-column elementor-col-33 elementor-inner-column elementor-element elementor-element-e52d5e9\" data-id=\"e52d5e9\" data-element_type=\"column\">\n\t\t\t<div class=\"elementor-widget-wrap elementor-element-populated\">\n\t\t\t\t\t\t<div class=\"elementor-element elementor-element-5229641 elementor-align-left elementor-widget__width-inherit elementor-hidden-desktop elementor-hidden-tablet elementor-hidden-mobile elementor-widget elementor-widget-button\" data-id=\"5229641\" data-element_type=\"widget\" data-widget_type=\"button.default\">\n\t\t\t\t<div class=\"elementor-widget-container\">\n\t\t\t\t\t\t\t\t\t<div class=\"elementor-button-wrapper\">\n\t\t\t\t\t<a class=\"elementor-button elementor-button-link elementor-size-md\" href=\"https:\/\/express.adobe.com\/page\/XDa5HKQWk8dWY\/\" target=\"_blank\" rel=\"noopener\">\n\t\t\t\t\t\t<span class=\"elementor-button-content-wrapper\">\n\t\t\t\t\t\t\t\t\t<span class=\"elementor-button-text\">Rapport annuel 2023<\/span>\n\t\t\t\t\t<\/span>\n\t\t\t\t\t<\/a>\n\t\t\t\t<\/div>\n\t\t\t\t\t\t\t\t<\/div>\n\t\t\t\t<\/div>\n\t\t\t\t\t<\/div>\n\t\t<\/div>\n\t\t\t\t\t<\/div>\n\t\t<\/section>\n\t\t\t\t<section class=\"elementor-section elementor-inner-section elementor-element elementor-element-7a4688e elementor-section-boxed elementor-section-height-default elementor-section-height-default\" data-id=\"7a4688e\" data-element_type=\"section\">\n\t\t\t\t\t\t<div class=\"elementor-container elementor-column-gap-default\">\n\t\t\t\t\t<div class=\"elementor-column elementor-col-33 elementor-inner-column elementor-element elementor-element-4bb3121\" data-id=\"4bb3121\" data-element_type=\"column\">\n\t\t\t<div class=\"elementor-widget-wrap elementor-element-populated\">\n\t\t\t\t\t\t<div class=\"elementor-element elementor-element-739eb08 elementor-widget__width-initial elementor-widget elementor-widget-button\" data-id=\"739eb08\" data-element_type=\"widget\" data-widget_type=\"button.default\">\n\t\t\t\t<div class=\"elementor-widget-container\">\n\t\t\t\t\t\t\t\t\t<div class=\"elementor-button-wrapper\">\n\t\t\t\t\t<a class=\"elementor-button elementor-button-link elementor-size-sm\" href=\"https:\/\/new.express.adobe.com\/webpage\/gKwkqt8ydFNYX\" target=\"_blank\" rel=\"noopener\">\n\t\t\t\t\t\t<span class=\"elementor-button-content-wrapper\">\n\t\t\t\t\t\t\t\t\t<span class=\"elementor-button-text\">Rapport annuel 2023<\/span>\n\t\t\t\t\t<\/span>\n\t\t\t\t\t<\/a>\n\t\t\t\t<\/div>\n\t\t\t\t\t\t\t\t<\/div>\n\t\t\t\t<\/div>\n\t\t\t\t\t<\/div>\n\t\t<\/div>\n\t\t\t\t<div class=\"elementor-column elementor-col-33 elementor-inner-column elementor-element elementor-element-67dceab\" data-id=\"67dceab\" data-element_type=\"column\">\n\t\t\t<div class=\"elementor-widget-wrap elementor-element-populated\">\n\t\t\t\t\t\t<div class=\"elementor-element elementor-element-9c976b1 elementor-widget__width-initial elementor-widget elementor-widget-button\" data-id=\"9c976b1\" data-element_type=\"widget\" data-widget_type=\"button.default\">\n\t\t\t\t<div class=\"elementor-widget-container\">\n\t\t\t\t\t\t\t\t\t<div class=\"elementor-button-wrapper\">\n\t\t\t\t\t<a class=\"elementor-button elementor-button-link elementor-size-sm\" href=\"https:\/\/express.adobe.com\/page\/NRB7YvpkwNHdK\/\" target=\"_blank\" rel=\"noopener\">\n\t\t\t\t\t\t<span class=\"elementor-button-content-wrapper\">\n\t\t\t\t\t\t\t\t\t<span class=\"elementor-button-text\">Rapport annuel 2022<\/span>\n\t\t\t\t\t<\/span>\n\t\t\t\t\t<\/a>\n\t\t\t\t<\/div>\n\t\t\t\t\t\t\t\t<\/div>\n\t\t\t\t<\/div>\n\t\t\t\t\t<\/div>\n\t\t<\/div>\n\t\t\t\t<div class=\"elementor-column elementor-col-33 elementor-inner-column elementor-element elementor-element-5144755\" data-id=\"5144755\" data-element_type=\"column\">\n\t\t\t<div class=\"elementor-widget-wrap elementor-element-populated\">\n\t\t\t\t\t\t<div class=\"elementor-element elementor-element-fadcea6 elementor-widget__width-initial elementor-widget elementor-widget-button\" data-id=\"fadcea6\" data-element_type=\"widget\" data-widget_type=\"button.default\">\n\t\t\t\t<div class=\"elementor-widget-container\">\n\t\t\t\t\t\t\t\t\t<div class=\"elementor-button-wrapper\">\n\t\t\t\t\t<a class=\"elementor-button elementor-button-link elementor-size-sm\" href=\"https:\/\/express.adobe.com\/page\/JtdWAyXsqhbSg\/\" target=\"_blank\" rel=\"noopener\">\n\t\t\t\t\t\t<span class=\"elementor-button-content-wrapper\">\n\t\t\t\t\t\t\t\t\t<span class=\"elementor-button-text\">Rapport annuel 2021<\/span>\n\t\t\t\t\t<\/span>\n\t\t\t\t\t<\/a>\n\t\t\t\t<\/div>\n\t\t\t\t\t\t\t\t<\/div>\n\t\t\t\t<\/div>\n\t\t\t\t\t<\/div>\n\t\t<\/div>\n\t\t\t\t\t<\/div>\n\t\t<\/section>\n\t\t\t\t<section class=\"elementor-section elementor-inner-section elementor-element elementor-element-aff3631 elementor-section-boxed elementor-section-height-default elementor-section-height-default\" data-id=\"aff3631\" data-element_type=\"section\">\n\t\t\t\t\t\t<div class=\"elementor-container elementor-column-gap-default\">\n\t\t\t\t\t<div class=\"elementor-column elementor-col-33 elementor-inner-column elementor-element elementor-element-d2ff45f\" data-id=\"d2ff45f\" data-element_type=\"column\">\n\t\t\t<div class=\"elementor-widget-wrap elementor-element-populated\">\n\t\t\t\t\t\t<div class=\"elementor-element elementor-element-6fde0e2 elementor-widget__width-initial elementor-widget elementor-widget-button\" data-id=\"6fde0e2\" data-element_type=\"widget\" data-widget_type=\"button.default\">\n\t\t\t\t<div class=\"elementor-widget-container\">\n\t\t\t\t\t\t\t\t\t<div class=\"elementor-button-wrapper\">\n\t\t\t\t\t<a class=\"elementor-button elementor-button-link elementor-size-sm\" href=\"https:\/\/express.adobe.com\/page\/Du8rjHMcazMqC\/\" target=\"_blank\" rel=\"noopener\">\n\t\t\t\t\t\t<span class=\"elementor-button-content-wrapper\">\n\t\t\t\t\t\t\t\t\t<span class=\"elementor-button-text\">Rapport annuel 2020<\/span>\n\t\t\t\t\t<\/span>\n\t\t\t\t\t<\/a>\n\t\t\t\t<\/div>\n\t\t\t\t\t\t\t\t<\/div>\n\t\t\t\t<\/div>\n\t\t\t\t\t<\/div>\n\t\t<\/div>\n\t\t\t\t<div class=\"elementor-column elementor-col-33 elementor-inner-column elementor-element elementor-element-14235eb\" data-id=\"14235eb\" data-element_type=\"column\">\n\t\t\t<div class=\"elementor-widget-wrap elementor-element-populated\">\n\t\t\t\t\t\t<div class=\"elementor-element elementor-element-2670a53 elementor-widget__width-initial elementor-widget elementor-widget-button\" data-id=\"2670a53\" data-element_type=\"widget\" data-widget_type=\"button.default\">\n\t\t\t\t<div class=\"elementor-widget-container\">\n\t\t\t\t\t\t\t\t\t<div class=\"elementor-button-wrapper\">\n\t\t\t\t\t<a class=\"elementor-button elementor-button-link elementor-size-sm\" href=\"https:\/\/express.adobe.com\/page\/xB5uOxqKxOiCL\/\" target=\"_blank\" rel=\"noopener\">\n\t\t\t\t\t\t<span class=\"elementor-button-content-wrapper\">\n\t\t\t\t\t\t\t\t\t<span class=\"elementor-button-text\">Rapport annuel 2019<\/span>\n\t\t\t\t\t<\/span>\n\t\t\t\t\t<\/a>\n\t\t\t\t<\/div>\n\t\t\t\t\t\t\t\t<\/div>\n\t\t\t\t<\/div>\n\t\t\t\t\t<\/div>\n\t\t<\/div>\n\t\t\t\t<div class=\"elementor-column elementor-col-33 elementor-inner-column elementor-element elementor-element-84cedc0\" data-id=\"84cedc0\" data-element_type=\"column\">\n\t\t\t<div class=\"elementor-widget-wrap elementor-element-populated\">\n\t\t\t\t\t\t<div class=\"elementor-element elementor-element-a846032 elementor-widget__width-initial elementor-widget elementor-widget-button\" data-id=\"a846032\" data-element_type=\"widget\" data-widget_type=\"button.default\">\n\t\t\t\t<div class=\"elementor-widget-container\">\n\t\t\t\t\t\t\t\t\t<div class=\"elementor-button-wrapper\">\n\t\t\t\t\t<a class=\"elementor-button elementor-button-link elementor-size-sm\" href=\"https:\/\/express.adobe.com\/page\/ZrzshrRmAva4N\" target=\"_blank\" rel=\"noopener\">\n\t\t\t\t\t\t<span class=\"elementor-button-content-wrapper\">\n\t\t\t\t\t\t\t\t\t<span class=\"elementor-button-text\">Rapport annuel 2018<\/span>\n\t\t\t\t\t<\/span>\n\t\t\t\t\t<\/a>\n\t\t\t\t<\/div>\n\t\t\t\t\t\t\t\t<\/div>\n\t\t\t\t<\/div>\n\t\t\t\t\t<\/div>\n\t\t<\/div>\n\t\t\t\t\t<\/div>\n\t\t<\/section>\n\t\t\t\t\t<\/div>\n\t\t<\/div>\n\t\t\t\t\t<\/div>\n\t\t<\/section>\n\t\t\t\t<section class=\"elementor-section elementor-top-section elementor-element elementor-element-a397883 elementor-section-boxed elementor-section-height-default elementor-section-height-default\" data-id=\"a397883\" data-element_type=\"section\" id=\"open\">\n\t\t\t\t\t\t<div class=\"elementor-container elementor-column-gap-default\">\n\t\t\t\t\t<div class=\"elementor-column elementor-col-100 elementor-top-column elementor-element elementor-element-c37ac30\" data-id=\"c37ac30\" data-element_type=\"column\">\n\t\t\t<div class=\"elementor-widget-wrap elementor-element-populated\">\n\t\t\t\t\t\t<div class=\"elementor-element elementor-element-1a2a9f2 elementor-widget elementor-widget-spacer\" data-id=\"1a2a9f2\" data-element_type=\"widget\" data-widget_type=\"spacer.default\">\n\t\t\t\t<div class=\"elementor-widget-container\">\n\t\t\t\t\t\t\t<div class=\"elementor-spacer\">\n\t\t\t<div class=\"elementor-spacer-inner\"><\/div>\n\t\t<\/div>\n\t\t\t\t\t\t<\/div>\n\t\t\t\t<\/div>\n\t\t\t\t<div class=\"elementor-element elementor-element-f3c985c elementor-widget elementor-widget-heading\" data-id=\"f3c985c\" data-element_type=\"widget\" data-widget_type=\"heading.default\">\n\t\t\t\t<div class=\"elementor-widget-container\">\n\t\t\t\t\t<h2 class=\"elementor-heading-title elementor-size-default\">Open<\/h2>\t\t\t\t<\/div>\n\t\t\t\t<\/div>\n\t\t\t\t<div class=\"elementor-element elementor-element-e60d2d9 elementor-widget elementor-widget-text-editor\" data-id=\"e60d2d9\" data-element_type=\"widget\" data-widget_type=\"text-editor.default\">\n\t\t\t\t<div class=\"elementor-widget-container\">\n\t\t\t\t\t\t\t\t\t<p><strong>Campax est membre d&rsquo;OPEN, le r\u00e9seau d&rsquo;engagement progressif en ligne.<\/strong><\/p>\n<\/p>\n<p>Chaque jour, les groupes OPEN permettent \u00e0 des millions de citoyens d&rsquo;agir en ligne et hors ligne. En tant qu&rsquo;organisateurs et militants progressistes, ils sont confront\u00e9s \u00e0 des d\u00e9fis multinationaux tels que le changement climatique, les mauvais accords commerciaux et l&rsquo;\u00e9rosion de l&rsquo;acc\u00e8s \u00e0 la d\u00e9mocratie. Pourtant, les moyens les plus efficaces dont disposent les citoyens pour relever ces d\u00e9fis sont presque toujours au niveau national, ce qui modifie l&rsquo;ordre public, les m\u00e9dias et leurs communaut\u00e9s.<\/p>\n<\/p>\n<p>Chaque organisation membre d&rsquo;OPEN est un groupe ind\u00e9pendant qui travaille dans son contexte national. Mais les groupes OPEN r\u00e9solvent et innovent ensemble. Ils partagent des recherches, des outils et des tactiques qui construisent notre pouvoir collectif. Et nous \u00e9tablissons des relations de confiance qui permettent aux diff\u00e9rentes organisations de devenir plus fortes ensemble.<\/p>\n<\/p>\n<p>Pour les questions d&rsquo;envergure mondiale, nous cherchons ensemble les moyens d&rsquo;agir et de parler d&rsquo;une seule voix. OPEN est un r\u00e9seau unique, cr\u00e9\u00e9 pour r\u00e9pondre aux d\u00e9fis d&rsquo;un monde de plus en plus complexe.<\/p>\n\t\t\t\t\t\t\t\t<\/div>\n\t\t\t\t<\/div>\n\t\t\t\t<div class=\"elementor-element elementor-element-80b1217 elementor-widget elementor-widget-spacer\" data-id=\"80b1217\" data-element_type=\"widget\" data-widget_type=\"spacer.default\">\n\t\t\t\t<div class=\"elementor-widget-container\">\n\t\t\t\t\t\t\t<div class=\"elementor-spacer\">\n\t\t\t<div class=\"elementor-spacer-inner\"><\/div>\n\t\t<\/div>\n\t\t\t\t\t\t<\/div>\n\t\t\t\t<\/div>\n\t\t\t\t\t<\/div>\n\t\t<\/div>\n\t\t\t\t\t<\/div>\n\t\t<\/section>\n\t\t\t\t<section class=\"elementor-section elementor-top-section elementor-element elementor-element-582b4dba elementor-section-boxed elementor-section-height-default elementor-section-height-default\" data-id=\"582b4dba\" data-element_type=\"section\">\n\t\t\t\t\t\t<div class=\"elementor-container elementor-column-gap-default\">\n\t\t\t\t\t<div class=\"elementor-column elementor-col-100 elementor-top-column elementor-element elementor-element-1e9763bd\" data-id=\"1e9763bd\" data-element_type=\"column\">\n\t\t\t<div class=\"elementor-widget-wrap elementor-element-populated\">\n\t\t\t\t\t\t<div class=\"elementor-element elementor-element-8db3a9e elementor-widget elementor-widget-text-editor\" data-id=\"8db3a9e\" data-element_type=\"widget\" data-widget_type=\"text-editor.default\">\n\t\t\t\t<div class=\"elementor-widget-container\">\n\t\t\t\t\t\t\t\t\t<h3>Nous ne prenons pas d&rsquo;argent des entreprises et des associations.<\/h3>\t\t\t\t\t\t\t\t<\/div>\n\t\t\t\t<\/div>\n\t\t\t\t<div class=\"elementor-element elementor-element-d0c57a0 elementor-widget elementor-widget-text-editor\" data-id=\"d0c57a0\" data-element_type=\"widget\" data-widget_type=\"text-editor.default\">\n\t\t\t\t<div class=\"elementor-widget-container\">\n\t\t\t\t\t\t\t\t\t<p>Aide Campax \u00e0 assurer son ind\u00e9pendance en faisant un don et \u00e0 r\u00e9agir rapidement et durablement aux probl\u00e8mes.<\/p>\n\t\t\t\t\t\t\t\t<\/div>\n\t\t\t\t<\/div>\n\t\t\t\t<div class=\"elementor-element elementor-element-3af38c3 elementor-align-center elementor-widget elementor-widget-button\" data-id=\"3af38c3\" data-element_type=\"widget\" data-widget_type=\"button.default\">\n\t\t\t\t<div class=\"elementor-widget-container\">\n\t\t\t\t\t\t\t\t\t<div class=\"elementor-button-wrapper\">\n\t\t\t\t\t<a class=\"elementor-button elementor-button-link elementor-size-md\" href=\"https:\/\/campax.org\/fr\/jetzt-spenden\/\">\n\t\t\t\t\t\t<span class=\"elementor-button-content-wrapper\">\n\t\t\t\t\t\t<span class=\"elementor-button-icon\">\n\t\t\t\t<i aria-hidden=\"true\" class=\"far fa-heart\"><\/i>\t\t\t<\/span>\n\t\t\t\t\t\t\t\t\t<span class=\"elementor-button-text\">Faites un don maintenant !<\/span>\n\t\t\t\t\t<\/span>\n\t\t\t\t\t<\/a>\n\t\t\t\t<\/div>\n\t\t\t\t\t\t\t\t<\/div>\n\t\t\t\t<\/div>\n\t\t\t\t\t<\/div>\n\t\t<\/div>\n\t\t\t\t\t<\/div>\n\t\t<\/section>\n\t\t\t\t<\/div>\n\t\t","protected":false},"excerpt":{"rendered":"<p>\u00c0 propos de Campax Campax est une organisation progressiste qui mobilise rapidement des milliers de personnes en faveur d&rsquo;une Suisse \u00e9quitable et \u00e9cologique.\u00a0Depuis 2017, nous menons des campagnes sur les questions importantes de notre \u00e9poque et donnons aux gens le pouvoir de lancer leurs propres campagnes et de les mener \u00e0 bien. Nous voulons une [&hellip;]<\/p>\n","protected":false},"author":20,"featured_media":0,"parent":0,"menu_order":0,"comment_status":"closed","ping_status":"closed","template":"","meta":{"_acf_changed":false,"footnotes":""},"categories":[152,156],"tags":[],"class_list":["post-28348","page","type-page","status-publish","hentry","category-page-infos","category-overview"],"acf":[],"publishpress_future_action":{"enabled":false,"date":"2026-08-07 14:57:00","action":"change-status","newStatus":"draft","terms":[],"taxonomy":"category","extraData":[]},"publishpress_future_workflow_manual_trigger":{"enabledWorkflows":[]},"_links":{"self":[{"href":"https:\/\/campax.org\/fr\/wp-json\/wp\/v2\/pages\/28348","targetHints":{"allow":["GET"]}}],"collection":[{"href":"https:\/\/campax.org\/fr\/wp-json\/wp\/v2\/pages"}],"about":[{"href":"https:\/\/campax.org\/fr\/wp-json\/wp\/v2\/types\/page"}],"author":[{"embeddable":true,"href":"https:\/\/campax.org\/fr\/wp-json\/wp\/v2\/users\/20"}],"replies":[{"embeddable":true,"href":"https:\/\/campax.org\/fr\/wp-json\/wp\/v2\/comments?post=28348"}],"version-history":[{"count":102,"href":"https:\/\/campax.org\/fr\/wp-json\/wp\/v2\/pages\/28348\/revisions"}],"predecessor-version":[{"id":73279,"href":"https:\/\/campax.org\/fr\/wp-json\/wp\/v2\/pages\/28348\/revisions\/73279"}],"wp:attachment":[{"href":"https:\/\/campax.org\/fr\/wp-json\/wp\/v2\/media?parent=28348"}],"wp:term":[{"taxonomy":"category","embeddable":true,"href":"https:\/\/campax.org\/fr\/wp-json\/wp\/v2\/categories?post=28348"},{"taxonomy":"post_tag","embeddable":true,"href":"https:\/\/campax.org\/fr\/wp-json\/wp\/v2\/tags?post=28348"}],"curies":[{"name":"wp","href":"https:\/\/api.w.org\/{rel}","templated":true}]}}