{"id":28198,"date":"2022-11-02T11:44:06","date_gmt":"2022-11-02T10:44:06","guid":{"rendered":"https:\/\/campax.org\/medienstelle\/"},"modified":"2025-02-19T11:58:58","modified_gmt":"2025-02-19T10:58:58","slug":"medienstelle","status":"publish","type":"page","link":"https:\/\/campax.org\/fr\/medienstelle\/","title":{"rendered":"Service de presse"},"content":{"rendered":"\t\t<div data-elementor-type=\"wp-page\" data-elementor-id=\"28198\" class=\"elementor elementor-28198 elementor-27255\" data-elementor-post-type=\"page\">\n\t\t\t\t\t\t<section class=\"elementor-section elementor-top-section elementor-element elementor-element-86ffac2 elementor-section-boxed elementor-section-height-default elementor-section-height-default\" data-id=\"86ffac2\" data-element_type=\"section\">\n\t\t\t\t\t\t<div class=\"elementor-container elementor-column-gap-default\">\n\t\t\t\t\t<div class=\"elementor-column elementor-col-100 elementor-top-column elementor-element elementor-element-23fd704\" data-id=\"23fd704\" data-element_type=\"column\">\n\t\t\t<div class=\"elementor-widget-wrap elementor-element-populated\">\n\t\t\t\t\t\t<div class=\"elementor-element elementor-element-1ee9c85 elementor-widget elementor-widget-heading\" data-id=\"1ee9c85\" data-element_type=\"widget\" data-widget_type=\"heading.default\">\n\t\t\t\t<div class=\"elementor-widget-container\">\n\t\t\t\t\t<h1 class=\"elementor-heading-title elementor-size-default\">M\u00e9dias Contact<\/h1>\t\t\t\t<\/div>\n\t\t\t\t<\/div>\n\t\t\t\t\t<\/div>\n\t\t<\/div>\n\t\t\t\t\t<\/div>\n\t\t<\/section>\n\t\t\t\t<section class=\"elementor-section elementor-top-section elementor-element elementor-element-3386f56 elementor-section-boxed elementor-section-height-default elementor-section-height-default\" data-id=\"3386f56\" data-element_type=\"section\">\n\t\t\t\t\t\t<div class=\"elementor-container elementor-column-gap-default\">\n\t\t\t\t\t<div class=\"elementor-column elementor-col-50 elementor-top-column elementor-element elementor-element-185d196\" data-id=\"185d196\" data-element_type=\"column\">\n\t\t\t<div class=\"elementor-widget-wrap elementor-element-populated\">\n\t\t\t\t\t\t<div class=\"elementor-element elementor-element-a39f0e8 elementor-widget elementor-widget-text-editor\" data-id=\"a39f0e8\" data-element_type=\"widget\" data-widget_type=\"text-editor.default\">\n\t\t\t\t<div class=\"elementor-widget-container\">\n\t\t\t\t\t\t\t\t\t<p>Vous pouvez joindre le service de presse de Campax au :\u00a0<a style=\"background-color: #ffffff; font-family: var( --e-global-typography-text-font-family ), Sans-serif; font-size: 1rem; font-weight: var( --e-global-typography-text-font-weight ); text-wrap-mode: nowrap;\" href=\"tel:+410445624484\">044 562 44 84<\/a><br \/>ou par e-mail : medien@campax.org<\/p>\t\t\t\t\t\t\t\t<\/div>\n\t\t\t\t<\/div>\n\t\t\t\t\t<\/div>\n\t\t<\/div>\n\t\t\t\t<div class=\"elementor-column elementor-col-50 elementor-top-column elementor-element elementor-element-13e5968\" data-id=\"13e5968\" data-element_type=\"column\">\n\t\t\t<div class=\"elementor-widget-wrap elementor-element-populated\">\n\t\t\t\t\t\t<div class=\"elementor-element elementor-element-d39914f elementor-widget elementor-widget-text-editor\" data-id=\"d39914f\" data-element_type=\"widget\" data-widget_type=\"text-editor.default\">\n\t\t\t\t<div class=\"elementor-widget-container\">\n\t\t\t\t\t\t\t\t\t<p>Vous trouverez des photos et des vid\u00e9os sur <a href=\"https:\/\/www.flickr.com\/photos\/139861776@N02\/\" target=\"_blank\" rel=\"noopener\">Flickr<\/a> et <a href=\"https:\/\/vimeo.com\/campax\" target=\"_blank\" rel=\"noopener\">Vimeo<\/a>.<\/p>\t\t\t\t\t\t\t\t<\/div>\n\t\t\t\t<\/div>\n\t\t\t\t\t<\/div>\n\t\t<\/div>\n\t\t\t\t\t<\/div>\n\t\t<\/section>\n\t\t\t\t<section class=\"elementor-section elementor-top-section elementor-element elementor-element-9edaeba elementor-section-boxed elementor-section-height-default elementor-section-height-default\" data-id=\"9edaeba\" data-element_type=\"section\">\n\t\t\t\t\t\t<div class=\"elementor-container elementor-column-gap-default\">\n\t\t\t\t\t<div class=\"elementor-column elementor-col-100 elementor-top-column elementor-element elementor-element-f8f8b28\" data-id=\"f8f8b28\" data-element_type=\"column\">\n\t\t\t<div class=\"elementor-widget-wrap elementor-element-populated\">\n\t\t\t\t\t\t<div class=\"elementor-element elementor-element-3df6876 elementor-widget elementor-widget-heading\" data-id=\"3df6876\" data-element_type=\"widget\" data-widget_type=\"heading.default\">\n\t\t\t\t<div class=\"elementor-widget-container\">\n\t\t\t\t\t<h1 class=\"elementor-heading-title elementor-size-default\">Communiqu\u00e9s de presse<\/h1>\t\t\t\t<\/div>\n\t\t\t\t<\/div>\n\t\t\t\t\t<\/div>\n\t\t<\/div>\n\t\t\t\t\t<\/div>\n\t\t<\/section>\n\t\t\t\t<section class=\"elementor-section elementor-top-section elementor-element elementor-element-a37a911 elementor-section-boxed elementor-section-height-default elementor-section-height-default\" data-id=\"a37a911\" data-element_type=\"section\">\n\t\t\t\t\t\t<div class=\"elementor-container elementor-column-gap-default\">\n\t\t\t\t\t<div class=\"elementor-column elementor-col-100 elementor-top-column elementor-element elementor-element-ecc4cb3\" data-id=\"ecc4cb3\" data-element_type=\"column\">\n\t\t\t<div class=\"elementor-widget-wrap elementor-element-populated\">\n\t\t\t\t\t\t<div class=\"elementor-element elementor-element-9af77ec elementor-widget elementor-widget-postgridfilter\" data-id=\"9af77ec\" data-element_type=\"widget\" data-widget_type=\"postgridfilter.default\">\n\t\t\t\t<div class=\"elementor-widget-container\">\n\t\t\t\t\t<div\n\t        \t\tclass=\"pgf_wrapper pgf_default\"\n\t        \t\tid=\"pgf_postgridsortable9af77ec\"\n\t        \t\tdata-posts_per_page=\"12\"\n\t\t\t\t\tdata-tpl=\"template.php\"\n\t\t\t\t\tdata-settings=\"{&quot;category_ids&quot;:[&quot;15&quot;,&quot;16&quot;,&quot;17&quot;,&quot;18&quot;,&quot;20&quot;,&quot;22&quot;],&quot;category_exclude_ids&quot;:[&quot;8&quot;],&quot;post_tag_ids&quot;:&quot;&quot;,&quot;post_tag_exclude_ids&quot;:&quot;&quot;,&quot;post_format_ids&quot;:&quot;&quot;,&quot;post_format_exclude_ids&quot;:&quot;&quot;,&quot;translation_priority_ids&quot;:&quot;&quot;,&quot;translation_priority_exclude_ids&quot;:&quot;&quot;,&quot;template_style&quot;:&quot;default&quot;,&quot;display_image&quot;:&quot;yes&quot;,&quot;filter_content&quot;:&quot;default&quot;,&quot;columns_per_row&quot;:3,&quot;read_more_text&quot;:&quot;Read More&quot;,&quot;post_types&quot;:&quot;post&quot;,&quot;posts_per_page&quot;:12,&quot;thumbnail_size_size&quot;:&quot;site-thumbnail&quot;,&quot;thumbnail_size_custom_dimension&quot;:null,&quot;id&quot;:&quot;postgridsortable9af77ec&quot;}\"\n\t\t\t\t\tdata-filter_tab=\"all\"\n\t\t\t\t\tdata-filter_clicked=\"no\"\n\t\t\t\t\t\n\t        \t><ul class=\"pfg_filter_wrapper\" ><li class=\"tab_item tab_active\"><a href=\"#\" data-slug=\"Tout\" class=\"tab_item_link\" data-id=\"all\">Tout<\/a><\/li><li class=\"tab_item\"><a href=\"#\" class=\"tab_item_link\" data-id=\"15\" data-slug=\"wahlen-abstimmungen\">Wahlen &amp; Abstimmungen<\/a><\/li><li class=\"tab_item\"><a href=\"#\" class=\"tab_item_link\" data-id=\"16\" data-slug=\"flucht-asyl\">Flucht &amp; Asyl<\/a><\/li><li class=\"tab_item\"><a href=\"#\" class=\"tab_item_link\" data-id=\"17\" data-slug=\"gleichstellung\">Gleichstellung<\/a><\/li><li class=\"tab_item\"><a href=\"#\" class=\"tab_item_link\" data-id=\"18\" data-slug=\"klima\">Klima<\/a><\/li><li class=\"tab_item\"><a href=\"#\" class=\"tab_item_link\" data-id=\"20\" data-slug=\"tiere\">Tiere<\/a><\/li><li class=\"tab_item\"><a href=\"#\" class=\"tab_item_link\" data-id=\"22\" data-slug=\"menschenrechte\">Menschenrechte<\/a><\/li><\/ul><div\n\t\t        \t\tclass=\"pfg_inner_wrapper wbel_pgf_alm_wrapper wbel_pgf_alm_default pfg_pd_alm_default\"\n\t\t        \t><div class=\"pgf_ps_item pgf_alm_item pgf_repeater_item \" data-lng=\"216.73.216.216,216.73.216.216\">\n\t<div class=\"pgf_alm_single_item\">\n\t\t\t<div class=\"pd_alm_thumbnail\">\n\t\t\t<a href=\"https:\/\/campax.org\/fr\/remise-de-la-petition-a-ramiswil\/\">\n\t\t\t\t<img decoding=\"async\" data-src=\"https:\/\/campax.org\/wp-content\/uploads\/2025\/12\/Design-ohne-Titel-11-346x260.png\" title=\"Design ohne Titel (11)\" alt=\"Design ohne Titel (11)\" src=\"data:image\/svg+xml;base64,PHN2ZyB3aWR0aD0iMSIgaGVpZ2h0PSIxIiB4bWxucz0iaHR0cDovL3d3dy53My5vcmcvMjAwMC9zdmciPjwvc3ZnPg==\" class=\"lazyload\" style=\"--smush-placeholder-width: 346px; --smush-placeholder-aspect-ratio: 346\/260;\" \/>\t\t\t<\/a>\n\t\t<\/div>\n\t\t\t\t<div class=\"pgf_alm_content\">\n\t\t    <div class=\"meta_data\">\n\t\t\t   <ul class=\"meta_data_list\">\n\t\t\t\t<li class=\"meta_item icon-date\">17. d\u00e9cembre 2025<\/li>\n\t\t\t\t<!--<li class=\"meta_item icon-time\">14:02<\/li> -->\n\n\t\t\t\t\t\t\t\t\t<li class=\"meta_item icon-cat\">\n\t\t\t\t\t<a href=\"https:\/\/campax.org\/it\/category\/campagne-temi\/animali\/\">\n\t\t\t\t\t\tAnimali\t\t\t\t\t<\/a>\n\t\t\t\t\t<\/li>\n\n\t\t\t\t\t\t\t\t\t<li class=\"meta_item icon-cat\">\n\t\t\t\t\t<a href=\"https:\/\/campax.org\/fr\/category\/themes\/animaux\/\">\n\t\t\t\t\t\tAnimaux\t\t\t\t\t<\/a>\n\t\t\t\t\t<\/li>\n\n\t\t\t\t\t\t\t\t\t<li class=\"meta_item icon-cat\">\n\t\t\t\t\t<a href=\"https:\/\/campax.org\/it\/category\/functions-fr\/community-it\/\">\n\t\t\t\t\t\tCommunity\t\t\t\t\t<\/a>\n\t\t\t\t\t<\/li>\n\n\t\t\t\t\t\t\t\t\t<li class=\"meta_item icon-cat\">\n\t\t\t\t\t<a href=\"https:\/\/campax.org\/de\/category\/functions\/community\/\">\n\t\t\t\t\t\tCommunity\t\t\t\t\t<\/a>\n\t\t\t\t\t<\/li>\n\n\t\t\t\t\t\t\t\t\t<li class=\"meta_item icon-cat\">\n\t\t\t\t\t<a href=\"https:\/\/campax.org\/fr\/category\/fonctions-fr\/community-fr\/\">\n\t\t\t\t\t\tCommunity\t\t\t\t\t<\/a>\n\t\t\t\t\t<\/li>\n\n\t\t\t\t\t\t\t\t\t<li class=\"meta_item icon-cat\">\n\t\t\t\t\t<a href=\"https:\/\/campax.org\/it\/category\/campagne-temi\/generale\/\">\n\t\t\t\t\t\tGenerale\t\t\t\t\t<\/a>\n\t\t\t\t\t<\/li>\n\n\t\t\t\t\t\t\t\t\t<li class=\"meta_item icon-cat\">\n\t\t\t\t\t<a href=\"https:\/\/campax.org\/fr\/category\/themes\/generalites\/\">\n\t\t\t\t\t\tG\u00e9n\u00e9ralit\u00e9s\t\t\t\t\t<\/a>\n\t\t\t\t\t<\/li>\n\n\t\t\t\t\t\t\t\t\t<li class=\"meta_item icon-cat\">\n\t\t\t\t\t<a href=\"https:\/\/campax.org\/fr\/category\/fonctions-fr\/page-information\/\">\n\t\t\t\t\t\tInformations\t\t\t\t\t<\/a>\n\t\t\t\t\t<\/li>\n\n\t\t\t\t\t\t\t\t\t<li class=\"meta_item icon-cat\">\n\t\t\t\t\t<a href=\"https:\/\/campax.org\/it\/category\/functions-fr\/page-information-it\/\">\n\t\t\t\t\t\tInformazioni\t\t\t\t\t<\/a>\n\t\t\t\t\t<\/li>\n\n\t\t\t\t\t\t\t\t\t<li class=\"meta_item icon-cat\">\n\t\t\t\t\t<a href=\"https:\/\/campax.org\/it\/category\/contenuto\/news-it\/\">\n\t\t\t\t\t\tNotizie\t\t\t\t\t<\/a>\n\t\t\t\t\t<\/li>\n\n\t\t\t\t\t\t\t\t\n\t\t\t\t\n\t\t\t\t<\/ul>\n\t\t\t<\/div>\n\t\t\t<div class=\"pgf_alm_title\">\n\t\t\t\t<h2><a href=\"https:\/\/campax.org\/fr\/remise-de-la-petition-a-ramiswil\/\">Remise de la p\u00e9tition \u00e0 Ramiswil<\/a><\/h2>\n\t\t\t<\/div>\n\n\t\t\t<div class=\"pgf_alm_description\">\n\t\t\t\n\t\t\t\t<div class=\"pgf_alm_text\"><p>Succ\u00e8s \u00e0 Soleure : nous avons remis la p\u00e9tition pour Ramiswil !Un signal fort pour une meilleure protection des animaux : le mercredi 17 d\u00e9cembre 2025, nous avons officiellement remis la p\u00e9tition \u00ab 120 chiens morts : nous demandons l\u2019analyse\u2026<\/p>\n<\/div>\n\t\t\t\t\n\t\t\t\t\t\t\t\t\t<div class=\"pgf_alm_readmore\">\n\t\t\t\t\t\t<a class=\"pgf_alm_readmore_link\" href=\"https:\/\/campax.org\/fr\/remise-de-la-petition-a-ramiswil\/\">Read More<\/a>\n\t\t\t\t\t<\/div>\n\t\t\t\t\t\t\t<\/div>\n\t\t\n\t\t<\/div>\n\t<\/div>\n<\/div><div class=\"pgf_ps_item pgf_alm_item pgf_repeater_item \" data-lng=\"216.73.216.216,216.73.216.216\">\n\t<div class=\"pgf_alm_single_item\">\n\t\t\t<div class=\"pd_alm_thumbnail\">\n\t\t\t<a href=\"https:\/\/campax.org\/fr\/staenderat-emailaktion-gewalt-an-frauen\/\">\n\t\t\t\t\t\t\t<\/a>\n\t\t<\/div>\n\t\t\t\t<div class=\"pgf_alm_content\">\n\t\t    <div class=\"meta_data\">\n\t\t\t   <ul class=\"meta_data_list\">\n\t\t\t\t<li class=\"meta_item icon-date\">09. d\u00e9cembre 2025<\/li>\n\t\t\t\t<!--<li class=\"meta_item icon-time\">15:22<\/li> -->\n\n\t\t\t\t\t\t\t\t\t<li class=\"meta_item icon-cat\">\n\t\t\t\t\t<a href=\"https:\/\/campax.org\/fr\/category\/contenu\/action-fr\/\">\n\t\t\t\t\t\tAction Online\t\t\t\t\t<\/a>\n\t\t\t\t\t<\/li>\n\n\t\t\t\t\t\t\t\t\t<li class=\"meta_item icon-cat\">\n\t\t\t\t\t<a href=\"https:\/\/campax.org\/fr\/category\/plate-forme\/campax-fr\/\">\n\t\t\t\t\t\tCampax\t\t\t\t\t<\/a>\n\t\t\t\t\t<\/li>\n\n\t\t\t\t\t\t\t\t\t<li class=\"meta_item icon-cat\">\n\t\t\t\t\t<a href=\"https:\/\/campax.org\/fr\/category\/themes\/egalite\/\">\n\t\t\t\t\t\t\u00c9galit\u00e9 des chances\t\t\t\t\t<\/a>\n\t\t\t\t\t<\/li>\n\n\t\t\t\t\t\t\t\t\n\t\t\t\t\n\t\t\t\t<\/ul>\n\t\t\t<\/div>\n\t\t\t<div class=\"pgf_alm_title\">\n\t\t\t\t<h2><a href=\"https:\/\/campax.org\/fr\/staenderat-emailaktion-gewalt-an-frauen\/\">27 f\u00e9minicides \u2013 et pas d&rsquo;argent pour lutter contre la violence faite aux femmes ?!<\/a><\/h2>\n\t\t\t<\/div>\n\n\t\t\t<div class=\"pgf_alm_description\">\n\t\t\t\n\t\t\t\t<div class=\"pgf_alm_text\"><p>27 f\u00e9minicides \u2013 et pas d'argent pour lutter contre la violence faite aux femmes ?! Nous avons gagn\u00e9 ! Merci pour votre engagement ! Pr\u00e8s de 1 200 mails ont \u00e9t\u00e9 envoy\u00e9s hier aux membres du Conseil des \u00c9tats et\u2026<\/p>\n<\/div>\n\t\t\t\t\n\t\t\t\t\t\t\t\t\t<div class=\"pgf_alm_readmore\">\n\t\t\t\t\t\t<a class=\"pgf_alm_readmore_link\" href=\"https:\/\/campax.org\/fr\/staenderat-emailaktion-gewalt-an-frauen\/\">Read More<\/a>\n\t\t\t\t\t<\/div>\n\t\t\t\t\t\t\t<\/div>\n\t\t\n\t\t<\/div>\n\t<\/div>\n<\/div><div class=\"pgf_ps_item pgf_alm_item pgf_repeater_item \" data-lng=\"216.73.216.216,216.73.216.216\">\n\t<div class=\"pgf_alm_single_item\">\n\t\t\t<div class=\"pd_alm_thumbnail\">\n\t\t\t<a href=\"https:\/\/campax.org\/fr\/l-union-des-paysans-et-les-faits\/\">\n\t\t\t\t\t\t\t<\/a>\n\t\t<\/div>\n\t\t\t\t<div class=\"pgf_alm_content\">\n\t\t    <div class=\"meta_data\">\n\t\t\t   <ul class=\"meta_data_list\">\n\t\t\t\t<li class=\"meta_item icon-date\">09. octobre 2025<\/li>\n\t\t\t\t<!--<li class=\"meta_item icon-time\">11:22<\/li> -->\n\n\t\t\t\t\t\t\t\t\t<li class=\"meta_item icon-cat\">\n\t\t\t\t\t<a href=\"https:\/\/campax.org\/fr\/category\/contenu\/action-fr\/\">\n\t\t\t\t\t\tAction Online\t\t\t\t\t<\/a>\n\t\t\t\t\t<\/li>\n\n\t\t\t\t\t\t\t\t\t<li class=\"meta_item icon-cat\">\n\t\t\t\t\t<a href=\"https:\/\/campax.org\/fr\/category\/themes\/animaux\/\">\n\t\t\t\t\t\tAnimaux\t\t\t\t\t<\/a>\n\t\t\t\t\t<\/li>\n\n\t\t\t\t\t\t\t\t\t<li class=\"meta_item icon-cat\">\n\t\t\t\t\t<a href=\"https:\/\/campax.org\/fr\/category\/plate-forme\/campax-fr\/\">\n\t\t\t\t\t\tCampax\t\t\t\t\t<\/a>\n\t\t\t\t\t<\/li>\n\n\t\t\t\t\t\t\t\t\t<li class=\"meta_item icon-cat\">\n\t\t\t\t\t<a href=\"https:\/\/campax.org\/fr\/category\/non-classifiee\/\">\n\t\t\t\t\t\tNon classifi\u00e9(e)\t\t\t\t\t<\/a>\n\t\t\t\t\t<\/li>\n\n\t\t\t\t\t\t\t\t\n\t\t\t\t\n\t\t\t\t<\/ul>\n\t\t\t<\/div>\n\t\t\t<div class=\"pgf_alm_title\">\n\t\t\t\t<h2><a href=\"https:\/\/campax.org\/fr\/l-union-des-paysans-et-les-faits\/\">L&rsquo;Union des paysans et les faits<\/a><\/h2>\n\t\t\t<\/div>\n\n\t\t\t<div class=\"pgf_alm_description\">\n\t\t\t\n\t\t\t\t<div class=\"pgf_alm_text\"><p>L\u2019Union suisse des paysans (USP) ignore les faits \u2013 il est maintenant essentiel que les m\u00e9dias approfondissent la question. Des centaines de loups ont d\u00e9j\u00e0 \u00e9t\u00e9 abattus en Suisse \u00ab afin de prot\u00e9ger les animaux dans l'agriculture \u00bb. M\u00eame l\u2019Union\u2026<\/p>\n<\/div>\n\t\t\t\t\n\t\t\t\t\t\t\t\t\t<div class=\"pgf_alm_readmore\">\n\t\t\t\t\t\t<a class=\"pgf_alm_readmore_link\" href=\"https:\/\/campax.org\/fr\/l-union-des-paysans-et-les-faits\/\">Read More<\/a>\n\t\t\t\t\t<\/div>\n\t\t\t\t\t\t\t<\/div>\n\t\t\n\t\t<\/div>\n\t<\/div>\n<\/div><div class=\"pgf_ps_item pgf_alm_item pgf_repeater_item \" data-lng=\"216.73.216.216,216.73.216.216\">\n\t<div class=\"pgf_alm_single_item\">\n\t\t\t<div class=\"pd_alm_thumbnail\">\n\t\t\t<a href=\"https:\/\/campax.org\/fr\/un-puzzle-incomplet-au-pied-de-lubs\/\">\n\t\t\t\t\t\t\t<\/a>\n\t\t<\/div>\n\t\t\t\t<div class=\"pgf_alm_content\">\n\t\t    <div class=\"meta_data\">\n\t\t\t   <ul class=\"meta_data_list\">\n\t\t\t\t<li class=\"meta_item icon-date\">18. septembre 2025<\/li>\n\t\t\t\t<!--<li class=\"meta_item icon-time\">13:10<\/li> -->\n\n\t\t\t\t\t\t\t\t\t<li class=\"meta_item icon-cat\">\n\t\t\t\t\t<a href=\"https:\/\/campax.org\/fr\/category\/plate-forme\/campax-fr\/\">\n\t\t\t\t\t\tCampax\t\t\t\t\t<\/a>\n\t\t\t\t\t<\/li>\n\n\t\t\t\t\t\t\t\t\t<li class=\"meta_item icon-cat\">\n\t\t\t\t\t<a href=\"https:\/\/campax.org\/fr\/category\/themes\/clima-fr\/\">\n\t\t\t\t\t\tClima\t\t\t\t\t<\/a>\n\t\t\t\t\t<\/li>\n\n\t\t\t\t\t\t\t\t\t<li class=\"meta_item icon-cat\">\n\t\t\t\t\t<a href=\"https:\/\/campax.org\/fr\/category\/non-classifiee\/\">\n\t\t\t\t\t\tNon classifi\u00e9(e)\t\t\t\t\t<\/a>\n\t\t\t\t\t<\/li>\n\n\t\t\t\t\t\t\t\t\n\t\t\t\t\n\t\t\t\t<\/ul>\n\t\t\t<\/div>\n\t\t\t<div class=\"pgf_alm_title\">\n\t\t\t\t<h2><a href=\"https:\/\/campax.org\/fr\/un-puzzle-incomplet-au-pied-de-lubs\/\">Un puzzle incomplet au pied de l\u2019UBS<\/a><\/h2>\n\t\t\t<\/div>\n\n\t\t\t<div class=\"pgf_alm_description\">\n\t\t\t\n\t\t\t\t<div class=\"pgf_alm_text\"><p>Un puzzle incomplet au pied de l\u2019UBS L\u2019UBS refuse toujours de dire non publiquement au financement de l\u2019EACOP (East African Crude Oil Pipeline), un ol\u00e9oduc g\u00e9ant pilot\u00e9 notamment par TotalEnergies. Ce projet en cours de construction menace des \u00e9cosyst\u00e8mes uniques,\u2026<\/p>\n<\/div>\n\t\t\t\t\n\t\t\t\t\t\t\t\t\t<div class=\"pgf_alm_readmore\">\n\t\t\t\t\t\t<a class=\"pgf_alm_readmore_link\" href=\"https:\/\/campax.org\/fr\/un-puzzle-incomplet-au-pied-de-lubs\/\">Read More<\/a>\n\t\t\t\t\t<\/div>\n\t\t\t\t\t\t\t<\/div>\n\t\t\n\t\t<\/div>\n\t<\/div>\n<\/div><div class=\"pgf_ps_item pgf_alm_item pgf_repeater_item \" data-lng=\"216.73.216.216,216.73.216.216\">\n\t<div class=\"pgf_alm_single_item\">\n\t\t\t<div class=\"pd_alm_thumbnail\">\n\t\t\t<a href=\"https:\/\/campax.org\/fr\/signez-maintenant-lappel-les-enfants-sur-les-chemins-dexil\/\">\n\t\t\t\t<img decoding=\"async\" data-src=\"https:\/\/campax.org\/wp-content\/uploads\/2025\/06\/Untitled-drawing-3-1-346x260.png\" title=\"Untitled drawing (3) (1)\" alt=\"L\u2019action \u00ab Les nommer par leur nom \u00bb se tient chaque ann\u00e9e autour du dimanche des r\u00e9fugi\u00e9\u00b7e\u00b7s (22 juin 2025). Dans plusieurs villes, les noms des personnes mortes en fuyant vers l\u2019Europe sont lus \u00e0 haute voix, accompagn\u00e9s d\u2019installations comm\u00e9moratives.\" src=\"data:image\/svg+xml;base64,PHN2ZyB3aWR0aD0iMSIgaGVpZ2h0PSIxIiB4bWxucz0iaHR0cDovL3d3dy53My5vcmcvMjAwMC9zdmciPjwvc3ZnPg==\" class=\"lazyload\" style=\"--smush-placeholder-width: 346px; --smush-placeholder-aspect-ratio: 346\/260;\" \/>\t\t\t<\/a>\n\t\t<\/div>\n\t\t\t\t<div class=\"pgf_alm_content\">\n\t\t    <div class=\"meta_data\">\n\t\t\t   <ul class=\"meta_data_list\">\n\t\t\t\t<li class=\"meta_item icon-date\">20. juin 2025<\/li>\n\t\t\t\t<!--<li class=\"meta_item icon-time\">11:13<\/li> -->\n\n\t\t\t\t\t\t\t\t\t<li class=\"meta_item icon-cat\">\n\t\t\t\t\t<a href=\"https:\/\/campax.org\/fr\/category\/plate-forme\/act-fr\/\">\n\t\t\t\t\t\tACT\t\t\t\t\t<\/a>\n\t\t\t\t\t<\/li>\n\n\t\t\t\t\t\t\t\t\t<li class=\"meta_item icon-cat\">\n\t\t\t\t\t<a href=\"https:\/\/campax.org\/fr\/category\/themes\/droits-de-lhomme\/\">\n\t\t\t\t\t\tDroits de l'homme\t\t\t\t\t<\/a>\n\t\t\t\t\t<\/li>\n\n\t\t\t\t\t\t\t\t\t<li class=\"meta_item icon-cat\">\n\t\t\t\t\t<a href=\"https:\/\/campax.org\/fr\/category\/themes\/fuite-et-asile-fr\/\">\n\t\t\t\t\t\tFuite et asile\t\t\t\t\t<\/a>\n\t\t\t\t\t<\/li>\n\n\t\t\t\t\t\t\t\t\n\t\t\t\t\n\t\t\t\t<\/ul>\n\t\t\t<\/div>\n\t\t\t<div class=\"pgf_alm_title\">\n\t\t\t\t<h2><a href=\"https:\/\/campax.org\/fr\/signez-maintenant-lappel-les-enfants-sur-les-chemins-dexil\/\">Signez maintenant l\u2019appel : Les enfants sur les chemins d\u2019exil<\/a><\/h2>\n\t\t\t<\/div>\n\n\t\t\t<div class=\"pgf_alm_description\">\n\t\t\t\n\t\t\t\t<div class=\"pgf_alm_text\"><p>Appel : Les enfants sur les chemins d\u2019exil &nbsp; Pour beaucoup d\u2019enfants et de jeunes, l\u2019Europe est le dernier espoir de s\u00e9curit\u00e9 face \u00e0 la guerre, la pers\u00e9cution et la violence. Mais au lieu d\u2019\u00eatre prot\u00e9g\u00e9s, ils rencontrent le rejet,\u2026<\/p>\n<\/div>\n\t\t\t\t\n\t\t\t\t\t\t\t\t\t<div class=\"pgf_alm_readmore\">\n\t\t\t\t\t\t<a class=\"pgf_alm_readmore_link\" href=\"https:\/\/campax.org\/fr\/signez-maintenant-lappel-les-enfants-sur-les-chemins-dexil\/\">Read More<\/a>\n\t\t\t\t\t<\/div>\n\t\t\t\t\t\t\t<\/div>\n\t\t\n\t\t<\/div>\n\t<\/div>\n<\/div><div class=\"pgf_ps_item pgf_alm_item pgf_repeater_item \" data-lng=\"216.73.216.216,216.73.216.216\">\n\t<div class=\"pgf_alm_single_item\">\n\t\t\t<div class=\"pd_alm_thumbnail\">\n\t\t\t<a href=\"https:\/\/campax.org\/fr\/50-ans-dassurance-pour-les-catastrophes-climatiques\/\">\n\t\t\t\t\t\t\t<\/a>\n\t\t<\/div>\n\t\t\t\t<div class=\"pgf_alm_content\">\n\t\t    <div class=\"meta_data\">\n\t\t\t   <ul class=\"meta_data_list\">\n\t\t\t\t<li class=\"meta_item icon-date\">28. novembre 2023<\/li>\n\t\t\t\t<!--<li class=\"meta_item icon-time\">14:00<\/li> -->\n\n\t\t\t\t\t\t\t\t\t<li class=\"meta_item icon-cat\">\n\t\t\t\t\t<a href=\"https:\/\/campax.org\/fr\/category\/contenu\/action-fr\/\">\n\t\t\t\t\t\tAction Online\t\t\t\t\t<\/a>\n\t\t\t\t\t<\/li>\n\n\t\t\t\t\t\t\t\t\t<li class=\"meta_item icon-cat\">\n\t\t\t\t\t<a href=\"https:\/\/campax.org\/fr\/category\/plate-forme\/campax-fr\/\">\n\t\t\t\t\t\tCampax\t\t\t\t\t<\/a>\n\t\t\t\t\t<\/li>\n\n\t\t\t\t\t\t\t\t\t<li class=\"meta_item icon-cat\">\n\t\t\t\t\t<a href=\"https:\/\/campax.org\/fr\/category\/themes\/clima-fr\/\">\n\t\t\t\t\t\tClima\t\t\t\t\t<\/a>\n\t\t\t\t\t<\/li>\n\n\t\t\t\t\t\t\t\t\t<li class=\"meta_item icon-cat\">\n\t\t\t\t\t<a href=\"https:\/\/campax.org\/fr\/category\/do-not-show-fr\/\">\n\t\t\t\t\t\tDo Not Show as News\t\t\t\t\t<\/a>\n\t\t\t\t\t<\/li>\n\n\t\t\t\t\t\t\t\t\n\t\t\t\t\n\t\t\t\t<\/ul>\n\t\t\t<\/div>\n\t\t\t<div class=\"pgf_alm_title\">\n\t\t\t\t<h2><a href=\"https:\/\/campax.org\/fr\/50-ans-dassurance-pour-les-catastrophes-climatiques\/\">50 ans d&rsquo;assurance pour les catastrophes climatiques<\/a><\/h2>\n\t\t\t<\/div>\n\n\t\t\t<div class=\"pgf_alm_description\">\n\t\t\t\n\t\t\t\t<div class=\"pgf_alm_text\"><p>50 ans d'assurance pour les catastrophes climatiques Texte \u00e0 partager TEXTE_\u00c0_PARTAGER_OU_\u00c0_COPIER Copier TEXTE_\u00c0_PARTAGER_OU_\u00c0_COPIER S\u00e9lectionner le texte \u00e0 partager puis copier ! C'est ainsi que cela fonctionne : Cliquez sur \"Copier\", puis sur l'un des boutons de m\u00e9dias sociaux. Vous pouvez\u2026<\/p>\n<\/div>\n\t\t\t\t\n\t\t\t\t\t\t\t\t\t<div class=\"pgf_alm_readmore\">\n\t\t\t\t\t\t<a class=\"pgf_alm_readmore_link\" href=\"https:\/\/campax.org\/fr\/50-ans-dassurance-pour-les-catastrophes-climatiques\/\">Read More<\/a>\n\t\t\t\t\t<\/div>\n\t\t\t\t\t\t\t<\/div>\n\t\t\n\t\t<\/div>\n\t<\/div>\n<\/div><div class=\"pgf_ps_item pgf_alm_item pgf_repeater_item \" data-lng=\"216.73.216.216,216.73.216.216\">\n\t<div class=\"pgf_alm_single_item\">\n\t\t\t<div class=\"pd_alm_thumbnail\">\n\t\t\t<a href=\"https:\/\/campax.org\/fr\/explainer-truth-about-insurance-companies\/\">\n\t\t\t\t\t\t\t<\/a>\n\t\t<\/div>\n\t\t\t\t<div class=\"pgf_alm_content\">\n\t\t    <div class=\"meta_data\">\n\t\t\t   <ul class=\"meta_data_list\">\n\t\t\t\t<li class=\"meta_item icon-date\">31. octobre 2023<\/li>\n\t\t\t\t<!--<li class=\"meta_item icon-time\">14:31<\/li> -->\n\n\t\t\t\t\t\t\t\t\t<li class=\"meta_item icon-cat\">\n\t\t\t\t\t<a href=\"https:\/\/campax.org\/fr\/category\/contenu\/action-fr\/\">\n\t\t\t\t\t\tAction Online\t\t\t\t\t<\/a>\n\t\t\t\t\t<\/li>\n\n\t\t\t\t\t\t\t\t\t<li class=\"meta_item icon-cat\">\n\t\t\t\t\t<a href=\"https:\/\/campax.org\/fr\/category\/plate-forme\/campax-fr\/\">\n\t\t\t\t\t\tCampax\t\t\t\t\t<\/a>\n\t\t\t\t\t<\/li>\n\n\t\t\t\t\t\t\t\t\t<li class=\"meta_item icon-cat\">\n\t\t\t\t\t<a href=\"https:\/\/campax.org\/fr\/category\/themes\/clima-fr\/\">\n\t\t\t\t\t\tClima\t\t\t\t\t<\/a>\n\t\t\t\t\t<\/li>\n\n\t\t\t\t\t\t\t\t\t<li class=\"meta_item icon-cat\">\n\t\t\t\t\t<a href=\"https:\/\/campax.org\/fr\/category\/do-not-show-fr\/\">\n\t\t\t\t\t\tDo Not Show as News\t\t\t\t\t<\/a>\n\t\t\t\t\t<\/li>\n\n\t\t\t\t\t\t\t\t\n\t\t\t\t\n\t\t\t\t<\/ul>\n\t\t\t<\/div>\n\t\t\t<div class=\"pgf_alm_title\">\n\t\t\t\t<h2><a href=\"https:\/\/campax.org\/fr\/explainer-truth-about-insurance-companies\/\">La v\u00e9rit\u00e9 crue sur les compagnies d&rsquo;assurance<\/a><\/h2>\n\t\t\t<\/div>\n\n\t\t\t<div class=\"pgf_alm_description\">\n\t\t\t\n\t\t\t\t<div class=\"pgf_alm_text\"><p>La v\u00e9rit\u00e9 sur les affaires sordides des assurances Pour un grand nombre de personnes, le lien entre les assurances et la crise climatique n'est pas clair. Avec cette vid\u00e9o explicative, nous voulons changer cette situation. Les assurances suisses sont leaders\u2026<\/p>\n<\/div>\n\t\t\t\t\n\t\t\t\t\t\t\t\t\t<div class=\"pgf_alm_readmore\">\n\t\t\t\t\t\t<a class=\"pgf_alm_readmore_link\" href=\"https:\/\/campax.org\/fr\/explainer-truth-about-insurance-companies\/\">Read More<\/a>\n\t\t\t\t\t<\/div>\n\t\t\t\t\t\t\t<\/div>\n\t\t\n\t\t<\/div>\n\t<\/div>\n<\/div><div class=\"pgf_ps_item pgf_alm_item pgf_repeater_item \" data-lng=\"216.73.216.216,216.73.216.216\">\n\t<div class=\"pgf_alm_single_item\">\n\t\t\t<div class=\"pd_alm_thumbnail\">\n\t\t\t<a href=\"https:\/\/campax.org\/fr\/proteger-les-loups-avant-roesti-massacre\/\">\n\t\t\t\t\t\t\t<\/a>\n\t\t<\/div>\n\t\t\t\t<div class=\"pgf_alm_content\">\n\t\t    <div class=\"meta_data\">\n\t\t\t   <ul class=\"meta_data_list\">\n\t\t\t\t<li class=\"meta_item icon-date\">03. octobre 2023<\/li>\n\t\t\t\t<!--<li class=\"meta_item icon-time\">13:06<\/li> -->\n\n\t\t\t\t\t\t\t\t\t<li class=\"meta_item icon-cat\">\n\t\t\t\t\t<a href=\"https:\/\/campax.org\/fr\/category\/contenu\/action-fr\/\">\n\t\t\t\t\t\tAction Online\t\t\t\t\t<\/a>\n\t\t\t\t\t<\/li>\n\n\t\t\t\t\t\t\t\t\t<li class=\"meta_item icon-cat\">\n\t\t\t\t\t<a href=\"https:\/\/campax.org\/fr\/category\/themes\/animaux\/\">\n\t\t\t\t\t\tAnimaux\t\t\t\t\t<\/a>\n\t\t\t\t\t<\/li>\n\n\t\t\t\t\t\t\t\t\t<li class=\"meta_item icon-cat\">\n\t\t\t\t\t<a href=\"https:\/\/campax.org\/fr\/category\/plate-forme\/campax-fr\/\">\n\t\t\t\t\t\tCampax\t\t\t\t\t<\/a>\n\t\t\t\t\t<\/li>\n\n\t\t\t\t\t\t\t\t\n\t\t\t\t\n\t\t\t\t<\/ul>\n\t\t\t<\/div>\n\t\t\t<div class=\"pgf_alm_title\">\n\t\t\t\t<h2><a href=\"https:\/\/campax.org\/fr\/proteger-les-loups-avant-roesti-massacre\/\">Prot\u00e9ger les loups du massacre de R\u00f6sti<\/a><\/h2>\n\t\t\t<\/div>\n\n\t\t\t<div class=\"pgf_alm_description\">\n\t\t\t\n\t\t\t\t<div class=\"pgf_alm_text\"><p>Emp\u00eachons le massacre des loups ! 39 militant\u00b7es de Campax ont protest\u00e9 contre l'abattage des loups sur la terrasse f\u00e9d\u00e9rale. Apr\u00e8s une petite action mettant en sc\u00e8ne la coexistence pacifique du loup, des moutons et des humains, les militant\u00b7es ont\u2026<\/p>\n<\/div>\n\t\t\t\t\n\t\t\t\t\t\t\t\t\t<div class=\"pgf_alm_readmore\">\n\t\t\t\t\t\t<a class=\"pgf_alm_readmore_link\" href=\"https:\/\/campax.org\/fr\/proteger-les-loups-avant-roesti-massacre\/\">Read More<\/a>\n\t\t\t\t\t<\/div>\n\t\t\t\t\t\t\t<\/div>\n\t\t\n\t\t<\/div>\n\t<\/div>\n<\/div><div class=\"pgf_ps_item pgf_alm_item pgf_repeater_item \" data-lng=\"216.73.216.216,216.73.216.216\">\n\t<div class=\"pgf_alm_single_item\">\n\t\t\t<div class=\"pd_alm_thumbnail\">\n\t\t\t<a href=\"https:\/\/campax.org\/fr\/ensemble-a-la-manifestation-pour-le-climat\/\">\n\t\t\t\t<img decoding=\"async\" data-src=\"https:\/\/campax.org\/wp-content\/uploads\/2023\/09\/Klima_Demo-2023-09-30-BlogPreview-346x260.png\" title=\"Klima_Demo-2023-09-30-BlogPreview\" alt=\"Klimademo 30.09.2023 in Bern. Gemeinsam gegen die Klimakrise\" src=\"data:image\/svg+xml;base64,PHN2ZyB3aWR0aD0iMSIgaGVpZ2h0PSIxIiB4bWxucz0iaHR0cDovL3d3dy53My5vcmcvMjAwMC9zdmciPjwvc3ZnPg==\" class=\"lazyload\" style=\"--smush-placeholder-width: 346px; --smush-placeholder-aspect-ratio: 346\/260;\" \/>\t\t\t<\/a>\n\t\t<\/div>\n\t\t\t\t<div class=\"pgf_alm_content\">\n\t\t    <div class=\"meta_data\">\n\t\t\t   <ul class=\"meta_data_list\">\n\t\t\t\t<li class=\"meta_item icon-date\">26. septembre 2023<\/li>\n\t\t\t\t<!--<li class=\"meta_item icon-time\">14:19<\/li> -->\n\n\t\t\t\t\t\t\t\t\t<li class=\"meta_item icon-cat\">\n\t\t\t\t\t<a href=\"https:\/\/campax.org\/fr\/category\/themes\/clima-fr\/\">\n\t\t\t\t\t\tClima\t\t\t\t\t<\/a>\n\t\t\t\t\t<\/li>\n\n\t\t\t\t\t\t\t\t\t<li class=\"meta_item icon-cat\">\n\t\t\t\t\t<a href=\"https:\/\/campax.org\/de\/category\/inhalt\/event\/\">\n\t\t\t\t\t\tEvent\t\t\t\t\t<\/a>\n\t\t\t\t\t<\/li>\n\n\t\t\t\t\t\t\t\t\n\t\t\t\t\n\t\t\t\t<\/ul>\n\t\t\t<\/div>\n\t\t\t<div class=\"pgf_alm_title\">\n\t\t\t\t<h2><a href=\"https:\/\/campax.org\/fr\/ensemble-a-la-manifestation-pour-le-climat\/\">Ensemble \u00e0 la manifestation pour le climat !<\/a><\/h2>\n\t\t\t<\/div>\n\n\t\t\t<div class=\"pgf_alm_description\">\n\t\t\t\n\t\t\t\t<div class=\"pgf_alm_text\"><p>Cette ann\u00e9e, pour la premi\u00e8re fois depuis quatre ans, une grande manifestation nationale en faveur du climat aura lieu \u00e0 Berne Trois semaines avant les \u00e9lections, nous encourageons ainsi les \u00e9lecteurs \u00b7 rice \u00b7 s \u00e0 voter pour les candidat\u2026<\/p>\n<\/div>\n\t\t\t\t\n\t\t\t\t\t\t\t\t\t<div class=\"pgf_alm_readmore\">\n\t\t\t\t\t\t<a class=\"pgf_alm_readmore_link\" href=\"https:\/\/campax.org\/fr\/ensemble-a-la-manifestation-pour-le-climat\/\">Read More<\/a>\n\t\t\t\t\t<\/div>\n\t\t\t\t\t\t\t<\/div>\n\t\t\n\t\t<\/div>\n\t<\/div>\n<\/div><div class=\"pgf_ps_item pgf_alm_item pgf_repeater_item \" data-lng=\"216.73.216.216,216.73.216.216\">\n\t<div class=\"pgf_alm_single_item\">\n\t\t\t<div class=\"pd_alm_thumbnail\">\n\t\t\t<a href=\"https:\/\/campax.org\/fr\/shiva-bot-2-0\/\">\n\t\t\t\t<img decoding=\"async\" data-src=\"https:\/\/campax.org\/wp-content\/uploads\/2023\/08\/shiva_visual-346x260.jpeg\" title=\"shiva_visual\" alt=\"Shiva Chatbot Visual\" src=\"data:image\/svg+xml;base64,PHN2ZyB3aWR0aD0iMSIgaGVpZ2h0PSIxIiB4bWxucz0iaHR0cDovL3d3dy53My5vcmcvMjAwMC9zdmciPjwvc3ZnPg==\" class=\"lazyload\" style=\"--smush-placeholder-width: 346px; --smush-placeholder-aspect-ratio: 346\/260;\" \/>\t\t\t<\/a>\n\t\t<\/div>\n\t\t\t\t<div class=\"pgf_alm_content\">\n\t\t    <div class=\"meta_data\">\n\t\t\t   <ul class=\"meta_data_list\">\n\t\t\t\t<li class=\"meta_item icon-date\">31. ao\u00fbt 2023<\/li>\n\t\t\t\t<!--<li class=\"meta_item icon-time\">15:34<\/li> -->\n\n\t\t\t\t\t\t\t\t\t<li class=\"meta_item icon-cat\">\n\t\t\t\t\t<a href=\"https:\/\/campax.org\/fr\/category\/contenu\/action-fr\/\">\n\t\t\t\t\t\tAction Online\t\t\t\t\t<\/a>\n\t\t\t\t\t<\/li>\n\n\t\t\t\t\t\t\t\t\t<li class=\"meta_item icon-cat\">\n\t\t\t\t\t<a href=\"https:\/\/campax.org\/fr\/category\/plate-forme\/campax-fr\/\">\n\t\t\t\t\t\tCampax\t\t\t\t\t<\/a>\n\t\t\t\t\t<\/li>\n\n\t\t\t\t\t\t\t\t\t<li class=\"meta_item icon-cat\">\n\t\t\t\t\t<a href=\"https:\/\/campax.org\/fr\/category\/themes\/elections-et-votes\/\">\n\t\t\t\t\t\t\u00c9lections et votes\t\t\t\t\t<\/a>\n\t\t\t\t\t<\/li>\n\n\t\t\t\t\t\t\t\t\t<li class=\"meta_item icon-cat\">\n\t\t\t\t\t<a href=\"https:\/\/campax.org\/fr\/category\/themes\/generalites\/\">\n\t\t\t\t\t\tG\u00e9n\u00e9ralit\u00e9s\t\t\t\t\t<\/a>\n\t\t\t\t\t<\/li>\n\n\t\t\t\t\t\t\t\t\n\t\t\t\t\n\t\t\t\t<\/ul>\n\t\t\t<\/div>\n\t\t\t<div class=\"pgf_alm_title\">\n\t\t\t\t<h2><a href=\"https:\/\/campax.org\/fr\/shiva-bot-2-0\/\">Shiva Bot 2.0 &#8211; Laisse-nous te pr\u00e9senter notre robot Shiva<\/a><\/h2>\n\t\t\t<\/div>\n\n\t\t\t<div class=\"pgf_alm_description\">\n\t\t\t\n\t\t\t\t<div class=\"pgf_alm_text\"><p>Laisse-nous te pr\u00e9senter notre robot Shiva : Une aide pour les \u00e9lections qui est toujours l\u00e0 ! Vous avez encore des questions sur les \u00e9lections ? Shiva, notre robot conversationnel, y r\u00e9pond, que ce soit sur la mani\u00e8re de voter,\u2026<\/p>\n<\/div>\n\t\t\t\t\n\t\t\t\t\t\t\t\t\t<div class=\"pgf_alm_readmore\">\n\t\t\t\t\t\t<a class=\"pgf_alm_readmore_link\" href=\"https:\/\/campax.org\/fr\/shiva-bot-2-0\/\">Read More<\/a>\n\t\t\t\t\t<\/div>\n\t\t\t\t\t\t\t<\/div>\n\t\t\n\t\t<\/div>\n\t<\/div>\n<\/div><div class=\"pgf_ps_item pgf_alm_item pgf_repeater_item \" data-lng=\"216.73.216.216,216.73.216.216\">\n\t<div class=\"pgf_alm_single_item\">\n\t\t\t<div class=\"pd_alm_thumbnail\">\n\t\t\t<a href=\"https:\/\/campax.org\/fr\/kandidat-staenderat-gerhard-andrey\/\">\n\t\t\t\t<img decoding=\"async\" data-src=\"https:\/\/campax.org\/wp-content\/uploads\/2023\/08\/Kandidat-Staenderat-2023-Gruene-Fribourg-Gerhard-Andrey-346x260.jpg\" title=\"Buttons Kandidierende\" alt=\"Kandidat Sta\u0308nderat 2023 Gru\u0308ne Fribourg Gerhard Andrey\" src=\"data:image\/svg+xml;base64,PHN2ZyB3aWR0aD0iMSIgaGVpZ2h0PSIxIiB4bWxucz0iaHR0cDovL3d3dy53My5vcmcvMjAwMC9zdmciPjwvc3ZnPg==\" class=\"lazyload\" style=\"--smush-placeholder-width: 346px; --smush-placeholder-aspect-ratio: 346\/260;\" \/>\t\t\t<\/a>\n\t\t<\/div>\n\t\t\t\t<div class=\"pgf_alm_content\">\n\t\t    <div class=\"meta_data\">\n\t\t\t   <ul class=\"meta_data_list\">\n\t\t\t\t<li class=\"meta_item icon-date\">31. ao\u00fbt 2023<\/li>\n\t\t\t\t<!--<li class=\"meta_item icon-time\">10:08<\/li> -->\n\n\t\t\t\t\t\t\t\t\t<li class=\"meta_item icon-cat\">\n\t\t\t\t\t<a href=\"https:\/\/campax.org\/fr\/category\/themes\/elections-et-votes\/\">\n\t\t\t\t\t\t\u00c9lections et votes\t\t\t\t\t<\/a>\n\t\t\t\t\t<\/li>\n\n\t\t\t\t\t\t\t\t\t<li class=\"meta_item icon-cat\">\n\t\t\t\t\t<a href=\"https:\/\/campax.org\/fr\/category\/contenu\/portrait-candidats\/\">\n\t\t\t\t\t\tPortrait des candidats\t\t\t\t\t<\/a>\n\t\t\t\t\t<\/li>\n\n\t\t\t\t\t\t\t\t\n\t\t\t\t\n\t\t\t\t<\/ul>\n\t\t\t<\/div>\n\t\t\t<div class=\"pgf_alm_title\">\n\t\t\t\t<h2><a href=\"https:\/\/campax.org\/fr\/kandidat-staenderat-gerhard-andrey\/\">Gerhard Andrey<\/a><\/h2>\n\t\t\t<\/div>\n\n\t\t\t<div class=\"pgf_alm_description\">\n\t\t\t\n\t\t\t\t<div class=\"pgf_alm_text\"><p>Gerhard Andrey St\u00e4nderatskandidat\u00a0der Gr\u00fcnen Kanton Fribourg Jetzt Gerhard Andrey unterst\u00fctzen WhatsApp Gruppe f\u00fcrGerhard Andrey beitreten Fragen an Gerhard Andrey News von Gerhard Andrey Fragen an Gerhard Andrey News von Gerhard Andrey Ich bin Vater zweier fantastischer Kinder, verheiratet und lebe\u2026<\/p>\n<\/div>\n\t\t\t\t\n\t\t\t\t\t\t\t\t\t<div class=\"pgf_alm_readmore\">\n\t\t\t\t\t\t<a class=\"pgf_alm_readmore_link\" href=\"https:\/\/campax.org\/fr\/kandidat-staenderat-gerhard-andrey\/\">Read More<\/a>\n\t\t\t\t\t<\/div>\n\t\t\t\t\t\t\t<\/div>\n\t\t\n\t\t<\/div>\n\t<\/div>\n<\/div><div class=\"pgf_ps_item pgf_alm_item pgf_repeater_item \" data-lng=\"216.73.216.216,216.73.216.216\">\n\t<div class=\"pgf_alm_single_item\">\n\t\t\t<div class=\"pd_alm_thumbnail\">\n\t\t\t<a href=\"https:\/\/campax.org\/fr\/wahlanleitung-fuer-die-nationalen-wahlen\/\">\n\t\t\t\t\t\t\t<\/a>\n\t\t<\/div>\n\t\t\t\t<div class=\"pgf_alm_content\">\n\t\t    <div class=\"meta_data\">\n\t\t\t   <ul class=\"meta_data_list\">\n\t\t\t\t<li class=\"meta_item icon-date\">30. ao\u00fbt 2023<\/li>\n\t\t\t\t<!--<li class=\"meta_item icon-time\">15:18<\/li> -->\n\n\t\t\t\t\t\t\t\t\t<li class=\"meta_item icon-cat\">\n\t\t\t\t\t<a href=\"https:\/\/campax.org\/fr\/category\/do-not-show-fr\/\">\n\t\t\t\t\t\tDo Not Show as News\t\t\t\t\t<\/a>\n\t\t\t\t\t<\/li>\n\n\t\t\t\t\t\t\t\t\t<li class=\"meta_item icon-cat\">\n\t\t\t\t\t<a href=\"https:\/\/campax.org\/fr\/category\/themes\/elections-et-votes\/\">\n\t\t\t\t\t\t\u00c9lections et votes\t\t\t\t\t<\/a>\n\t\t\t\t\t<\/li>\n\n\t\t\t\t\t\t\t\t\n\t\t\t\t\n\t\t\t\t<\/ul>\n\t\t\t<\/div>\n\t\t\t<div class=\"pgf_alm_title\">\n\t\t\t\t<h2><a href=\"https:\/\/campax.org\/fr\/wahlanleitung-fuer-die-nationalen-wahlen\/\">Guide \u00e9lectoral<\/a><\/h2>\n\t\t\t<\/div>\n\n\t\t\t<div class=\"pgf_alm_description\">\n\t\t\t\n\t\t\t\t<div class=\"pgf_alm_text\"><p>En cours de r\u00e9alisation...<\/p>\n<\/div>\n\t\t\t\t\n\t\t\t\t\t\t\t\t\t<div class=\"pgf_alm_readmore\">\n\t\t\t\t\t\t<a class=\"pgf_alm_readmore_link\" href=\"https:\/\/campax.org\/fr\/wahlanleitung-fuer-die-nationalen-wahlen\/\">Read More<\/a>\n\t\t\t\t\t<\/div>\n\t\t\t\t\t\t\t<\/div>\n\t\t\n\t\t<\/div>\n\t<\/div>\n<\/div><\/div>\t\t\t\t<div class=\"pgf_pagination pgf_alm_loadmore_btn pgf_type_loadmore\" >\n\t\t\t\t   <a href=\"#\" class=\"pgf_load_more_btn pgf_alm_loadmore_btn pgf-alm-load-more-text\" \n\t\t\t\t   data-load_more_text=\"Mehr..\" \n\t\t\t\t   data-loading_text=\"Loading\"\n\t\t\t\t   data-page_id=\"1\"\t  \n\t\t\t\t\t  >\n\t\t\t\t   <img decoding=\"async\" data-src=\"https:\/\/campax.org\/wp-content\/plugins\/simple-post-grid-elementor-widget\/assets\/img\/loading-small.gif\" class=\"btn_loader pgf-alm-d-none lazyload\"  src=\"data:image\/svg+xml;base64,PHN2ZyB3aWR0aD0iMSIgaGVpZ2h0PSIxIiB4bWxucz0iaHR0cDovL3d3dy53My5vcmcvMjAwMC9zdmciPjwvc3ZnPg==\" style=\"--smush-placeholder-width: 34px; --smush-placeholder-aspect-ratio: 34\/34;\">\n\t\t\t\t   <span class=\"load_more_text\">Mehr..<\/span>\n\t\t\t\t   <\/a>\n\t\t\t\t<\/div>\n\t\t\t<\/div>\t\t\t\t<\/div>\n\t\t\t\t<\/div>\n\t\t\t\t\t<\/div>\n\t\t<\/div>\n\t\t\t\t\t<\/div>\n\t\t<\/section>\n\t\t\t\t<\/div>\n\t\t","protected":false},"excerpt":{"rendered":"<p>M\u00e9dias Contact Vous pouvez joindre le service de presse de Campax au :\u00a0044 562 44 84ou par e-mail : medien@campax.org Vous trouverez des photos et des vid\u00e9os sur Flickr et Vimeo. Communiqu\u00e9s de presse Tout Wahlen &amp; Abstimmungen Flucht &amp; Asyl Gleichstellung Klima Tiere Menschenrechte 15. November 2024 Online-Aktion ACT Campax Do Not Show as [&hellip;]<\/p>\n","protected":false},"author":20,"featured_media":0,"parent":0,"menu_order":0,"comment_status":"closed","ping_status":"closed","template":"","meta":{"_acf_changed":false,"footnotes":""},"categories":[152,155],"tags":[],"class_list":["post-28198","page","type-page","status-publish","hentry","category-page-infos","category-media-staff"],"acf":[],"publishpress_future_action":{"enabled":false,"date":"2026-08-05 07:46:55","action":"change-status","newStatus":"draft","terms":[],"taxonomy":"category","extraData":[]},"publishpress_future_workflow_manual_trigger":{"enabledWorkflows":[]},"_links":{"self":[{"href":"https:\/\/campax.org\/fr\/wp-json\/wp\/v2\/pages\/28198","targetHints":{"allow":["GET"]}}],"collection":[{"href":"https:\/\/campax.org\/fr\/wp-json\/wp\/v2\/pages"}],"about":[{"href":"https:\/\/campax.org\/fr\/wp-json\/wp\/v2\/types\/page"}],"author":[{"embeddable":true,"href":"https:\/\/campax.org\/fr\/wp-json\/wp\/v2\/users\/20"}],"replies":[{"embeddable":true,"href":"https:\/\/campax.org\/fr\/wp-json\/wp\/v2\/comments?post=28198"}],"version-history":[{"count":3,"href":"https:\/\/campax.org\/fr\/wp-json\/wp\/v2\/pages\/28198\/revisions"}],"predecessor-version":[{"id":60793,"href":"https:\/\/campax.org\/fr\/wp-json\/wp\/v2\/pages\/28198\/revisions\/60793"}],"wp:attachment":[{"href":"https:\/\/campax.org\/fr\/wp-json\/wp\/v2\/media?parent=28198"}],"wp:term":[{"taxonomy":"category","embeddable":true,"href":"https:\/\/campax.org\/fr\/wp-json\/wp\/v2\/categories?post=28198"},{"taxonomy":"post_tag","embeddable":true,"href":"https:\/\/campax.org\/fr\/wp-json\/wp\/v2\/tags?post=28198"}],"curies":[{"name":"wp","href":"https:\/\/api.w.org\/{rel}","templated":true}]}}