{"id":48476,"date":"2024-03-27T17:00:00","date_gmt":"2024-03-27T16:00:00","guid":{"rendered":"https:\/\/campax.org\/?page_id=48476"},"modified":"2024-04-03T16:43:38","modified_gmt":"2024-04-03T15:43:38","slug":"test-success-stories-als-normale-posts","status":"publish","type":"page","link":"https:\/\/campax.org\/de\/test-success-stories-als-normale-posts\/","title":{"rendered":"TEST DEV: Success Stories als Normale Posts"},"content":{"rendered":"\t\t<div data-elementor-type=\"wp-page\" data-elementor-id=\"48476\" class=\"elementor elementor-48476\" data-elementor-post-type=\"page\">\n\t\t\t\t\t\t<section class=\"elementor-section elementor-top-section elementor-element elementor-element-795b2f9 sucess-story-section elementor-section-boxed elementor-section-height-default elementor-section-height-default\" data-id=\"795b2f9\" data-element_type=\"section\">\n\t\t\t\t\t\t\t<div class=\"elementor-background-overlay\"><\/div>\n\t\t\t\t\t\t\t<div class=\"elementor-container elementor-column-gap-no\">\n\t\t\t\t\t<div class=\"elementor-column elementor-col-100 elementor-top-column elementor-element elementor-element-d4fdec9\" data-id=\"d4fdec9\" data-element_type=\"column\">\n\t\t\t<div class=\"elementor-widget-wrap elementor-element-populated\">\n\t\t\t\t\t\t<div class=\"elementor-element elementor-element-4d19f9c elementor-widget elementor-widget-spacer\" data-id=\"4d19f9c\" data-element_type=\"widget\" data-widget_type=\"spacer.default\">\n\t\t\t\t<div class=\"elementor-widget-container\">\n\t\t\t\t\t\t\t<div class=\"elementor-spacer\">\n\t\t\t<div class=\"elementor-spacer-inner\"><\/div>\n\t\t<\/div>\n\t\t\t\t\t\t<\/div>\n\t\t\t\t<\/div>\n\t\t\t\t<div class=\"elementor-element elementor-element-0a8bdf2 elementor-widget elementor-widget-heading\" data-id=\"0a8bdf2\" data-element_type=\"widget\" data-widget_type=\"heading.default\">\n\t\t\t\t<div class=\"elementor-widget-container\">\n\t\t\t\t\t<h2 class=\"elementor-heading-title elementor-size-default\">Unsere Erfolge <br>(Neu: normale Beitr\u00e4ge Kat. Erfolgsmeldung)<\/h2>\t\t\t\t<\/div>\n\t\t\t\t<\/div>\n\t\t\t\t<div class=\"elementor-element elementor-element-fbb75f7 elementor-widget__width-inherit e-transform elementor-widget elementor-widget-wb-post-slider\" data-id=\"fbb75f7\" data-element_type=\"widget\" data-settings=\"{&quot;_transform_scale_effect&quot;:{&quot;unit&quot;:&quot;px&quot;,&quot;size&quot;:&quot;&quot;,&quot;sizes&quot;:[]},&quot;_transform_scale_effect_tablet&quot;:{&quot;unit&quot;:&quot;px&quot;,&quot;size&quot;:&quot;&quot;,&quot;sizes&quot;:[]},&quot;_transform_scale_effect_mobile&quot;:{&quot;unit&quot;:&quot;px&quot;,&quot;size&quot;:&quot;&quot;,&quot;sizes&quot;:[]}}\" data-widget_type=\"wb-post-slider.default\">\n\t\t\t\t<div class=\"elementor-widget-container\">\n\t\t\t\t\t<div\n\t        \t\tclass=\"wbel_post_slider_wrapper wbel_post_slider_template-2\"\n\t        \t\tid=\"wbel_post_slider_wb_post_sliderfbb75f7\"\n\t        \t\tdata-slide-to-show=\"3\"\n\t        \t\tdata-slides-to-scroll=\"2\"\n\t        \t><div class=\"wb_ps_item\">\n\t<div class=\"wb_ps_single_item\">\n\t\t\t\t\t<div class=\"wb_ps_thumbnail\">\n\t\t\t\t<a href=\"https:\/\/campax.org\/de\/erfolg-die-rassistische-gipfel-zytig-zeigt-einsicht\/\">\n\t\t\t\t\t<img decoding=\"async\" data-src=\"https:\/\/campax.org\/wp-content\/uploads\/2025\/07\/Gipfel_Zitig.png\" title=\"KEI_GIPFEL_ZYTIG!_800x60\" alt=\"KEI GIPFEL ZYTIG!\" src=\"data:image\/svg+xml;base64,PHN2ZyB3aWR0aD0iMSIgaGVpZ2h0PSIxIiB4bWxucz0iaHR0cDovL3d3dy53My5vcmcvMjAwMC9zdmciPjwvc3ZnPg==\" class=\"lazyload\" style=\"--smush-placeholder-width: 798px; --smush-placeholder-aspect-ratio: 798\/600;\" \/>\t\t\t\t<\/a>\n\t\n\t\t\t<div class=\"wb_ps_description\">\n               <a class=\"wb_ps_readmore_link\" href=\"https:\/\/campax.org\/de\/erfolg-die-rassistische-gipfel-zytig-zeigt-einsicht\/\">\n\t\t\t\t<div class=\"wb_ps_text\"><p>Das B\u00fcndner Gratisblatt \"Gipfel Zytig\" ver\u00f6ffentlicht immer wieder rassistische Grafiken und Texte. Da auch juristische Verurteilungen nicht gewirkt haben, hat sich Campax an das Davoser Gewerbe gewandt mit der Forderung, nicht mehr in der Zeitung zu inserieren \u2013 mit Erfolg.\u00a0&hellip;<\/p>\n<\/div>\n\n\t\t\t\t\t\t\t<div class=\"wb_ps_readmore\">\n\t\t\t\t\tmehr\t\t\t\t<\/div>\n\t\t\t              <\/a>\n\t\t\t<\/div>\t\t\t\n\t\t\t<\/div>\n\t\t\t\t<!--<div class=\"wb_ps_content\">\n\n\t\t<div class=\"wb_ps_title\">\n\t\t\t\t<h2 ><a href=\"https:\/\/campax.org\/de\/erfolg-die-rassistische-gipfel-zytig-zeigt-einsicht\/\">Erfolg: Die rassistische Gipfel Zytig zeigt Einsicht<\/a><\/h2>\n\t\t\t<\/div> \n\n\t\t\t<div class=\"wb_ps_description\">\n\n\t\t\t\t<div class=\"wb_ps_text\"><p>Das B\u00fcndner Gratisblatt \"Gipfel Zytig\" ver\u00f6ffentlicht immer wieder rassistische Grafiken und Texte. Da auch juristische Verurteilungen nicht gewirkt haben, hat sich Campax an das Davoser Gewerbe gewandt mit der Forderung, nicht mehr in der Zeitung zu inserieren \u2013 mit Erfolg.\u00a0&hellip;<\/p>\n<\/div>\n\n\t\t\t\t\t\t\t<div class=\"wb_ps_readmore\">\n\t\t\t\t\t<a class=\"wb_ps_readmore_link\" href=\"https:\/\/campax.org\/de\/erfolg-die-rassistische-gipfel-zytig-zeigt-einsicht\/\">mehr<\/a>\n\t\t\t\t<\/div>\n\t\t\t\n\t\t\t<\/div>\n\t\t\n\t\t<\/div> -->\n\t<\/div>\n<\/div><div class=\"wb_ps_item\">\n\t<div class=\"wb_ps_single_item\">\n\t\t\t\t\t<div class=\"wb_ps_thumbnail\">\n\t\t\t\t<a href=\"https:\/\/campax.org\/de\/24h-eil-appell-keine-neonazis-am-hagenbucher-weihnachtsmarkt\/\">\n\t\t\t\t\t<img decoding=\"async\" data-src=\"https:\/\/campax.org\/wp-content\/uploads\/2024\/12\/02.png\" title=\"Keine Neonazis am Weihnachtsmarkt 2\" alt=\"Keine Neonazis am Weihnachtsmarkt\" src=\"data:image\/svg+xml;base64,PHN2ZyB3aWR0aD0iMSIgaGVpZ2h0PSIxIiB4bWxucz0iaHR0cDovL3d3dy53My5vcmcvMjAwMC9zdmciPjwvc3ZnPg==\" class=\"lazyload\" style=\"--smush-placeholder-width: 736px; --smush-placeholder-aspect-ratio: 736\/552;\" \/>\t\t\t\t<\/a>\n\t\n\t\t\t<div class=\"wb_ps_description\">\n               <a class=\"wb_ps_readmore_link\" href=\"https:\/\/campax.org\/de\/24h-eil-appell-keine-neonazis-am-hagenbucher-weihnachtsmarkt\/\">\n\t\t\t\t<div class=\"wb_ps_text\"><p>Wir haben es geschafft!\u00a0Dank unserer Unterst\u00fctzung und dem \u00f6ffentlichen Druck\u00a0hat die Gemeinde Hagenbuch entschieden,\u00a0dem Anf\u00fchrer der rechtsextremen Gruppierung \u201eJunge Tat\u201c, Manuel Corchia, die Bewilligung\u00a0f\u00fcr seinen Stand am Hagenbucher Weihnachtsmarkt\u00a0zu entziehen.\u00a0(1)\u00a0Diese Entscheidung setzt ein\u00a0klares Zeichen gegen Rechtsextremismus und f\u00fcr die Werte&hellip;<\/p>\n<\/div>\n\n\t\t\t\t\t\t\t<div class=\"wb_ps_readmore\">\n\t\t\t\t\tmehr\t\t\t\t<\/div>\n\t\t\t              <\/a>\n\t\t\t<\/div>\t\t\t\n\t\t\t<\/div>\n\t\t\t\t<!--<div class=\"wb_ps_content\">\n\n\t\t<div class=\"wb_ps_title\">\n\t\t\t\t<h2 ><a href=\"https:\/\/campax.org\/de\/24h-eil-appell-keine-neonazis-am-hagenbucher-weihnachtsmarkt\/\">24h Eil-Appell: Keine Neonazis am Hagenbucher Weihnachtsmarkt!<\/a><\/h2>\n\t\t\t<\/div> \n\n\t\t\t<div class=\"wb_ps_description\">\n\n\t\t\t\t<div class=\"wb_ps_text\"><p>Wir haben es geschafft!\u00a0Dank unserer Unterst\u00fctzung und dem \u00f6ffentlichen Druck\u00a0hat die Gemeinde Hagenbuch entschieden,\u00a0dem Anf\u00fchrer der rechtsextremen Gruppierung \u201eJunge Tat\u201c, Manuel Corchia, die Bewilligung\u00a0f\u00fcr seinen Stand am Hagenbucher Weihnachtsmarkt\u00a0zu entziehen.\u00a0(1)\u00a0Diese Entscheidung setzt ein\u00a0klares Zeichen gegen Rechtsextremismus und f\u00fcr die Werte&hellip;<\/p>\n<\/div>\n\n\t\t\t\t\t\t\t<div class=\"wb_ps_readmore\">\n\t\t\t\t\t<a class=\"wb_ps_readmore_link\" href=\"https:\/\/campax.org\/de\/24h-eil-appell-keine-neonazis-am-hagenbucher-weihnachtsmarkt\/\">mehr<\/a>\n\t\t\t\t<\/div>\n\t\t\t\n\t\t\t<\/div>\n\t\t\n\t\t<\/div> -->\n\t<\/div>\n<\/div><div class=\"wb_ps_item\">\n\t<div class=\"wb_ps_single_item\">\n\t\t\t\t\t<div class=\"wb_ps_thumbnail\">\n\t\t\t\t<a href=\"https:\/\/campax.org\/de\/rote-karte-fuer-den-bundesrat\/\">\n\t\t\t\t\t<img decoding=\"async\" data-src=\"https:\/\/campax.org\/wp-content\/uploads\/2024\/03\/53585358979_a3b19ed7ba_k-e1727874261268.jpg\" title=\"St\u00e4nder\u00e4tin Eva Herzog mit den Teilnehmern an der Petitions\u00fcbergabe zur Frauen Fussball-EM\" alt=\"St\u00e4nder\u00e4tin Eva Herzog mit den Teilnehmern an der Petitions\u00fcbergabe zur Frauen Fussball-EM\" src=\"data:image\/svg+xml;base64,PHN2ZyB3aWR0aD0iMSIgaGVpZ2h0PSIxIiB4bWxucz0iaHR0cDovL3d3dy53My5vcmcvMjAwMC9zdmciPjwvc3ZnPg==\" class=\"lazyload\" style=\"--smush-placeholder-width: 1819px; --smush-placeholder-aspect-ratio: 1819\/1365;\" \/>\t\t\t\t<\/a>\n\t\n\t\t\t<div class=\"wb_ps_description\">\n               <a class=\"wb_ps_readmore_link\" href=\"https:\/\/campax.org\/de\/rote-karte-fuer-den-bundesrat\/\">\n\t\t\t\t<div class=\"wb_ps_text\"><p>Mehr als 16\u2019000 Unterschriften in nur 5 Tagen! Damit haben wir dem Bundesrat die Karte f\u00fcr die Budgetk\u00fcrzung bei der Frauen EM gezeigt. Das Budget ist nun durch beide Kammern massiv erh\u00f6ht worden.<\/p>\n<\/div>\n\n\t\t\t\t\t\t\t<div class=\"wb_ps_readmore\">\n\t\t\t\t\tmehr\t\t\t\t<\/div>\n\t\t\t              <\/a>\n\t\t\t<\/div>\t\t\t\n\t\t\t<\/div>\n\t\t\t\t<!--<div class=\"wb_ps_content\">\n\n\t\t<div class=\"wb_ps_title\">\n\t\t\t\t<h2 ><a href=\"https:\/\/campax.org\/de\/rote-karte-fuer-den-bundesrat\/\">Rote Karte f\u00fcr den Bundesrat!<\/a><\/h2>\n\t\t\t<\/div> \n\n\t\t\t<div class=\"wb_ps_description\">\n\n\t\t\t\t<div class=\"wb_ps_text\"><p>Mehr als 16\u2019000 Unterschriften in nur 5 Tagen! Damit haben wir dem Bundesrat die Karte f\u00fcr die Budgetk\u00fcrzung bei der Frauen EM gezeigt. Das Budget ist nun durch beide Kammern massiv erh\u00f6ht worden.<\/p>\n<\/div>\n\n\t\t\t\t\t\t\t<div class=\"wb_ps_readmore\">\n\t\t\t\t\t<a class=\"wb_ps_readmore_link\" href=\"https:\/\/campax.org\/de\/rote-karte-fuer-den-bundesrat\/\">mehr<\/a>\n\t\t\t\t<\/div>\n\t\t\t\n\t\t\t<\/div>\n\t\t\n\t\t<\/div> -->\n\t<\/div>\n<\/div><div class=\"wb_ps_item\">\n\t<div class=\"wb_ps_single_item\">\n\t\t\t\t\t<div class=\"wb_ps_thumbnail\">\n\t\t\t\t<a href=\"https:\/\/campax.org\/de\/unser-engagement-wirkt-bundesrat-revidiert-entscheid-zu-menschenrechtsorganisationen\/\">\n\t\t\t\t\t<img decoding=\"async\" data-src=\"https:\/\/campax.org\/wp-content\/uploads\/2023\/11\/Unbenannte-Zeichnung-1.jpg\" title=\"Unbenannte Zeichnung (1)\" alt=\"Israel\/Pal\u00e4stina: Menschenrechte sch\u00fctzen, Schweizer Gelder f\u00fcr NGO nicht blockieren!\" src=\"data:image\/svg+xml;base64,PHN2ZyB3aWR0aD0iMSIgaGVpZ2h0PSIxIiB4bWxucz0iaHR0cDovL3d3dy53My5vcmcvMjAwMC9zdmciPjwvc3ZnPg==\" class=\"lazyload\" style=\"--smush-placeholder-width: 960px; --smush-placeholder-aspect-ratio: 960\/720;\" \/>\t\t\t\t<\/a>\n\t\n\t\t\t<div class=\"wb_ps_description\">\n               <a class=\"wb_ps_readmore_link\" href=\"https:\/\/campax.org\/de\/unser-engagement-wirkt-bundesrat-revidiert-entscheid-zu-menschenrechtsorganisationen\/\">\n\t\t\t\t<div class=\"wb_ps_text\"><p>Gute Nachrichten: Der Bundesrat hat seinen Entscheid zur Finanzierung von Menschenrechtsorganisationen in Israel\/Pal\u00e4stina revidiert! Acht von elf Organisationen werden weiter finanziert. Das haben wir zusammen erreicht \u2013 vielen Dank f\u00fcr Deine Unterst\u00fctzung! Ende Oktober gab der Bundesrat bekannt, die Finanzierung&hellip;<\/p>\n<\/div>\n\n\t\t\t\t\t\t\t<div class=\"wb_ps_readmore\">\n\t\t\t\t\tmehr\t\t\t\t<\/div>\n\t\t\t              <\/a>\n\t\t\t<\/div>\t\t\t\n\t\t\t<\/div>\n\t\t\t\t<!--<div class=\"wb_ps_content\">\n\n\t\t<div class=\"wb_ps_title\">\n\t\t\t\t<h2 ><a href=\"https:\/\/campax.org\/de\/unser-engagement-wirkt-bundesrat-revidiert-entscheid-zu-menschenrechtsorganisationen\/\">Unser Engagement wirkt: Bundesrat revidiert Entscheid zu Organisationen in Israel\/Pal\u00e4stina<\/a><\/h2>\n\t\t\t<\/div> \n\n\t\t\t<div class=\"wb_ps_description\">\n\n\t\t\t\t<div class=\"wb_ps_text\"><p>Gute Nachrichten: Der Bundesrat hat seinen Entscheid zur Finanzierung von Menschenrechtsorganisationen in Israel\/Pal\u00e4stina revidiert! Acht von elf Organisationen werden weiter finanziert. Das haben wir zusammen erreicht \u2013 vielen Dank f\u00fcr Deine Unterst\u00fctzung! Ende Oktober gab der Bundesrat bekannt, die Finanzierung&hellip;<\/p>\n<\/div>\n\n\t\t\t\t\t\t\t<div class=\"wb_ps_readmore\">\n\t\t\t\t\t<a class=\"wb_ps_readmore_link\" href=\"https:\/\/campax.org\/de\/unser-engagement-wirkt-bundesrat-revidiert-entscheid-zu-menschenrechtsorganisationen\/\">mehr<\/a>\n\t\t\t\t<\/div>\n\t\t\t\n\t\t\t<\/div>\n\t\t\n\t\t<\/div> -->\n\t<\/div>\n<\/div><div class=\"wb_ps_item\">\n\t<div class=\"wb_ps_single_item\">\n\t\t\t\t\t<div class=\"wb_ps_thumbnail\">\n\t\t\t\t<a href=\"https:\/\/campax.org\/de\/trubel-um-das-seebad-utoquai\/\">\n\t\t\t\t\t<img decoding=\"async\" data-src=\"https:\/\/campax.org\/wp-content\/uploads\/2023\/10\/freie_sicht_aufs_mittelmeer.jpg\" title=\"Gegen die Monopolisierung der Eventgastronomie in st\u00e4dtischen Betrieben\" alt=\"Gegen die Monopolisierung der Eventgastronomie in st\u00e4dtischen Betrieben: ACT Badi Utoquoi - Freie_sicht_aufs_mittelmeer\" src=\"data:image\/svg+xml;base64,PHN2ZyB3aWR0aD0iMSIgaGVpZ2h0PSIxIiB4bWxucz0iaHR0cDovL3d3dy53My5vcmcvMjAwMC9zdmciPjwvc3ZnPg==\" class=\"lazyload\" style=\"--smush-placeholder-width: 278px; --smush-placeholder-aspect-ratio: 278\/300;\" \/>\t\t\t\t<\/a>\n\t\n\t\t\t<div class=\"wb_ps_description\">\n               <a class=\"wb_ps_readmore_link\" href=\"https:\/\/campax.org\/de\/trubel-um-das-seebad-utoquai\/\">\n\t\t\t\t<div class=\"wb_ps_text\"><p>Das Seebad Utoquai und die Monopolisierung st\u00e4dtischer Gastrobetriebe Z\u00fcrichs Seebad Utoquai ist mehr als nur eine idyllische Badestelle; es ist ein wichtiger Erholungsort f\u00fcr viele Z\u00fcrcher*innen, der lange vom Kiosk \"Freie Sicht aufs Mittelmeer\" gastronomisch versorgt wurde. Doch dann schrieb&hellip;<\/p>\n<\/div>\n\n\t\t\t\t\t\t\t<div class=\"wb_ps_readmore\">\n\t\t\t\t\tmehr\t\t\t\t<\/div>\n\t\t\t              <\/a>\n\t\t\t<\/div>\t\t\t\n\t\t\t<\/div>\n\t\t\t\t<!--<div class=\"wb_ps_content\">\n\n\t\t<div class=\"wb_ps_title\">\n\t\t\t\t<h2 ><a href=\"https:\/\/campax.org\/de\/trubel-um-das-seebad-utoquai\/\">Trubel um das Seebad Utoquai<\/a><\/h2>\n\t\t\t<\/div> \n\n\t\t\t<div class=\"wb_ps_description\">\n\n\t\t\t\t<div class=\"wb_ps_text\"><p>Das Seebad Utoquai und die Monopolisierung st\u00e4dtischer Gastrobetriebe Z\u00fcrichs Seebad Utoquai ist mehr als nur eine idyllische Badestelle; es ist ein wichtiger Erholungsort f\u00fcr viele Z\u00fcrcher*innen, der lange vom Kiosk \"Freie Sicht aufs Mittelmeer\" gastronomisch versorgt wurde. Doch dann schrieb&hellip;<\/p>\n<\/div>\n\n\t\t\t\t\t\t\t<div class=\"wb_ps_readmore\">\n\t\t\t\t\t<a class=\"wb_ps_readmore_link\" href=\"https:\/\/campax.org\/de\/trubel-um-das-seebad-utoquai\/\">mehr<\/a>\n\t\t\t\t<\/div>\n\t\t\t\n\t\t\t<\/div>\n\t\t\n\t\t<\/div> -->\n\t<\/div>\n<\/div><div class=\"wb_ps_item\">\n\t<div class=\"wb_ps_single_item\">\n\t\t\t\t\t<div class=\"wb_ps_thumbnail\">\n\t\t\t\t<a href=\"https:\/\/campax.org\/de\/kantonalwahlen-tessin-ein-weinendes-ein-lachendes-auge\/\">\n\t\t\t\t\t<img decoding=\"async\" data-src=\"https:\/\/campax.org\/wp-content\/uploads\/2023\/04\/Nara-Giulia-Kantonsraetinnen-Tessin-800x600-mobile-1.jpg\" title=\"Giulia und Nara, die Kandidatinnen, die Campax bei den Wahlen zum Tessiner Gro\u00dfrat unterst\u00fctzt hat, wurden (wieder)gew\u00e4hlt!\" alt=\"Giulia und Nara, die Kandidatinnen, die Campax bei den Wahlen zum Tessiner Gro\u00dfrat unterst\u00fctzt hat, wurden (wieder)gew\u00e4hlt!\" src=\"data:image\/svg+xml;base64,PHN2ZyB3aWR0aD0iMSIgaGVpZ2h0PSIxIiB4bWxucz0iaHR0cDovL3d3dy53My5vcmcvMjAwMC9zdmciPjwvc3ZnPg==\" class=\"lazyload\" style=\"--smush-placeholder-width: 800px; --smush-placeholder-aspect-ratio: 800\/600;\" \/>\t\t\t\t<\/a>\n\t\n\t\t\t<div class=\"wb_ps_description\">\n               <a class=\"wb_ps_readmore_link\" href=\"https:\/\/campax.org\/de\/kantonalwahlen-tessin-ein-weinendes-ein-lachendes-auge\/\">\n\t\t\t\t<div class=\"wb_ps_text\"><p>Giulia und Nara, die beiden Kandidatinnen, die wir bei den Wahlen zum Tessiner Kantonsrat unterst\u00fctzt haben, wurden (wieder)gew\u00e4hlt! Gemeinsam haben wir sie in den sozialen Medien und in unserem Umfeld bekannter gemacht.Unsere Bem\u00fchungen zeigten Wirkung: Nara wurde sogar mit dem&hellip;<\/p>\n<\/div>\n\n\t\t\t\t\t\t\t<div class=\"wb_ps_readmore\">\n\t\t\t\t\tmehr\t\t\t\t<\/div>\n\t\t\t              <\/a>\n\t\t\t<\/div>\t\t\t\n\t\t\t<\/div>\n\t\t\t\t<!--<div class=\"wb_ps_content\">\n\n\t\t<div class=\"wb_ps_title\">\n\t\t\t\t<h2 ><a href=\"https:\/\/campax.org\/de\/kantonalwahlen-tessin-ein-weinendes-ein-lachendes-auge\/\">Kantonalwahlen Tessin: ein weinendes &#038; ein lachendes Auge<\/a><\/h2>\n\t\t\t<\/div> \n\n\t\t\t<div class=\"wb_ps_description\">\n\n\t\t\t\t<div class=\"wb_ps_text\"><p>Giulia und Nara, die beiden Kandidatinnen, die wir bei den Wahlen zum Tessiner Kantonsrat unterst\u00fctzt haben, wurden (wieder)gew\u00e4hlt! Gemeinsam haben wir sie in den sozialen Medien und in unserem Umfeld bekannter gemacht.Unsere Bem\u00fchungen zeigten Wirkung: Nara wurde sogar mit dem&hellip;<\/p>\n<\/div>\n\n\t\t\t\t\t\t\t<div class=\"wb_ps_readmore\">\n\t\t\t\t\t<a class=\"wb_ps_readmore_link\" href=\"https:\/\/campax.org\/de\/kantonalwahlen-tessin-ein-weinendes-ein-lachendes-auge\/\">mehr<\/a>\n\t\t\t\t<\/div>\n\t\t\t\n\t\t\t<\/div>\n\t\t\n\t\t<\/div> -->\n\t<\/div>\n<\/div><div class=\"wb_ps_item\">\n\t<div class=\"wb_ps_single_item\">\n\t\t\t\t\t<div class=\"wb_ps_thumbnail\">\n\t\t\t\t<a href=\"https:\/\/campax.org\/de\/campax-brilliert-auf-dem-politischen-parkett\/\">\n\t\t\t\t\t<img decoding=\"async\" data-src=\"https:\/\/campax.org\/wp-content\/uploads\/2023\/04\/2023-02-Wahl-zur-Zuercher-Kantonsraetin-Mandy-Abou-Shoak.jpg\" title=\"Campax-Community war erfolgreich bei der Wahl von Mandy Abou Shoak zur Zu\u0308rcher SP-Kantonsra\u0308tin 2023-02\" alt=\"Campax-Community war erfolgreich bei der Wahl von Mandy Abou Shoak zur Zu\u0308rcher SP-Kantonsra\u0308tin 2023-02\" src=\"data:image\/svg+xml;base64,PHN2ZyB3aWR0aD0iMSIgaGVpZ2h0PSIxIiB4bWxucz0iaHR0cDovL3d3dy53My5vcmcvMjAwMC9zdmciPjwvc3ZnPg==\" class=\"lazyload\" style=\"--smush-placeholder-width: 667px; --smush-placeholder-aspect-ratio: 667\/500;\" \/>\t\t\t\t<\/a>\n\t\n\t\t\t<div class=\"wb_ps_description\">\n               <a class=\"wb_ps_readmore_link\" href=\"https:\/\/campax.org\/de\/campax-brilliert-auf-dem-politischen-parkett\/\">\n\t\t\t\t<div class=\"wb_ps_text\"><p>Campax, hat f\u00fcr die Kantons- und Regierungsratswahlen im Kanton Z\u00fcrich erstmals aktiv in einen Wahlkampf eingegriffen. Und dies mit grossem Erfolg: Durch unser Engagement wurde Mandy Abou Shoak neu in den Kantonsrat gew\u00e4hlt und hat in ihrem Wahlkreis einen zus\u00e4tzlichen&hellip;<\/p>\n<\/div>\n\n\t\t\t\t\t\t\t<div class=\"wb_ps_readmore\">\n\t\t\t\t\tmehr\t\t\t\t<\/div>\n\t\t\t              <\/a>\n\t\t\t<\/div>\t\t\t\n\t\t\t<\/div>\n\t\t\t\t<!--<div class=\"wb_ps_content\">\n\n\t\t<div class=\"wb_ps_title\">\n\t\t\t\t<h2 ><a href=\"https:\/\/campax.org\/de\/campax-brilliert-auf-dem-politischen-parkett\/\">Campax brilliert auf dem politischen Parkett<\/a><\/h2>\n\t\t\t<\/div> \n\n\t\t\t<div class=\"wb_ps_description\">\n\n\t\t\t\t<div class=\"wb_ps_text\"><p>Campax, hat f\u00fcr die Kantons- und Regierungsratswahlen im Kanton Z\u00fcrich erstmals aktiv in einen Wahlkampf eingegriffen. Und dies mit grossem Erfolg: Durch unser Engagement wurde Mandy Abou Shoak neu in den Kantonsrat gew\u00e4hlt und hat in ihrem Wahlkreis einen zus\u00e4tzlichen&hellip;<\/p>\n<\/div>\n\n\t\t\t\t\t\t\t<div class=\"wb_ps_readmore\">\n\t\t\t\t\t<a class=\"wb_ps_readmore_link\" href=\"https:\/\/campax.org\/de\/campax-brilliert-auf-dem-politischen-parkett\/\">mehr<\/a>\n\t\t\t\t<\/div>\n\t\t\t\n\t\t\t<\/div>\n\t\t\n\t\t<\/div> -->\n\t<\/div>\n<\/div><div class=\"wb_ps_item\">\n\t<div class=\"wb_ps_single_item\">\n\t\t\t\t\t<div class=\"wb_ps_thumbnail\">\n\t\t\t\t<a href=\"https:\/\/campax.org\/de\/gewonnen-playoffs-sind-vom-tisch\/\">\n\t\t\t\t\t<img decoding=\"async\" data-src=\"https:\/\/campax.org\/wp-content\/uploads\/2023\/05\/Playoff-Nein-ACT-2023-05-31-145142-Preview.jpg\" title=\"Petitions\u00fcbergabe \u00abNein zu den Playoffs\u00bb 10.11.2022 in Bern\" alt=\"Petitions\u00fcbergabe \u00abNein zu den Playoffs\u00bb 10.11.2022 in Bern\" src=\"data:image\/svg+xml;base64,PHN2ZyB3aWR0aD0iMSIgaGVpZ2h0PSIxIiB4bWxucz0iaHR0cDovL3d3dy53My5vcmcvMjAwMC9zdmciPjwvc3ZnPg==\" class=\"lazyload\" style=\"--smush-placeholder-width: 600px; --smush-placeholder-aspect-ratio: 600\/450;\" \/>\t\t\t\t<\/a>\n\t\n\t\t\t<div class=\"wb_ps_description\">\n               <a class=\"wb_ps_readmore_link\" href=\"https:\/\/campax.org\/de\/gewonnen-playoffs-sind-vom-tisch\/\">\n\t\t\t\t<div class=\"wb_ps_text\"><p>Eine der erfolgreichsten Kampagnen, die es je bei ACT by Campax gab. Koordination zwischen verschiedenen Fangruppen, Medienpr\u00e4senz, Flyer und Banner in den Stadien w\u00e4hrend der Ligaspiele. Die Playoffs sind (vorerst) vom Tisch und das ist ein grosser Sieg!Nach einer Woche&hellip;<\/p>\n<\/div>\n\n\t\t\t\t\t\t\t<div class=\"wb_ps_readmore\">\n\t\t\t\t\tmehr\t\t\t\t<\/div>\n\t\t\t              <\/a>\n\t\t\t<\/div>\t\t\t\n\t\t\t<\/div>\n\t\t\t\t<!--<div class=\"wb_ps_content\">\n\n\t\t<div class=\"wb_ps_title\">\n\t\t\t\t<h2 ><a href=\"https:\/\/campax.org\/de\/gewonnen-playoffs-sind-vom-tisch\/\">Gewonnen! Playoffs sind vom Tisch!<\/a><\/h2>\n\t\t\t<\/div> \n\n\t\t\t<div class=\"wb_ps_description\">\n\n\t\t\t\t<div class=\"wb_ps_text\"><p>Eine der erfolgreichsten Kampagnen, die es je bei ACT by Campax gab. Koordination zwischen verschiedenen Fangruppen, Medienpr\u00e4senz, Flyer und Banner in den Stadien w\u00e4hrend der Ligaspiele. Die Playoffs sind (vorerst) vom Tisch und das ist ein grosser Sieg!Nach einer Woche&hellip;<\/p>\n<\/div>\n\n\t\t\t\t\t\t\t<div class=\"wb_ps_readmore\">\n\t\t\t\t\t<a class=\"wb_ps_readmore_link\" href=\"https:\/\/campax.org\/de\/gewonnen-playoffs-sind-vom-tisch\/\">mehr<\/a>\n\t\t\t\t<\/div>\n\t\t\t\n\t\t\t<\/div>\n\t\t\n\t\t<\/div> -->\n\t<\/div>\n<\/div><div class=\"wb_ps_item\">\n\t<div class=\"wb_ps_single_item\">\n\t\t\t\t\t<div class=\"wb_ps_thumbnail\">\n\t\t\t\t<a href=\"https:\/\/campax.org\/de\/unterstuetzung-schutzsuchender-aus-der-ukraine\/\">\n\t\t\t\t\t<img decoding=\"async\" data-src=\"https:\/\/campax.org\/wp-content\/uploads\/2023\/05\/Fluechtende-Ukrainer-2022-07-21-110301-Preview.jpg\" title=\"Schutzsuchende, fl\u00fcchtende Ukrainer an einer Kundgebung in Bern (22.7.2023)\" alt=\"Schutzsuchende, fl\u00fcchtende Ukrainer an einer Kundgebung in Bern (22.7.2023)\" src=\"data:image\/svg+xml;base64,PHN2ZyB3aWR0aD0iMSIgaGVpZ2h0PSIxIiB4bWxucz0iaHR0cDovL3d3dy53My5vcmcvMjAwMC9zdmciPjwvc3ZnPg==\" class=\"lazyload\" style=\"--smush-placeholder-width: 600px; --smush-placeholder-aspect-ratio: 600\/450;\" \/>\t\t\t\t<\/a>\n\t\n\t\t\t<div class=\"wb_ps_description\">\n               <a class=\"wb_ps_readmore_link\" href=\"https:\/\/campax.org\/de\/unterstuetzung-schutzsuchender-aus-der-ukraine\/\">\n\t\t\t\t<div class=\"wb_ps_text\"><p>Bei Kriegsausbruch am 24. Februar 2022 hat Campax beschlossen zu handeln. Wie kann schnell und unb\u00fcrokratisch Menschen aus der Ukraine eine sichere Unterkunft angeboten werden? Das Projekt Gastfamilien f\u00fcr ukrainische Gefl\u00fcchtete war geboren.Die Solidarit\u00e4t in der Bev\u00f6lkerung war riesig: auf&hellip;<\/p>\n<\/div>\n\n\t\t\t\t\t\t\t<div class=\"wb_ps_readmore\">\n\t\t\t\t\tmehr\t\t\t\t<\/div>\n\t\t\t              <\/a>\n\t\t\t<\/div>\t\t\t\n\t\t\t<\/div>\n\t\t\t\t<!--<div class=\"wb_ps_content\">\n\n\t\t<div class=\"wb_ps_title\">\n\t\t\t\t<h2 ><a href=\"https:\/\/campax.org\/de\/unterstuetzung-schutzsuchender-aus-der-ukraine\/\">Unterst\u00fctzung Schutzsuchender aus der Ukraine<\/a><\/h2>\n\t\t\t<\/div> \n\n\t\t\t<div class=\"wb_ps_description\">\n\n\t\t\t\t<div class=\"wb_ps_text\"><p>Bei Kriegsausbruch am 24. Februar 2022 hat Campax beschlossen zu handeln. Wie kann schnell und unb\u00fcrokratisch Menschen aus der Ukraine eine sichere Unterkunft angeboten werden? Das Projekt Gastfamilien f\u00fcr ukrainische Gefl\u00fcchtete war geboren.Die Solidarit\u00e4t in der Bev\u00f6lkerung war riesig: auf&hellip;<\/p>\n<\/div>\n\n\t\t\t\t\t\t\t<div class=\"wb_ps_readmore\">\n\t\t\t\t\t<a class=\"wb_ps_readmore_link\" href=\"https:\/\/campax.org\/de\/unterstuetzung-schutzsuchender-aus-der-ukraine\/\">mehr<\/a>\n\t\t\t\t<\/div>\n\t\t\t\n\t\t\t<\/div>\n\t\t\n\t\t<\/div> -->\n\t<\/div>\n<\/div><div class=\"wb_ps_item\">\n\t<div class=\"wb_ps_single_item\">\n\t\t\t\t\t<div class=\"wb_ps_thumbnail\">\n\t\t\t\t<a href=\"https:\/\/campax.org\/de\/runter-mit-der-tamposteuer\/\">\n\t\t\t\t\t<img decoding=\"async\" data-src=\"https:\/\/campax.org\/wp-content\/uploads\/2023\/05\/bloodyunfair-2023-05-31-145937-Preview.jpg\" title=\"Kundgebung \u00abRunter mit der Tamponsteuer\u00bb in Bern\" alt=\"Kundgebung \u00abRunter mit der Tamponsteuer\u00bb in Bern\" src=\"data:image\/svg+xml;base64,PHN2ZyB3aWR0aD0iMSIgaGVpZ2h0PSIxIiB4bWxucz0iaHR0cDovL3d3dy53My5vcmcvMjAwMC9zdmciPjwvc3ZnPg==\" class=\"lazyload\" style=\"--smush-placeholder-width: 600px; --smush-placeholder-aspect-ratio: 600\/450;\" \/>\t\t\t\t<\/a>\n\t\n\t\t\t<div class=\"wb_ps_description\">\n               <a class=\"wb_ps_readmore_link\" href=\"https:\/\/campax.org\/de\/runter-mit-der-tamposteuer\/\">\n\t\t\t\t<div class=\"wb_ps_text\"><p>Gewonnen! Der Nationalrat stimmt f\u00fcr eine Senkung der Mehrwertsteuer auf Monatshygieneprodukte innerhalb der Mehrwertsteuerrevision.Am Montag, 9. Mai 2022 erinnerten Aktivistinnen von Campax anl\u00e4sslich der nationalr\u00e4tlichen Sondersession an die Ungerechtigkeit des zu hohen MwSt.-Satzes auf Monatshygiene-Produkten. Mit einem riesigen Tampon erregten&hellip;<\/p>\n<\/div>\n\n\t\t\t\t\t\t\t<div class=\"wb_ps_readmore\">\n\t\t\t\t\tmehr\t\t\t\t<\/div>\n\t\t\t              <\/a>\n\t\t\t<\/div>\t\t\t\n\t\t\t<\/div>\n\t\t\t\t<!--<div class=\"wb_ps_content\">\n\n\t\t<div class=\"wb_ps_title\">\n\t\t\t\t<h2 ><a href=\"https:\/\/campax.org\/de\/runter-mit-der-tamposteuer\/\">Runter mit der Tamponsteuer<\/a><\/h2>\n\t\t\t<\/div> \n\n\t\t\t<div class=\"wb_ps_description\">\n\n\t\t\t\t<div class=\"wb_ps_text\"><p>Gewonnen! Der Nationalrat stimmt f\u00fcr eine Senkung der Mehrwertsteuer auf Monatshygieneprodukte innerhalb der Mehrwertsteuerrevision.Am Montag, 9. Mai 2022 erinnerten Aktivistinnen von Campax anl\u00e4sslich der nationalr\u00e4tlichen Sondersession an die Ungerechtigkeit des zu hohen MwSt.-Satzes auf Monatshygiene-Produkten. Mit einem riesigen Tampon erregten&hellip;<\/p>\n<\/div>\n\n\t\t\t\t\t\t\t<div class=\"wb_ps_readmore\">\n\t\t\t\t\t<a class=\"wb_ps_readmore_link\" href=\"https:\/\/campax.org\/de\/runter-mit-der-tamposteuer\/\">mehr<\/a>\n\t\t\t\t<\/div>\n\t\t\t\n\t\t\t<\/div>\n\t\t\n\t\t<\/div> -->\n\t<\/div>\n<\/div><div class=\"wb_ps_item\">\n\t<div class=\"wb_ps_single_item\">\n\t\t\t\t\t<div class=\"wb_ps_thumbnail\">\n\t\t\t\t<a href=\"https:\/\/campax.org\/de\/tour-de-climat\/\">\n\t\t\t\t\t<img decoding=\"async\" data-src=\"https:\/\/campax.org\/wp-content\/uploads\/2023\/05\/Tour-de-Clima-2020-07-31-150747-Preview.jpg\" title=\"Tour de Climat-Zwischenstopp in Glarus vor Petitions\u00fcbergabe (Aug. 2021)\" alt=\"Tour de Climat-Zwischenstopp in Glarus vor Petitions\u00fcbergabe (Aug. 2021)\" src=\"data:image\/svg+xml;base64,PHN2ZyB3aWR0aD0iMSIgaGVpZ2h0PSIxIiB4bWxucz0iaHR0cDovL3d3dy53My5vcmcvMjAwMC9zdmciPjwvc3ZnPg==\" class=\"lazyload\" style=\"--smush-placeholder-width: 600px; --smush-placeholder-aspect-ratio: 600\/450;\" \/>\t\t\t\t<\/a>\n\t\n\t\t\t<div class=\"wb_ps_description\">\n               <a class=\"wb_ps_readmore_link\" href=\"https:\/\/campax.org\/de\/tour-de-climat\/\">\n\t\t\t\t<div class=\"wb_ps_text\"><p>Die Schweizerische Nationalbank (SNB) sch\u00fcrt die Klimakrise. Indem sie Milliarden in \u00d6l-, Gas- und Kohleunternehmen investiert, verdoppelt sie den CO2-Fussabdruck der Schweiz. Hauptaktion\u00e4re der SNB sind die 26 Schweizer Kantone. Mit der \u201cTour de Climat\u201d forderten wir sie dazu auf,&hellip;<\/p>\n<\/div>\n\n\t\t\t\t\t\t\t<div class=\"wb_ps_readmore\">\n\t\t\t\t\tmehr\t\t\t\t<\/div>\n\t\t\t              <\/a>\n\t\t\t<\/div>\t\t\t\n\t\t\t<\/div>\n\t\t\t\t<!--<div class=\"wb_ps_content\">\n\n\t\t<div class=\"wb_ps_title\">\n\t\t\t\t<h2 ><a href=\"https:\/\/campax.org\/de\/tour-de-climat\/\">Tour de climat<\/a><\/h2>\n\t\t\t<\/div> \n\n\t\t\t<div class=\"wb_ps_description\">\n\n\t\t\t\t<div class=\"wb_ps_text\"><p>Die Schweizerische Nationalbank (SNB) sch\u00fcrt die Klimakrise. Indem sie Milliarden in \u00d6l-, Gas- und Kohleunternehmen investiert, verdoppelt sie den CO2-Fussabdruck der Schweiz. Hauptaktion\u00e4re der SNB sind die 26 Schweizer Kantone. Mit der \u201cTour de Climat\u201d forderten wir sie dazu auf,&hellip;<\/p>\n<\/div>\n\n\t\t\t\t\t\t\t<div class=\"wb_ps_readmore\">\n\t\t\t\t\t<a class=\"wb_ps_readmore_link\" href=\"https:\/\/campax.org\/de\/tour-de-climat\/\">mehr<\/a>\n\t\t\t\t<\/div>\n\t\t\t\n\t\t\t<\/div>\n\t\t\n\t\t<\/div> -->\n\t<\/div>\n<\/div><div class=\"wb_ps_item\">\n\t<div class=\"wb_ps_single_item\">\n\t\t\t\t\t<div class=\"wb_ps_thumbnail\">\n\t\t\t\t<a href=\"https:\/\/campax.org\/de\/erfolg-kurzarbeitszeitentschaedigung\/\">\n\t\t\t\t\t<img decoding=\"async\" data-src=\"https:\/\/campax.org\/wp-content\/uploads\/2024\/03\/Kurzarbeitsentschaedigung-fuer-Familienbetriebe-Selbstaendige-und-Kleinstbetriebe.jpg\" title=\"Kurzarbeitsentscha\u0308digung fu\u0308r Familienbetriebe, Selbsta\u0308ndige und Kleinstbetriebe (Photo: Social Cut on unsplash.com)\" alt=\"Kurzarbeitsentscha\u0308digung fu\u0308r Familienbetriebe, Selbsta\u0308ndige und Kleinstbetriebe (Photo: Social Cut on unsplash.com)\" src=\"data:image\/svg+xml;base64,PHN2ZyB3aWR0aD0iMSIgaGVpZ2h0PSIxIiB4bWxucz0iaHR0cDovL3d3dy53My5vcmcvMjAwMC9zdmciPjwvc3ZnPg==\" class=\"lazyload\" style=\"--smush-placeholder-width: 755px; --smush-placeholder-aspect-ratio: 755\/566;\" \/>\t\t\t\t<\/a>\n\t\n\t\t\t<div class=\"wb_ps_description\">\n               <a class=\"wb_ps_readmore_link\" href=\"https:\/\/campax.org\/de\/erfolg-kurzarbeitszeitentschaedigung\/\">\n\t\t\t\t<div class=\"wb_ps_text\"><p>Innert 3 Tagen haben sich \u00fcber 90\u2019000 Menschen f\u00fcr Hunderttausende von Selbst\u00e4ndigen, Familienbetrieben und Kleinstbetrieben eingesetzt. Diese hatten keinen Anspruch auf Kurzarbeitsentsch\u00e4digung, obwohl auch sie Beitr\u00e4ge in die ALV einbezahlt haben. Markus Hohl hat den Eilapell auf ACT, der Petitionsplattform&hellip;<\/p>\n<\/div>\n\n\t\t\t\t\t\t\t<div class=\"wb_ps_readmore\">\n\t\t\t\t\tmehr\t\t\t\t<\/div>\n\t\t\t              <\/a>\n\t\t\t<\/div>\t\t\t\n\t\t\t<\/div>\n\t\t\t\t<!--<div class=\"wb_ps_content\">\n\n\t\t<div class=\"wb_ps_title\">\n\t\t\t\t<h2 ><a href=\"https:\/\/campax.org\/de\/erfolg-kurzarbeitszeitentschaedigung\/\">Corona-Nothilfe f\u00fcr KMUs: Wir wurden geh\u00f6rt!<\/a><\/h2>\n\t\t\t<\/div> \n\n\t\t\t<div class=\"wb_ps_description\">\n\n\t\t\t\t<div class=\"wb_ps_text\"><p>Innert 3 Tagen haben sich \u00fcber 90\u2019000 Menschen f\u00fcr Hunderttausende von Selbst\u00e4ndigen, Familienbetrieben und Kleinstbetrieben eingesetzt. Diese hatten keinen Anspruch auf Kurzarbeitsentsch\u00e4digung, obwohl auch sie Beitr\u00e4ge in die ALV einbezahlt haben. Markus Hohl hat den Eilapell auf ACT, der Petitionsplattform&hellip;<\/p>\n<\/div>\n\n\t\t\t\t\t\t\t<div class=\"wb_ps_readmore\">\n\t\t\t\t\t<a class=\"wb_ps_readmore_link\" href=\"https:\/\/campax.org\/de\/erfolg-kurzarbeitszeitentschaedigung\/\">mehr<\/a>\n\t\t\t\t<\/div>\n\t\t\t\n\t\t\t<\/div>\n\t\t\n\t\t<\/div> -->\n\t<\/div>\n<\/div><\/div>\t\t\t\t<div class=\"wbel-arrow wb-arrow-prev\">\n\t\t\t\t\t<i class=\"fa fa-angle-left\"><\/i>\n\t\t\t\t<\/div>\n\t\t\t\t<div class=\"wbel-arrow wb-arrow-next\">\n\t\t\t\t\t<i class=\"fa fa-angle-right\"><\/i>\n\t\t\t\t<\/div>\n\t\t\t\t\t\t\t<\/div>\n\t\t\t\t<\/div>\n\t\t\t\t\t<\/div>\n\t\t<\/div>\n\t\t\t\t\t<\/div>\n\t\t<\/section>\n\t\t\t\t<section class=\"elementor-section elementor-top-section elementor-element elementor-element-ad17f5d sucess-story-section elementor-section-boxed elementor-section-height-default elementor-section-height-default\" data-id=\"ad17f5d\" data-element_type=\"section\">\n\t\t\t\t\t\t\t<div class=\"elementor-background-overlay\"><\/div>\n\t\t\t\t\t\t\t<div class=\"elementor-container elementor-column-gap-no\">\n\t\t\t\t\t<div class=\"elementor-column elementor-col-100 elementor-top-column elementor-element elementor-element-de3fb69\" data-id=\"de3fb69\" data-element_type=\"column\">\n\t\t\t<div class=\"elementor-widget-wrap elementor-element-populated\">\n\t\t\t\t\t\t<div class=\"elementor-element elementor-element-dc16015 elementor-widget elementor-widget-spacer\" data-id=\"dc16015\" data-element_type=\"widget\" data-widget_type=\"spacer.default\">\n\t\t\t\t<div class=\"elementor-widget-container\">\n\t\t\t\t\t\t\t<div class=\"elementor-spacer\">\n\t\t\t<div class=\"elementor-spacer-inner\"><\/div>\n\t\t<\/div>\n\t\t\t\t\t\t<\/div>\n\t\t\t\t<\/div>\n\t\t\t\t<div class=\"elementor-element elementor-element-6439ccc elementor-widget elementor-widget-heading\" data-id=\"6439ccc\" data-element_type=\"widget\" data-widget_type=\"heading.default\">\n\t\t\t\t<div class=\"elementor-widget-container\">\n\t\t\t\t\t<h2 class=\"elementor-heading-title elementor-size-default\">Unsere Erfolge (Alt: Content Type Success Story)<\/h2>\t\t\t\t<\/div>\n\t\t\t\t<\/div>\n\t\t\t\t<div class=\"elementor-element elementor-element-e2b08eb elementor-widget__width-inherit e-transform elementor-widget elementor-widget-wb-post-slider\" data-id=\"e2b08eb\" data-element_type=\"widget\" data-settings=\"{&quot;_transform_scale_effect&quot;:{&quot;unit&quot;:&quot;px&quot;,&quot;size&quot;:&quot;&quot;,&quot;sizes&quot;:[]},&quot;_transform_scale_effect_tablet&quot;:{&quot;unit&quot;:&quot;px&quot;,&quot;size&quot;:&quot;&quot;,&quot;sizes&quot;:[]},&quot;_transform_scale_effect_mobile&quot;:{&quot;unit&quot;:&quot;px&quot;,&quot;size&quot;:&quot;&quot;,&quot;sizes&quot;:[]}}\" data-widget_type=\"wb-post-slider.default\">\n\t\t\t\t<div class=\"elementor-widget-container\">\n\t\t\t\t\t<div\n\t        \t\tclass=\"wbel_post_slider_wrapper wbel_post_slider_template-2\"\n\t        \t\tid=\"wbel_post_slider_wb_post_slidere2b08eb\"\n\t        \t\tdata-slide-to-show=\"3\"\n\t        \t\tdata-slides-to-scroll=\"1\"\n\t        \t><\/div>\t\t\t\t<div class=\"wbel-arrow wb-arrow-prev\">\n\t\t\t\t\t<i class=\"fa fa-angle-left\"><\/i>\n\t\t\t\t<\/div>\n\t\t\t\t<div class=\"wbel-arrow wb-arrow-next\">\n\t\t\t\t\t<i class=\"fa fa-angle-right\"><\/i>\n\t\t\t\t<\/div>\n\t\t\t\t\t\t\t<\/div>\n\t\t\t\t<\/div>\n\t\t\t\t\t<\/div>\n\t\t<\/div>\n\t\t\t\t\t<\/div>\n\t\t<\/section>\n\t\t\t\t<\/div>\n\t\t","protected":false},"excerpt":{"rendered":"<p>Unsere Erfolge (Neu: normale Beitr\u00e4ge Kat. Erfolgsmeldung) Gute Nachrichten: Der Bundesrat hat seinen Entscheid zur Finanzierung von Menschenrechtsorganisationen in Israel\/Pal\u00e4stina revidiert! Acht von elf Organisationen werden weiter finanziert. Das haben wir zusammen erreicht \u2013 vielen Dank f\u00fcr Deine Unterst\u00fctzung! Ende Oktober gab der Bundesrat bekannt, die Finanzierung&hellip; mehr Giulia und Nara, die beiden Kandidatinnen, die [&hellip;]<\/p>\n","protected":false},"author":20,"featured_media":0,"parent":0,"menu_order":0,"comment_status":"closed","ping_status":"closed","template":"","meta":{"_acf_changed":false,"footnotes":""},"categories":[187],"tags":[],"class_list":["post-48476","page","type-page","status-publish","hentry","category-schulung-test"],"acf":[],"publishpress_future_action":{"enabled":false,"date":"2026-08-06 15:31:23","action":"change-status","newStatus":"draft","terms":[],"taxonomy":"category","extraData":[]},"publishpress_future_workflow_manual_trigger":{"enabledWorkflows":[]},"_links":{"self":[{"href":"https:\/\/campax.org\/de\/wp-json\/wp\/v2\/pages\/48476","targetHints":{"allow":["GET"]}}],"collection":[{"href":"https:\/\/campax.org\/de\/wp-json\/wp\/v2\/pages"}],"about":[{"href":"https:\/\/campax.org\/de\/wp-json\/wp\/v2\/types\/page"}],"author":[{"embeddable":true,"href":"https:\/\/campax.org\/de\/wp-json\/wp\/v2\/users\/20"}],"replies":[{"embeddable":true,"href":"https:\/\/campax.org\/de\/wp-json\/wp\/v2\/comments?post=48476"}],"version-history":[{"count":0,"href":"https:\/\/campax.org\/de\/wp-json\/wp\/v2\/pages\/48476\/revisions"}],"wp:attachment":[{"href":"https:\/\/campax.org\/de\/wp-json\/wp\/v2\/media?parent=48476"}],"wp:term":[{"taxonomy":"category","embeddable":true,"href":"https:\/\/campax.org\/de\/wp-json\/wp\/v2\/categories?post=48476"},{"taxonomy":"post_tag","embeddable":true,"href":"https:\/\/campax.org\/de\/wp-json\/wp\/v2\/tags?post=48476"}],"curies":[{"name":"wp","href":"https:\/\/api.w.org\/{rel}","templated":true}]}}